{"id":9895,"date":"2021-12-04T18:10:53","date_gmt":"2021-12-04T17:10:53","guid":{"rendered":"https:\/\/probono-rechtsberatung.de\/veranstaltung\/zugang-zum-recht-in-humanitaeren-krisen\/"},"modified":"2021-12-04T18:10:53","modified_gmt":"2021-12-04T17:10:53","slug":"zugang-zum-recht-in-humanitaeren-krisen","status":"publish","type":"tribe_events","link":"https:\/\/probono-rechtsberatung.de\/en\/veranstaltung\/zugang-zum-recht-in-humanitaeren-krisen\/","title":{"rendered":"Zugang zum Recht in humanit\u00e4ren Krisen"},"content":{"rendered":"<p>Am 14. November 2018 findet in Berlin das erste internationale Menschenrechtsforum des <a href=\"https:\/\/anwaltverein.de\/de\/\" target=\"_blank\" rel=\"noopener\">Deutschen Anwaltsvereins<\/a> (DAV) statt. Im Mittelpunkt steht die Fragestellung, wie der Zugang zum Recht auch in Krisensituationen ausnahmslos gew\u00e4hrleistet werden kann. In drei interaktiven Workshops werden gemeinsam mit Expertinnen und Experten aus internationalen Organisationen echte L\u00f6sungsvorschl\u00e4ge erarbeitet. Das DAV-Forum ist in das j\u00e4hrliche \u201e<a href=\"http:\/\/www.probonoforum.org\/europe\/\" target=\"_blank\" rel=\"noopener\">PILnet Global Forum<\/a>\u201c eingebunden. <a href=\"https:\/\/www.pilnet.org\/\" target=\"_blank\" rel=\"noopener\">PILnet<\/a> (Public Interest Law Network) ist eine unabh\u00e4ngige, internationale Organisation, die sich f\u00fcr Rechtsstaatlichkeit und Menschenrechte einsetzt. Das Programm des internationalen DAV-Menschenrechtsforums finden Sie <a href=\"https:\/\/anwaltverein.de\/files\/anwaltverein.de\/downloads\/newsroom\/davdepesche\/2018\/programm-menschenrechtsforum.pdf\" target=\"_blank\" rel=\"noopener\">hier<\/a>; das Programm des PILnet Global Forums finden Sie <a href=\"https:\/\/www.probonoforum.org\/europe\/agenda\/\" target=\"_blank\" rel=\"noopener\">hier<\/a>. Zur Anmeldung zum PILnet Forum geht es <a href=\"https:\/\/pilnet.formstack.com\/forms\/registergpbf_2018\" target=\"_blank\" rel=\"noopener\">hier<\/a> entlang. Ein Interview mit Dr. Peter Braun, dem Vorsitzenden von <a href=\"https:\/\/www.pro-bono-deutschland.org\/\" target=\"_blank\" rel=\"noopener\">Pro Bono Deutschland e.V<\/a>. finden sie im <a href=\"https:\/\/anwaltsblatt.anwaltverein.de\/de\/anwaeltinnen-anwaelte\/anwaltspraxis\/zugang-zum-recht-in-humanitaeren-krisen\" target=\"_blank\" rel=\"noopener\">Anwaltsblatt<\/a> und hier als <a href=\"https:\/\/probono-rechtsberatung.de\/wp-content\/uploads\/2018\/10\/Zugang-zum-Recht-in-humanit%C3%A4ren-Krisen_Anwaltsblatt_20181011.pdf\" target=\"_blank\" rel=\"noopener\">Download<\/a>.<\/p>\n","protected":false},"excerpt":{"rendered":"<p>Am 14. November 2018 findet in Berlin das erste internationale Menschenrechtsforum des Deutschen Anwaltsvereins (DAV) statt. Im Mittelpunkt steht die Fragestellung, wie der Zugang zum Recht auch in Krisensituationen ausnahmslos [&hellip;]<\/p>\n","protected":false},"author":1,"featured_media":0,"template":"","meta":{"_acf_changed":false,"_tribe_events_status":"","_tribe_events_status_reason":"","footnotes":""},"tags":[],"tribe_events_cat":[],"class_list":["post-9895","tribe_events","type-tribe_events","status-publish","hentry"],"acf":[],"yoast_head":"<!-- This site is optimized with the Yoast SEO plugin v27.5 - https:\/\/yoast.com\/product\/yoast-seo-wordpress\/ -->\n<title>Zugang zum Recht in humanit\u00e4ren Krisen &#8226; Pro Bono Rechtsberatung<\/title>\n<meta name=\"robots\" content=\"index, follow, max-snippet:-1, max-image-preview:large, max-video-preview:-1\" \/>\n<link rel=\"canonical\" href=\"https:\/\/probono-rechtsberatung.de\/en\/veranstaltung\/zugang-zum-recht-in-humanitaeren-krisen\/\" \/>\n<meta property=\"og:locale\" content=\"en_US\" \/>\n<meta property=\"og:type\" content=\"article\" \/>\n<meta property=\"og:title\" content=\"Zugang zum Recht in humanit\u00e4ren Krisen &#8226; Pro Bono Rechtsberatung\" \/>\n<meta property=\"og:description\" content=\"Am 14. November 2018 findet in Berlin das erste internationale Menschenrechtsforum des Deutschen Anwaltsvereins (DAV) statt. Im Mittelpunkt steht die Fragestellung, wie der Zugang zum Recht auch in Krisensituationen ausnahmslos [&hellip;]\" \/>\n<meta property=\"og:url\" content=\"https:\/\/probono-rechtsberatung.de\/en\/veranstaltung\/zugang-zum-recht-in-humanitaeren-krisen\/\" \/>\n<meta property=\"og:site_name\" content=\"Pro Bono Rechtsberatung\" \/>\n<meta name=\"twitter:card\" content=\"summary_large_image\" \/>\n<meta name=\"twitter:label1\" content=\"Est. reading time\" \/>\n\t<meta name=\"twitter:data1\" content=\"1 minute\" \/>\n<script type=\"application\/ld+json\" class=\"yoast-schema-graph\">{\"@context\":\"https:\\\/\\\/schema.org\",\"@graph\":[{\"@type\":\"WebPage\",\"@id\":\"https:\\\/\\\/probono-rechtsberatung.de\\\/en\\\/veranstaltung\\\/zugang-zum-recht-in-humanitaeren-krisen\\\/\",\"url\":\"https:\\\/\\\/probono-rechtsberatung.de\\\/en\\\/veranstaltung\\\/zugang-zum-recht-in-humanitaeren-krisen\\\/\",\"name\":\"Zugang zum Recht in humanit\u00e4ren Krisen &#8226; Pro Bono Rechtsberatung\",\"isPartOf\":{\"@id\":\"https:\\\/\\\/probono-rechtsberatung.de\\\/en\\\/#website\"},\"datePublished\":\"2021-12-04T17:10:53+00:00\",\"breadcrumb\":{\"@id\":\"https:\\\/\\\/probono-rechtsberatung.de\\\/en\\\/veranstaltung\\\/zugang-zum-recht-in-humanitaeren-krisen\\\/#breadcrumb\"},\"inLanguage\":\"en-US\",\"potentialAction\":[{\"@type\":\"ReadAction\",\"target\":[\"https:\\\/\\\/probono-rechtsberatung.de\\\/en\\\/veranstaltung\\\/zugang-zum-recht-in-humanitaeren-krisen\\\/\"]}]},{\"@type\":\"BreadcrumbList\",\"@id\":\"https:\\\/\\\/probono-rechtsberatung.de\\\/en\\\/veranstaltung\\\/zugang-zum-recht-in-humanitaeren-krisen\\\/#breadcrumb\",\"itemListElement\":[{\"@type\":\"ListItem\",\"position\":1,\"name\":\"Startseite\",\"item\":\"https:\\\/\\\/probono-rechtsberatung.de\\\/en\\\/\"},{\"@type\":\"ListItem\",\"position\":2,\"name\":\"Events\",\"item\":\"https:\\\/\\\/probono-rechtsberatung.de\\\/en\\\/veranstaltungen\\\/\"},{\"@type\":\"ListItem\",\"position\":3,\"name\":\"Zugang zum Recht in humanit\u00e4ren Krisen\"}]},{\"@type\":\"WebSite\",\"@id\":\"https:\\\/\\\/probono-rechtsberatung.de\\\/en\\\/#website\",\"url\":\"https:\\\/\\\/probono-rechtsberatung.de\\\/en\\\/\",\"name\":\"Pro Bono Rechtsberatung\",\"description\":\"f\u00fcr Non-Profit-Organisationen\",\"publisher\":{\"@id\":\"https:\\\/\\\/probono-rechtsberatung.de\\\/en\\\/#organization\"},\"potentialAction\":[{\"@type\":\"SearchAction\",\"target\":{\"@type\":\"EntryPoint\",\"urlTemplate\":\"https:\\\/\\\/probono-rechtsberatung.de\\\/en\\\/?s={search_term_string}\"},\"query-input\":{\"@type\":\"PropertyValueSpecification\",\"valueRequired\":true,\"valueName\":\"search_term_string\"}}],\"inLanguage\":\"en-US\"},{\"@type\":\"Organization\",\"@id\":\"https:\\\/\\\/probono-rechtsberatung.de\\\/en\\\/#organization\",\"name\":\"Pro Bono Rechtsberatung\",\"url\":\"https:\\\/\\\/probono-rechtsberatung.de\\\/en\\\/\",\"logo\":{\"@type\":\"ImageObject\",\"inLanguage\":\"en-US\",\"@id\":\"https:\\\/\\\/probono-rechtsberatung.de\\\/en\\\/#\\\/schema\\\/logo\\\/image\\\/\",\"url\":\"https:\\\/\\\/probono-rechtsberatung.de\\\/wp-content\\\/uploads\\\/2021\\\/11\\\/upj-pro_bono_weblogo-01.svg\",\"contentUrl\":\"https:\\\/\\\/probono-rechtsberatung.de\\\/wp-content\\\/uploads\\\/2021\\\/11\\\/upj-pro_bono_weblogo-01.svg\",\"width\":1010,\"height\":164,\"caption\":\"Pro Bono Rechtsberatung\"},\"image\":{\"@id\":\"https:\\\/\\\/probono-rechtsberatung.de\\\/en\\\/#\\\/schema\\\/logo\\\/image\\\/\"}}]}<\/script>\n<!-- \/ Yoast SEO plugin. -->","yoast_head_json":{"title":"Zugang zum Recht in humanit\u00e4ren Krisen &#8226; Pro Bono Rechtsberatung","robots":{"index":"index","follow":"follow","max-snippet":"max-snippet:-1","max-image-preview":"max-image-preview:large","max-video-preview":"max-video-preview:-1"},"canonical":"https:\/\/probono-rechtsberatung.de\/en\/veranstaltung\/zugang-zum-recht-in-humanitaeren-krisen\/","og_locale":"en_US","og_type":"article","og_title":"Zugang zum Recht in humanit\u00e4ren Krisen &#8226; Pro Bono Rechtsberatung","og_description":"Am 14. November 2018 findet in Berlin das erste internationale Menschenrechtsforum des Deutschen Anwaltsvereins (DAV) statt. Im Mittelpunkt steht die Fragestellung, wie der Zugang zum Recht auch in Krisensituationen ausnahmslos [&hellip;]","og_url":"https:\/\/probono-rechtsberatung.de\/en\/veranstaltung\/zugang-zum-recht-in-humanitaeren-krisen\/","og_site_name":"Pro Bono Rechtsberatung","twitter_card":"summary_large_image","twitter_misc":{"Est. reading time":"1 minute"},"schema":{"@context":"https:\/\/schema.org","@graph":[{"@type":"WebPage","@id":"https:\/\/probono-rechtsberatung.de\/en\/veranstaltung\/zugang-zum-recht-in-humanitaeren-krisen\/","url":"https:\/\/probono-rechtsberatung.de\/en\/veranstaltung\/zugang-zum-recht-in-humanitaeren-krisen\/","name":"Zugang zum Recht in humanit\u00e4ren Krisen &#8226; Pro Bono Rechtsberatung","isPartOf":{"@id":"https:\/\/probono-rechtsberatung.de\/en\/#website"},"datePublished":"2021-12-04T17:10:53+00:00","breadcrumb":{"@id":"https:\/\/probono-rechtsberatung.de\/en\/veranstaltung\/zugang-zum-recht-in-humanitaeren-krisen\/#breadcrumb"},"inLanguage":"en-US","potentialAction":[{"@type":"ReadAction","target":["https:\/\/probono-rechtsberatung.de\/en\/veranstaltung\/zugang-zum-recht-in-humanitaeren-krisen\/"]}]},{"@type":"BreadcrumbList","@id":"https:\/\/probono-rechtsberatung.de\/en\/veranstaltung\/zugang-zum-recht-in-humanitaeren-krisen\/#breadcrumb","itemListElement":[{"@type":"ListItem","position":1,"name":"Startseite","item":"https:\/\/probono-rechtsberatung.de\/en\/"},{"@type":"ListItem","position":2,"name":"Events","item":"https:\/\/probono-rechtsberatung.de\/en\/veranstaltungen\/"},{"@type":"ListItem","position":3,"name":"Zugang zum Recht in humanit\u00e4ren Krisen"}]},{"@type":"WebSite","@id":"https:\/\/probono-rechtsberatung.de\/en\/#website","url":"https:\/\/probono-rechtsberatung.de\/en\/","name":"Pro Bono Rechtsberatung","description":"f\u00fcr Non-Profit-Organisationen","publisher":{"@id":"https:\/\/probono-rechtsberatung.de\/en\/#organization"},"potentialAction":[{"@type":"SearchAction","target":{"@type":"EntryPoint","urlTemplate":"https:\/\/probono-rechtsberatung.de\/en\/?s={search_term_string}"},"query-input":{"@type":"PropertyValueSpecification","valueRequired":true,"valueName":"search_term_string"}}],"inLanguage":"en-US"},{"@type":"Organization","@id":"https:\/\/probono-rechtsberatung.de\/en\/#organization","name":"Pro Bono Rechtsberatung","url":"https:\/\/probono-rechtsberatung.de\/en\/","logo":{"@type":"ImageObject","inLanguage":"en-US","@id":"https:\/\/probono-rechtsberatung.de\/en\/#\/schema\/logo\/image\/","url":"https:\/\/probono-rechtsberatung.de\/wp-content\/uploads\/2021\/11\/upj-pro_bono_weblogo-01.svg","contentUrl":"https:\/\/probono-rechtsberatung.de\/wp-content\/uploads\/2021\/11\/upj-pro_bono_weblogo-01.svg","width":1010,"height":164,"caption":"Pro Bono Rechtsberatung"},"image":{"@id":"https:\/\/probono-rechtsberatung.de\/en\/#\/schema\/logo\/image\/"}}]}},"_links":{"self":[{"href":"https:\/\/probono-rechtsberatung.de\/en\/wp-json\/wp\/v2\/tribe_events\/9895","targetHints":{"allow":["GET"]}}],"collection":[{"href":"https:\/\/probono-rechtsberatung.de\/en\/wp-json\/wp\/v2\/tribe_events"}],"about":[{"href":"https:\/\/probono-rechtsberatung.de\/en\/wp-json\/wp\/v2\/types\/tribe_events"}],"author":[{"embeddable":true,"href":"https:\/\/probono-rechtsberatung.de\/en\/wp-json\/wp\/v2\/users\/1"}],"version-history":[{"count":0,"href":"https:\/\/probono-rechtsberatung.de\/en\/wp-json\/wp\/v2\/tribe_events\/9895\/revisions"}],"wp:attachment":[{"href":"https:\/\/probono-rechtsberatung.de\/en\/wp-json\/wp\/v2\/media?parent=9895"}],"wp:term":[{"taxonomy":"post_tag","embeddable":true,"href":"https:\/\/probono-rechtsberatung.de\/en\/wp-json\/wp\/v2\/tags?post=9895"},{"taxonomy":"tribe_events_cat","embeddable":true,"href":"https:\/\/probono-rechtsberatung.de\/en\/wp-json\/wp\/v2\/tribe_events_cat?post=9895"}],"curies":[{"name":"wp","href":"https:\/\/api.w.org\/{rel}","templated":true}]}}