{"id":9878,"date":"2021-12-04T12:57:24","date_gmt":"2021-12-04T11:57:24","guid":{"rendered":"https:\/\/probono-rechtsberatung.de\/veranstaltung\/pro-bono-woche-2020-deutschland\/"},"modified":"2021-12-04T12:57:24","modified_gmt":"2021-12-04T11:57:24","slug":"pro-bono-woche-2020-deutschland","status":"publish","type":"tribe_events","link":"https:\/\/probono-rechtsberatung.de\/en\/veranstaltung\/pro-bono-woche-2020-deutschland\/","title":{"rendered":"Pro Bono Woche 2020 \/ Deutschland"},"content":{"rendered":"<h3><strong>Virtuelle Veranstaltungsreihe<\/strong><\/h3>\n<p><strong>Eine Veranstaltungswoche rund um die unentgeltliche Rechtsberatung (pro bono) f\u00fcr den guten Zweck.<\/strong><\/p>\n<p>Die Corona-Pandemie, der Klimawandel oder die Fl\u00fcchtlingsproblematik stellen unsere Gesellschaft vor gro\u00dfe Herausforderungen und f\u00fchren zu rechtlichen Unsicherheiten. Krisen- und Risikomanagement werden zur Normalit\u00e4t auch f\u00fcr Non-Profit-Organisationen (NPO).<br \/>\n\u2022 Kann Pro Bono-Rechtsberatung in solchen Krisen helfen?<br \/>\n\u2022 Wie k\u00f6nnen Anwaltskanzleien, Zivilgesellschaft, Wirtschaft und Wissenschaft bei grundlegenden Zukunftsthemen zusammenarbeiten?<\/p>\n<p>Diskutieren Sie mit Pro Bono-Anw\u00e4lt*innen, Vertreter*innen von NPO und weiteren Expert*innen zu diesen Fragen. Informieren Sie sich, wie Sie Ihre Organisation f\u00fcr Krisen wappnen k\u00f6nnen oder wie Sie pro bono unterst\u00fctzen k\u00f6nnen.<\/p>\n<p>Veranstaltet von Pro Bono Deutschland e.V. und UPJ Pro Bono Rechtsberatung.<\/p>\n<p><a href=\"https:\/\/probono-rechtsberatung.de\/wp-content\/uploads\/2021\/12\/Pro-Bono-Woche-Deutschland-2020_Programm.pdf\" target=\"_blank\" rel=\"noopener\">Zum Programm<\/a><\/p>\n<h3><strong>Agenda<\/strong><\/h3>\n<h4><strong>Symposium<\/strong><\/h4>\n<p>[Alle Interessierten sind eingeladen, am Symposium teilzunehmen.]<\/p>\n<p><strong>25.11.2020 \u2013 18:00-20:00 Uhr<\/strong><br \/>\n<strong>Die Rolle von Pro Bono-Rechtsberatung bei der Bew\u00e4ltigung von globalen Krisen und gesellschaftlichen Herausforderungen<\/strong><br \/>\nInputs: Margit Berndl (Der Parit\u00e4tische in Bayern), Dr. Peter Braun (Pro Bono Deutschland e.V., Dentons Europe), Dr. Ana\u00ebl Labigne (Zivilgesellschaft in Zahlen\/Stifterverband), Prof. Dr. Harald Welzer (Futurzwei | Stiftung Zukunftsf\u00e4higkeit)<br \/>\nModeration: Sylvia Schenk (Herbert Smith Freehills)<\/p>\n<p><em>Im Rahmen des Symposiums diskutieren die Expert*innen das Leitthema der diesj\u00e4hrigen Pro Bono Woche: Welche Rolle kann Pro-bono-Rechtsberatung bei der Bew\u00e4ltigung globaler Krisen und gesellschaftlicher Herausforderungen spielen? Die Corona-Pandemie, der Klimawandel oder die Fl\u00fcchtlingsproblematik sind drei gro\u00dfe Herausforderungen der j\u00fcngeren Vergangenheit. Sie alle f\u00fchren jeweils auch zu rechtlichen Unsicherheiten. Wie kann Pro-bono-Rechtsberatung in diesen Krisen unterst\u00fctzen? Wie muss daf\u00fcr eine Zusammenarbeit zwischen Akteuren aus Anwaltskanzleien, Zivilgesellschaft, Wirtschaft und Wissenschaft aussehen?<\/em><\/p>\n<h4><\/h4>\n<h4><strong>Mitgliederversammlung<\/strong><\/h4>\n<p>[Teilnahme nur auf Einladung.]<\/p>\n<p><strong>25.11.2020 \u2013 15:00-16:30 Uhr<\/strong><br \/>\n<strong>Pro Bono Deutschland e.V.<\/strong><\/p>\n<h4><\/h4>\n<h4><strong>Online-Workshop f\u00fcr Kanzleien<\/strong><\/h4>\n<p>[Ein Informationsangebot speziell f\u00fcr Anw\u00e4lt*innen und Kanzlei-Vertreter*innen.]<\/p>\n<p><strong>24.11.2020 \u2013 11:00-12:00 Uhr<\/strong><br \/>\n<strong>Pro Bono, aber wie?<\/strong><br \/>\nInputs: Mareike van Oosting (Hogan Lovells International), Mareike Dreu\u00dfe (UPJ Pro Bono Rechtsberatung)<\/p>\n<p><em>Der Workshop informiert Kanzleien, die an Pro-bono-Rechtsberatung interessiert sind, \u00fcber das Angebot des UPJ Clearinghouse und bietet einen \u00dcberblick \u00fcber dessen Zielgruppe, Rechtsbereiche und den Ablauf des Vermittlungsprozesses. Dar\u00fcber hinaus erhalten Sie im Workshop einen Einblick in notwendige interne Strukturen und Prozesse einer internationalen Gro\u00dfkanzlei \u2013 inklusive Formulierung einer Strategie, Gewinnung von Anw\u00e4lt*innen, interne Kommunikation, Steuerung der Pro-bono-Rechtsberatungspraxis sowie administratives und personelles Management.<\/em><\/p>\n<h4><\/h4>\n<h4><strong>NPO-Online-Seminarreihe<\/strong><\/h4>\n<p>[Das Angebot richtet sich an NPOs, um sie bei ihrer Professionalisierung zu unterst\u00fctzen und krisenfest zu machen.]<\/p>\n<p><strong>NPOs bei der Professionalisierung unterst\u00fctzen und krisenfest machen<\/strong><br \/>\n<strong>23.11.2020 \u2013 11:00-12:00 Uhr<\/strong><br \/>\n<strong>Zur Bedeutung von Compliance \u2013 auch in der Krise<\/strong><br \/>\nInput: Dr. Marlen Vesper-Gr\u00e4ske (Freshfields Bruckhaus Deringer)<br \/>\nModeration: Ellen Sturm (UPJ Pro Bono Rechtsberatung)<\/p>\n<p><em>Das Online-Seminar besch\u00e4ftigt sich mit der Bedeutung von Compliance f\u00fcr NPOs. Wie k\u00f6nnen und sollten sich NPOs in puncto Compliance aufstellen und was wird in der Krise relevant? Die Referentin, Dr. Marlen Vesper-Gr\u00e4ske, wird dabei auch auf aktuelle Compliance-Themen, wie Anti-Geldw\u00e4sche und Menschenrechts-Compliance, eingehen.<\/em><\/p>\n<p><strong>25.11.2020 \u2013 11:00-12:00 Uhr<\/strong><br \/>\n<strong>Insolvenz als Chance: Welche L\u00f6sungen bietet ein Insolvenzverfahren<\/strong><br \/>\nInput: Dr. Jan-Philipp Hoos und Dr. Andreas Kleinschmidt (White &amp; Case)<br \/>\nModeration: Ellen Sturm (UPJ Pro Bono Rechtsberatung)<\/p>\n<p><em>Im Fokus des Online-Seminars steht eine Einf\u00fchrung in das Insolvenzrecht mit Blick auf das Gesetz zur Abmilderung der Folgen der Covid-Pandemie und damit verbundene Antragspflichten und Vorstandshaftungen. Die Referenten Dr. Jan-Philipp Hoos und Dr. Andreas Kleinschmidt skizzieren zudem auch die Wege zur Abwendung von Insolvenzen und geben Ausblicke, welche Sanierungsl\u00f6sungen es im Rahmen von Insolvenzverfahren gibt.<\/em><\/p>\n<p><strong>26.11.2020 \u2013 11:00-12:00 Uhr<\/strong><br \/>\n<strong>Herausforderung Arbeitsrecht: Handlungsbedarf in Krisen<\/strong><br \/>\nInput: Dr. Ulrich Ziegler (Skadden, Arps, Slate, Meagher &amp; Flom)<br \/>\nModeration: Ellen Sturm (UPJ Pro Bono Rechtsberatung)<\/p>\n<p><em>Durch die Corona-Pandemie und nicht zuletzt die getroffenen Ma\u00dfnahmen zur Eind\u00e4mmung der Pandemie, stehen aktuell viele gemeinn\u00fctzige Organisationen und Sozialunternehmen vor der Herausforderung, die Arbeitsbedingungen ihrer Besch\u00e4ftigten so zu gestalten, dass sie den Schutz der Angestellten und den Erhalt der Arbeitsf\u00e4higkeit der Organisation miteinander vereinen. Der Referent Dr. Ulrich Ziegler geht auf vielf\u00e4ltige arbeitsrechtliche Fragen im Zusammenhang mit dem Coronavirus ein und gibt Handlungsempfehlungen, wie Sie Ihr Unternehmen und Ihre Mitarbeiter*innen m\u00f6glichst optimal durch die Krise bringen.<\/em><\/p>\n<h4><\/h4>\n<h4>NPO-Dialog zur St\u00e4rkung des gemeinn\u00fctzigen Sektors<\/h4>\n<p>[Teilnahme nur auf Einladung.]<\/p>\n<p><strong>27.11.2020 \u2013 11:00-12:00 Uhr<br \/>\n<\/strong>Input: Clemens Frede (Haus des Stiftens), Vivian Kube (Gesellschaft f\u00fcr Freiheitsrechte), Martina L\u00f6w (BUND), Nadja Malak (SOS-Kinderd\u00f6rfer), Janina Mensing (startsocial), Ulrike Petzold (Dachverband der Kulturf\u00f6rdervereine in Deutschland), Rainer Sprengel (BBE)<br \/>\nModeration: Reinhard Lang (UPJ Pro Bono Rechtsberatung) und Kai Praum (UPJ Pro Bono Rechtsberatung)<\/p>\n<p><em>Expert*innen aus NPO-Dachorganisationen und Multiplikatoren des gemeinn\u00fctzigen Sektors geben Einblicke \u00fcber die Herausforderungen des Sektors. Ziel des Dialogs ist eine Verbesserung der Verzahnung von Pro Bono-Kultur in Kanzleien und den Bedarfen in NPOs, um den Sektor insgesamt zu st\u00e4rken.<\/em><\/p>\n<h4><\/h4>\n<h4>European Pro Bono Week<\/h4>\n<p>Die Veranstaltungen finden im Rahmen der 2. Europ\u00e4ischen Pro Bono Woche statt. Sie ist ein Gemeinschaftsprojekt der European Pro Bono Initiative \u2013 einem Zusammenschluss europ\u00e4ischer Pro Bono Manager &#8211; sowie der Pro Bono-Organisationen European Pro Bono Alliance, TrustLaw und PILnet.<\/p>\n<p>Die \u201ePro Bono Week\u201c bietet auch f\u00fcr Kanzleien &#8211; wie z.B. Latham &amp; Watkins &#8211; einen guten Rahmen, f\u00fcr ihre internen Pro Bono Wochen gr\u00f6\u00dfere Aufmerksamkeit zu schaffen und mit dem vielf\u00e4ltigen Programm zur Pro Bono Rechtsberatung zu motivieren.<\/p>\n","protected":false},"excerpt":{"rendered":"<p>Eine Veranstaltungswoche rund um die unentgeltliche Rechtsberatung (pro bono) f\u00fcr den guten Zweck.<br \/>\nDie Corona-Pandemie, der Klimawandel oder die Fl\u00fcchtlingsproblematik stellen unsere Gesellschaft vor gro\u00dfe Herausforderungen und f\u00fchren zu rechtlichen Unsicherheiten. Krisen- und Risikomanagement werden zur Normalit\u00e4t auch f\u00fcr Non-Profit-Organisationen (NPO)&#8230;<\/p>\n","protected":false},"author":1,"featured_media":0,"template":"","meta":{"_acf_changed":false,"_tribe_events_status":"","_tribe_events_status_reason":"","footnotes":""},"tags":[],"tribe_events_cat":[],"class_list":["post-9878","tribe_events","type-tribe_events","status-publish","hentry"],"acf":[],"yoast_head":"<!-- This site is optimized with the Yoast SEO plugin v27.5 - https:\/\/yoast.com\/product\/yoast-seo-wordpress\/ -->\n<title>Pro Bono Woche 2020 \/ Deutschland &#8226; Pro Bono Rechtsberatung<\/title>\n<meta name=\"robots\" content=\"index, follow, max-snippet:-1, max-image-preview:large, max-video-preview:-1\" \/>\n<link rel=\"canonical\" href=\"https:\/\/probono-rechtsberatung.de\/en\/veranstaltung\/pro-bono-woche-2020-deutschland\/\" \/>\n<meta property=\"og:locale\" content=\"en_US\" \/>\n<meta property=\"og:type\" content=\"article\" \/>\n<meta property=\"og:title\" content=\"Pro Bono Woche 2020 \/ Deutschland &#8226; Pro Bono Rechtsberatung\" \/>\n<meta property=\"og:description\" content=\"Eine Veranstaltungswoche rund um die unentgeltliche Rechtsberatung (pro bono) f\u00fcr den guten Zweck. Die Corona-Pandemie, der Klimawandel oder die Fl\u00fcchtlingsproblematik stellen unsere Gesellschaft vor gro\u00dfe Herausforderungen und f\u00fchren zu rechtlichen Unsicherheiten. Krisen- und Risikomanagement werden zur Normalit\u00e4t auch f\u00fcr Non-Profit-Organisationen (NPO)...\" \/>\n<meta property=\"og:url\" content=\"https:\/\/probono-rechtsberatung.de\/en\/veranstaltung\/pro-bono-woche-2020-deutschland\/\" \/>\n<meta property=\"og:site_name\" content=\"Pro Bono Rechtsberatung\" \/>\n<meta name=\"twitter:card\" content=\"summary_large_image\" \/>\n<meta name=\"twitter:label1\" content=\"Est. reading time\" \/>\n\t<meta name=\"twitter:data1\" content=\"4 minutes\" \/>\n<script type=\"application\/ld+json\" class=\"yoast-schema-graph\">{\"@context\":\"https:\\\/\\\/schema.org\",\"@graph\":[{\"@type\":\"WebPage\",\"@id\":\"https:\\\/\\\/probono-rechtsberatung.de\\\/en\\\/veranstaltung\\\/pro-bono-woche-2020-deutschland\\\/\",\"url\":\"https:\\\/\\\/probono-rechtsberatung.de\\\/en\\\/veranstaltung\\\/pro-bono-woche-2020-deutschland\\\/\",\"name\":\"Pro Bono Woche 2020 \\\/ Deutschland &#8226; Pro Bono Rechtsberatung\",\"isPartOf\":{\"@id\":\"https:\\\/\\\/probono-rechtsberatung.de\\\/en\\\/#website\"},\"datePublished\":\"2021-12-04T11:57:24+00:00\",\"breadcrumb\":{\"@id\":\"https:\\\/\\\/probono-rechtsberatung.de\\\/en\\\/veranstaltung\\\/pro-bono-woche-2020-deutschland\\\/#breadcrumb\"},\"inLanguage\":\"en-US\",\"potentialAction\":[{\"@type\":\"ReadAction\",\"target\":[\"https:\\\/\\\/probono-rechtsberatung.de\\\/en\\\/veranstaltung\\\/pro-bono-woche-2020-deutschland\\\/\"]}]},{\"@type\":\"BreadcrumbList\",\"@id\":\"https:\\\/\\\/probono-rechtsberatung.de\\\/en\\\/veranstaltung\\\/pro-bono-woche-2020-deutschland\\\/#breadcrumb\",\"itemListElement\":[{\"@type\":\"ListItem\",\"position\":1,\"name\":\"Startseite\",\"item\":\"https:\\\/\\\/probono-rechtsberatung.de\\\/en\\\/\"},{\"@type\":\"ListItem\",\"position\":2,\"name\":\"Events\",\"item\":\"https:\\\/\\\/probono-rechtsberatung.de\\\/en\\\/veranstaltungen\\\/\"},{\"@type\":\"ListItem\",\"position\":3,\"name\":\"Pro Bono Woche 2020 \\\/ Deutschland\"}]},{\"@type\":\"WebSite\",\"@id\":\"https:\\\/\\\/probono-rechtsberatung.de\\\/en\\\/#website\",\"url\":\"https:\\\/\\\/probono-rechtsberatung.de\\\/en\\\/\",\"name\":\"Pro Bono Rechtsberatung\",\"description\":\"f\u00fcr Non-Profit-Organisationen\",\"publisher\":{\"@id\":\"https:\\\/\\\/probono-rechtsberatung.de\\\/en\\\/#organization\"},\"potentialAction\":[{\"@type\":\"SearchAction\",\"target\":{\"@type\":\"EntryPoint\",\"urlTemplate\":\"https:\\\/\\\/probono-rechtsberatung.de\\\/en\\\/?s={search_term_string}\"},\"query-input\":{\"@type\":\"PropertyValueSpecification\",\"valueRequired\":true,\"valueName\":\"search_term_string\"}}],\"inLanguage\":\"en-US\"},{\"@type\":\"Organization\",\"@id\":\"https:\\\/\\\/probono-rechtsberatung.de\\\/en\\\/#organization\",\"name\":\"Pro Bono Rechtsberatung\",\"url\":\"https:\\\/\\\/probono-rechtsberatung.de\\\/en\\\/\",\"logo\":{\"@type\":\"ImageObject\",\"inLanguage\":\"en-US\",\"@id\":\"https:\\\/\\\/probono-rechtsberatung.de\\\/en\\\/#\\\/schema\\\/logo\\\/image\\\/\",\"url\":\"https:\\\/\\\/probono-rechtsberatung.de\\\/wp-content\\\/uploads\\\/2021\\\/11\\\/upj-pro_bono_weblogo-01.svg\",\"contentUrl\":\"https:\\\/\\\/probono-rechtsberatung.de\\\/wp-content\\\/uploads\\\/2021\\\/11\\\/upj-pro_bono_weblogo-01.svg\",\"width\":1010,\"height\":164,\"caption\":\"Pro Bono Rechtsberatung\"},\"image\":{\"@id\":\"https:\\\/\\\/probono-rechtsberatung.de\\\/en\\\/#\\\/schema\\\/logo\\\/image\\\/\"}}]}<\/script>\n<!-- \/ Yoast SEO plugin. -->","yoast_head_json":{"title":"Pro Bono Woche 2020 \/ Deutschland &#8226; Pro Bono Rechtsberatung","robots":{"index":"index","follow":"follow","max-snippet":"max-snippet:-1","max-image-preview":"max-image-preview:large","max-video-preview":"max-video-preview:-1"},"canonical":"https:\/\/probono-rechtsberatung.de\/en\/veranstaltung\/pro-bono-woche-2020-deutschland\/","og_locale":"en_US","og_type":"article","og_title":"Pro Bono Woche 2020 \/ Deutschland &#8226; Pro Bono Rechtsberatung","og_description":"Eine Veranstaltungswoche rund um die unentgeltliche Rechtsberatung (pro bono) f\u00fcr den guten Zweck. Die Corona-Pandemie, der Klimawandel oder die Fl\u00fcchtlingsproblematik stellen unsere Gesellschaft vor gro\u00dfe Herausforderungen und f\u00fchren zu rechtlichen Unsicherheiten. Krisen- und Risikomanagement werden zur Normalit\u00e4t auch f\u00fcr Non-Profit-Organisationen (NPO)...","og_url":"https:\/\/probono-rechtsberatung.de\/en\/veranstaltung\/pro-bono-woche-2020-deutschland\/","og_site_name":"Pro Bono Rechtsberatung","twitter_card":"summary_large_image","twitter_misc":{"Est. reading time":"4 minutes"},"schema":{"@context":"https:\/\/schema.org","@graph":[{"@type":"WebPage","@id":"https:\/\/probono-rechtsberatung.de\/en\/veranstaltung\/pro-bono-woche-2020-deutschland\/","url":"https:\/\/probono-rechtsberatung.de\/en\/veranstaltung\/pro-bono-woche-2020-deutschland\/","name":"Pro Bono Woche 2020 \/ Deutschland &#8226; Pro Bono Rechtsberatung","isPartOf":{"@id":"https:\/\/probono-rechtsberatung.de\/en\/#website"},"datePublished":"2021-12-04T11:57:24+00:00","breadcrumb":{"@id":"https:\/\/probono-rechtsberatung.de\/en\/veranstaltung\/pro-bono-woche-2020-deutschland\/#breadcrumb"},"inLanguage":"en-US","potentialAction":[{"@type":"ReadAction","target":["https:\/\/probono-rechtsberatung.de\/en\/veranstaltung\/pro-bono-woche-2020-deutschland\/"]}]},{"@type":"BreadcrumbList","@id":"https:\/\/probono-rechtsberatung.de\/en\/veranstaltung\/pro-bono-woche-2020-deutschland\/#breadcrumb","itemListElement":[{"@type":"ListItem","position":1,"name":"Startseite","item":"https:\/\/probono-rechtsberatung.de\/en\/"},{"@type":"ListItem","position":2,"name":"Events","item":"https:\/\/probono-rechtsberatung.de\/en\/veranstaltungen\/"},{"@type":"ListItem","position":3,"name":"Pro Bono Woche 2020 \/ Deutschland"}]},{"@type":"WebSite","@id":"https:\/\/probono-rechtsberatung.de\/en\/#website","url":"https:\/\/probono-rechtsberatung.de\/en\/","name":"Pro Bono Rechtsberatung","description":"f\u00fcr Non-Profit-Organisationen","publisher":{"@id":"https:\/\/probono-rechtsberatung.de\/en\/#organization"},"potentialAction":[{"@type":"SearchAction","target":{"@type":"EntryPoint","urlTemplate":"https:\/\/probono-rechtsberatung.de\/en\/?s={search_term_string}"},"query-input":{"@type":"PropertyValueSpecification","valueRequired":true,"valueName":"search_term_string"}}],"inLanguage":"en-US"},{"@type":"Organization","@id":"https:\/\/probono-rechtsberatung.de\/en\/#organization","name":"Pro Bono Rechtsberatung","url":"https:\/\/probono-rechtsberatung.de\/en\/","logo":{"@type":"ImageObject","inLanguage":"en-US","@id":"https:\/\/probono-rechtsberatung.de\/en\/#\/schema\/logo\/image\/","url":"https:\/\/probono-rechtsberatung.de\/wp-content\/uploads\/2021\/11\/upj-pro_bono_weblogo-01.svg","contentUrl":"https:\/\/probono-rechtsberatung.de\/wp-content\/uploads\/2021\/11\/upj-pro_bono_weblogo-01.svg","width":1010,"height":164,"caption":"Pro Bono Rechtsberatung"},"image":{"@id":"https:\/\/probono-rechtsberatung.de\/en\/#\/schema\/logo\/image\/"}}]}},"_links":{"self":[{"href":"https:\/\/probono-rechtsberatung.de\/en\/wp-json\/wp\/v2\/tribe_events\/9878","targetHints":{"allow":["GET"]}}],"collection":[{"href":"https:\/\/probono-rechtsberatung.de\/en\/wp-json\/wp\/v2\/tribe_events"}],"about":[{"href":"https:\/\/probono-rechtsberatung.de\/en\/wp-json\/wp\/v2\/types\/tribe_events"}],"author":[{"embeddable":true,"href":"https:\/\/probono-rechtsberatung.de\/en\/wp-json\/wp\/v2\/users\/1"}],"version-history":[{"count":0,"href":"https:\/\/probono-rechtsberatung.de\/en\/wp-json\/wp\/v2\/tribe_events\/9878\/revisions"}],"wp:attachment":[{"href":"https:\/\/probono-rechtsberatung.de\/en\/wp-json\/wp\/v2\/media?parent=9878"}],"wp:term":[{"taxonomy":"post_tag","embeddable":true,"href":"https:\/\/probono-rechtsberatung.de\/en\/wp-json\/wp\/v2\/tags?post=9878"},{"taxonomy":"tribe_events_cat","embeddable":true,"href":"https:\/\/probono-rechtsberatung.de\/en\/wp-json\/wp\/v2\/tribe_events_cat?post=9878"}],"curies":[{"name":"wp","href":"https:\/\/api.w.org\/{rel}","templated":true}]}}