{"id":9874,"date":"2023-11-07T16:19:10","date_gmt":"2023-11-07T15:19:10","guid":{"rendered":"https:\/\/probono-rechtsberatung.de\/veranstaltung\/pro-bono-day-deutschland-european-pro-bono-week-2023\/"},"modified":"2025-01-24T11:28:29","modified_gmt":"2025-01-24T10:28:29","slug":"pro-bono-day-deutschland-european-pro-bono-week-2023","status":"publish","type":"tribe_events","link":"https:\/\/probono-rechtsberatung.de\/en\/veranstaltung\/pro-bono-day-deutschland-european-pro-bono-week-2023\/","title":{"rendered":"Pro Bono Day Deutschland &#8211; European Pro Bono Week 2023"},"content":{"rendered":"\t\t<div data-elementor-type=\"wp-post\" data-elementor-id=\"9874\" class=\"elementor elementor-9874 elementor-9197\" data-elementor-settings=\"{&quot;element_pack_global_tooltip_width&quot;:{&quot;unit&quot;:&quot;px&quot;,&quot;size&quot;:&quot;&quot;,&quot;sizes&quot;:[]},&quot;element_pack_global_tooltip_width_tablet&quot;:{&quot;unit&quot;:&quot;px&quot;,&quot;size&quot;:&quot;&quot;,&quot;sizes&quot;:[]},&quot;element_pack_global_tooltip_width_mobile&quot;:{&quot;unit&quot;:&quot;px&quot;,&quot;size&quot;:&quot;&quot;,&quot;sizes&quot;:[]},&quot;element_pack_global_tooltip_padding&quot;:{&quot;unit&quot;:&quot;px&quot;,&quot;top&quot;:&quot;&quot;,&quot;right&quot;:&quot;&quot;,&quot;bottom&quot;:&quot;&quot;,&quot;left&quot;:&quot;&quot;,&quot;isLinked&quot;:true},&quot;element_pack_global_tooltip_padding_tablet&quot;:{&quot;unit&quot;:&quot;px&quot;,&quot;top&quot;:&quot;&quot;,&quot;right&quot;:&quot;&quot;,&quot;bottom&quot;:&quot;&quot;,&quot;left&quot;:&quot;&quot;,&quot;isLinked&quot;:true},&quot;element_pack_global_tooltip_padding_mobile&quot;:{&quot;unit&quot;:&quot;px&quot;,&quot;top&quot;:&quot;&quot;,&quot;right&quot;:&quot;&quot;,&quot;bottom&quot;:&quot;&quot;,&quot;left&quot;:&quot;&quot;,&quot;isLinked&quot;:true},&quot;element_pack_global_tooltip_border_radius&quot;:{&quot;unit&quot;:&quot;px&quot;,&quot;top&quot;:&quot;&quot;,&quot;right&quot;:&quot;&quot;,&quot;bottom&quot;:&quot;&quot;,&quot;left&quot;:&quot;&quot;,&quot;isLinked&quot;:true},&quot;element_pack_global_tooltip_border_radius_tablet&quot;:{&quot;unit&quot;:&quot;px&quot;,&quot;top&quot;:&quot;&quot;,&quot;right&quot;:&quot;&quot;,&quot;bottom&quot;:&quot;&quot;,&quot;left&quot;:&quot;&quot;,&quot;isLinked&quot;:true},&quot;element_pack_global_tooltip_border_radius_mobile&quot;:{&quot;unit&quot;:&quot;px&quot;,&quot;top&quot;:&quot;&quot;,&quot;right&quot;:&quot;&quot;,&quot;bottom&quot;:&quot;&quot;,&quot;left&quot;:&quot;&quot;,&quot;isLinked&quot;:true}}\" data-elementor-post-type=\"tribe_events\">\n\t\t\t\t<div class=\"elementor-element elementor-element-e5412f2 e-con-full e-flex e-con e-parent\" data-id=\"e5412f2\" data-element_type=\"container\" data-e-type=\"container\">\n\t\t\t\t<div class=\"elementor-element elementor-element-62f6b1f elementor-widget elementor-widget-heading\" data-id=\"62f6b1f\" data-element_type=\"widget\" data-e-type=\"widget\" data-widget_type=\"heading.default\">\n\t\t\t\t<div class=\"elementor-widget-container\">\n\t\t\t\t\t<h1 class=\"elementor-heading-title elementor-size-default\">European Pro Bono Week 2023 - Germany<\/h1>\t\t\t\t<\/div>\n\t\t\t\t<\/div>\n\t\t\t\t<div class=\"elementor-element elementor-element-062fea3 elementor-widget elementor-widget-heading\" data-id=\"062fea3\" data-element_type=\"widget\" data-e-type=\"widget\" data-widget_type=\"heading.default\">\n\t\t\t\t<div class=\"elementor-widget-container\">\n\t\t\t\t\t<h2 class=\"elementor-heading-title elementor-size-default\">21 November, Event free of charge<\/h2>\t\t\t\t<\/div>\n\t\t\t\t<\/div>\n\t\t\t\t<div class=\"elementor-element elementor-element-87bd027 elementor-widget elementor-widget-image\" data-id=\"87bd027\" data-element_type=\"widget\" data-e-type=\"widget\" data-widget_type=\"image.default\">\n\t\t\t\t<div class=\"elementor-widget-container\">\n\t\t\t\t\t\t\t\t\t\t\t\t\t\t\t<img fetchpriority=\"high\" decoding=\"async\" width=\"2250\" height=\"407\" src=\"https:\/\/probono-rechtsberatung.de\/wp-content\/uploads\/2022\/10\/banner_pbw_2022.png\" class=\"attachment-full size-full wp-image-9866\" alt=\"\" srcset=\"https:\/\/probono-rechtsberatung.de\/wp-content\/uploads\/2022\/10\/banner_pbw_2022.png 2250w, https:\/\/probono-rechtsberatung.de\/wp-content\/uploads\/2022\/10\/banner_pbw_2022-300x54.png 300w, https:\/\/probono-rechtsberatung.de\/wp-content\/uploads\/2022\/10\/banner_pbw_2022-1024x185.png 1024w, https:\/\/probono-rechtsberatung.de\/wp-content\/uploads\/2022\/10\/banner_pbw_2022-768x139.png 768w, https:\/\/probono-rechtsberatung.de\/wp-content\/uploads\/2022\/10\/banner_pbw_2022-1536x278.png 1536w, https:\/\/probono-rechtsberatung.de\/wp-content\/uploads\/2022\/10\/banner_pbw_2022-2048x370.png 2048w\" sizes=\"(max-width: 2250px) 100vw, 2250px\" \/>\t\t\t\t\t\t\t\t\t\t\t\t\t\t\t<\/div>\n\t\t\t\t<\/div>\n\t\t\t\t<\/div>\n\t\t\t\t<section class=\"elementor-section elementor-top-section elementor-element elementor-element-0036d58 elementor-section-boxed elementor-section-height-default elementor-section-height-default\" data-id=\"0036d58\" data-element_type=\"section\" data-e-type=\"section\">\n\t\t\t\t\t\t<div class=\"elementor-container elementor-column-gap-no\">\n\t\t\t\t\t<div class=\"elementor-column elementor-col-100 elementor-top-column elementor-element elementor-element-ca5164b\" data-id=\"ca5164b\" data-element_type=\"column\" data-e-type=\"column\">\n\t\t\t<div class=\"elementor-widget-wrap elementor-element-populated\">\n\t\t\t\t\t\t<div class=\"elementor-element elementor-element-7e8a57b7 elementor-widget elementor-widget-text-editor\" data-id=\"7e8a57b7\" data-element_type=\"widget\" data-e-type=\"widget\" data-widget_type=\"text-editor.default\">\n\t\t\t\t<div class=\"elementor-widget-container\">\n\t\t\t\t\t\t\t\t\t<p>Die Pro Bono Woche w\u00fcrdigt traditionell die Rolle von Pro-bono-Anw\u00e4lt*innen in Europa bei der Unterst\u00fctzung der Zivilgesellschaft und der F\u00f6rderung des Zugangs zum Recht. Ziel der Pro Bono Woche ist es, die verschiedenen Pro Bono Akteure \u2013 Anw\u00e4lt*innen, Studierende sowie zivilgesellschaftliche Organisationen zusammenzubringen, um \u00fcber wichtige Fragen des Rechtsbedarfs und der Bedeutung von Pro Bono zu diskutieren.<\/p>\n\t\t\t\t\t\t\t\t<\/div>\n\t\t\t\t<\/div>\n\t\t\t\t<div class=\"elementor-element elementor-element-3d7dbcd elementor-widget elementor-widget-text-editor\" data-id=\"3d7dbcd\" data-element_type=\"widget\" data-e-type=\"widget\" data-widget_type=\"text-editor.default\">\n\t\t\t\t<div class=\"elementor-widget-container\">\n\t\t\t\t\t\t\t\t\t<p style=\"text-align: left;\">Montag 20. November 2023, 15.00-16.30 Uhr<\/p>\n<p><strong>Online<\/strong><\/p>\n<h3>Opening event of the European Pro Bono Week<\/h3>\n<p>Mit:<br \/>Awmaima A Khattab Amrayaf \/ DLA Piper<br \/>Nani Jansen Reventlow \/ Systemic Justice <br \/>Lamin Khadar \/ NYU Paris<br \/>Mark Stephens \/ International Bar Association\u2019s Human Rights Institute (IBAHRI)<\/p>\n\t\t\t\t\t\t\t\t<\/div>\n\t\t\t\t<\/div>\n\t\t\t\t<div class=\"elementor-element elementor-element-8f4ff1b elementor-widget elementor-widget-text-editor\" data-id=\"8f4ff1b\" data-element_type=\"widget\" data-e-type=\"widget\" data-widget_type=\"text-editor.default\">\n\t\t\t\t<div class=\"elementor-widget-container\">\n\t\t\t\t\t\t\t\t\t<p><strong>Via Zoom &gt; <a href=\"https:\/\/us06web.zoom.us\/webinar\/register\/WN_fUpPQSmERx6aily_ghw85w#\/registration\" target=\"_blank\" rel=\"noopener\">Informationen und Registrierung<\/a><\/strong><\/p>\n\t\t\t\t\t\t\t\t<\/div>\n\t\t\t\t<\/div>\n\t\t\t\t<div class=\"elementor-element elementor-element-536b6d4 elementor-widget elementor-widget-text-editor\" data-id=\"536b6d4\" data-element_type=\"widget\" data-e-type=\"widget\" data-widget_type=\"text-editor.default\">\n\t\t\t\t<div class=\"elementor-widget-container\">\n\t\t\t\t\t\t\t\t\t<p style=\"text-align: left;\">Dienstag, 21. November 2022, 13.00-14.45 Uhr<\/p>\n<p style=\"text-align: left;\"><strong>Online-Veranstaltung (de)<br \/><\/strong><\/p>\n<h3>Kinderrechte im Sport<\/h3>\n<p><strong>Wie kann Pro Bono Rechtsberatung Kinderrechte st\u00e4rken?<\/strong><\/p>\n<p>With: <br \/>Niklas Alof \/ Kindernothilfe<br \/>Anja Fabrizius \/ SV Werder Bremen<br \/>Amadeus Itzenh\u00e4user \/ Sportjugend Hessen<br \/>Matthias M\u00fchlen \/ VfL Bochum<br \/>David Lebuser \/ SIT\u2018N\u2018SKATE<\/p>\n<p>Moderation: Axel Poth und Peter Braun \/ Dentons, Pro Bono Deutschland<\/p>\n\t\t\t\t\t\t\t\t<\/div>\n\t\t\t\t<\/div>\n\t\t\t\t<div class=\"elementor-element elementor-element-f9669c5 elementor-widget elementor-widget-bdt-accordion\" data-id=\"f9669c5\" data-element_type=\"widget\" data-e-type=\"widget\" data-widget_type=\"bdt-accordion.default\">\n\t\t\t\t<div class=\"elementor-widget-container\">\n\t\t\t\t\t\t\t<div class=\"bdt-ep-accordion-container\">\n\t\t\t<div id=\"bdt-ep-accordion-f9669c5\" class=\"bdt-ep-accordion bdt-accordion\" data-bdt-accordion=\"{&quot;collapsible&quot;:true,&quot;multiple&quot;:false,&quot;transition&quot;:&quot;ease-in-out&quot;}\" \t\tdata-settings=\"{&quot;id&quot;:&quot;bdt-ep-accordion-f9669c5&quot;,&quot;activeHash&quot;:&quot;&quot;,&quot;activeScrollspy&quot;:null,&quot;hashTopOffset&quot;:false,&quot;hashScrollspyTime&quot;:false,&quot;closeAllItemsOnMobile&quot;:false}\">\n\t\t\t\t\t\t\t\t\t<div class=\"bdt-ep-accordion-item\">\n\t\t\t\t\t\t<p\t\t\t\t\t\t\tclass=\"bdt-ep-accordion-title bdt-accordion-title bdt-flex bdt-flex-middle \" id=\"bdt-ep-accordion-mehr-lesen\"\n\t\t\t\t\t\t\tdata-accordion-index=\"0\" data-title=\"mehr-lesen\">\n\n\t\t\t\t\t\t\t\t\t\t\t\t\t\t\t<span class=\"bdt-ep-accordion-icon bdt-flex-align-left\"\n\t\t\t\t\t\t\t\t\taria-hidden=\"true\">\n\n\t\t\t\t\t\t\t\t\t\t\t\t\t\t\t\t\t\t\t<span class=\"bdt-ep-accordion-icon-closed\">\n\t\t\t\t\t\t\t\t\t\t\t<i aria-hidden=\"true\" class=\"fa-fw fas fa-chevron-down\"><\/i>\t\t\t\t\t\t\t\t\t\t<\/span>\n\t\t\t\t\t\t\t\t\t\n\t\t\t\t\t\t\t\t\t\t\t\t\t\t\t\t\t\t\t<span class=\"bdt-ep-accordion-icon-opened\">\n\t\t\t\t\t\t\t\t\t\t\t<i aria-hidden=\"true\" class=\"fa-fw fas fa-chevron-up\"><\/i>\t\t\t\t\t\t\t\t\t\t<\/span>\n\t\t\t\t\t\t\t\t\t\n\t\t\t\t\t\t\t\t<\/span>\n\t\t\t\t\t\t\t\n\t\t\t\t\t\t\t<span role=\"heading\" class=\"bdt-ep-title-text bdt-flex-inline bdt-flex-middle\" >\n\n\t\t\t\t\t\t\t\t\t\t\t\t\t\t\t\tMehr lesen\t\t\t\t\t\t\t<\/span>\n\n\t\t\t\t\t\t<\/p>\n\t\t\t\t\t\t<div class=\"bdt-ep-accordion-content bdt-accordion-content\">\n\t\t\t\t\t\t\t<p>Jeden Tag treiben in Deutschland tausende von Kinder Sport in Sportvereinen &#8211; sei es im Fu\u00dfballverein, Tischtennisclub oder z.B. bei SIT\u2019N\u2019SKATE, einem Verein der sich f\u00fcr die Teilhabe und Inklusion von (jungen) Rollstuhlfahrer*innen im Skatepark einsetzt. Wenn Kinder in Sportvereinen aktiv sind, m\u00fcssen dort aber auch immer ihre spezifischen Rechte gewahrt und ihrem besonderem Schutzbed\u00fcrfnis Rechnung getragen werden: <br \/>Mit unseren Gespr\u00e4chspartner*innen m\u00f6chten wir herausarbeiten:<\/p><p><strong>1. Kinderrechte im Sport:<\/strong><br \/>\u2022 Wo stehen wir und wo wollen wir hin?<br \/>\u2022 Welche Rechte sind f\u00fcr Kinder gerade im Sport besonders relevant?<br \/>\u2022 Wie kann sichergestellt werden, dass alle Kinder Zugang und gleiche Chancen im Sport haben?<\/p><p><strong>2. Kinderschutz im Sport:<\/strong> <br \/>Wie k\u00f6nnen Kinder vor k\u00f6rperlichem, psychischem oder sexuellem Missbrauch im <br \/>Sport gesch\u00fctzt werden?<\/p><p><strong>3. Umsetzung von Kinderrechten im Sport:<\/strong> <br \/>Was k\u00f6nnen Sportvereine und Sportverb\u00e4nde tun?<\/p><p><strong>4. Wie k\u00f6nnen Anw\u00e4lt:innen Pro Bono unterst\u00fctzen?<\/strong> Wie kann Pro Bono Beratung dazu beitragen, dass <br \/>Kinderrechte im Sport gest\u00e4rkt und das Wohlergehen von Kindern nachhaltig gesch\u00fctzt wird?<\/p><p>Eine Veranstaltung von Pro Bono Deutschland mit Unterst\u00fctzung der UPJ Pro Bono Rechtsberatung<\/p>\t\t\t\t\t\t<\/div>\n\t\t\t\t\t<\/div>\n\t\t\t\t\t\t\t<\/div>\n\t\t<\/div>\n\t\t\t\t\t\t<\/div>\n\t\t\t\t<\/div>\n\t\t\t\t<div class=\"elementor-element elementor-element-bcef4c5 elementor-widget elementor-widget-text-editor\" data-id=\"bcef4c5\" data-element_type=\"widget\" data-e-type=\"widget\" data-widget_type=\"text-editor.default\">\n\t\t\t\t<div class=\"elementor-widget-container\">\n\t\t\t\t\t\t\t\t\t<p><strong>Via Zoom &gt; <a href=\"https:\/\/upj-de.zoom.us\/meeting\/register\/u5UrceGhrj0oG9Ewh72dEaHIuYTvE8FUS3UE#\/registration\" target=\"_blank\" rel=\"noopener\">Registrierung<\/a><\/strong><\/p>\n\t\t\t\t\t\t\t\t<\/div>\n\t\t\t\t<\/div>\n\t\t\t\t<div class=\"elementor-element elementor-element-0468681 elementor-widget elementor-widget-spacer\" data-id=\"0468681\" data-element_type=\"widget\" data-e-type=\"widget\" data-widget_type=\"spacer.default\">\n\t\t\t\t<div class=\"elementor-widget-container\">\n\t\t\t\t\t\t\t<div class=\"elementor-spacer\">\n\t\t\t<div class=\"elementor-spacer-inner\"><\/div>\n\t\t<\/div>\n\t\t\t\t\t\t<\/div>\n\t\t\t\t<\/div>\n\t\t\t\t\t<\/div>\n\t\t<\/div>\n\t\t\t\t\t<\/div>\n\t\t<\/section>\n\t\t\t\t<section class=\"elementor-section elementor-top-section elementor-element elementor-element-328d08e3 elementor-section-boxed elementor-section-height-default elementor-section-height-default\" data-id=\"328d08e3\" data-element_type=\"section\" data-e-type=\"section\">\n\t\t\t\t\t\t<div class=\"elementor-container elementor-column-gap-default\">\n\t\t\t\t\t<div class=\"elementor-column elementor-col-100 elementor-top-column elementor-element elementor-element-eb17231\" data-id=\"eb17231\" data-element_type=\"column\" data-e-type=\"column\">\n\t\t\t<div class=\"elementor-widget-wrap elementor-element-populated\">\n\t\t\t\t\t\t<div class=\"elementor-element elementor-element-081ac1d elementor-widget elementor-widget-spacer\" data-id=\"081ac1d\" data-element_type=\"widget\" data-e-type=\"widget\" data-widget_type=\"spacer.default\">\n\t\t\t\t<div class=\"elementor-widget-container\">\n\t\t\t\t\t\t\t<div class=\"elementor-spacer\">\n\t\t\t<div class=\"elementor-spacer-inner\"><\/div>\n\t\t<\/div>\n\t\t\t\t\t\t<\/div>\n\t\t\t\t<\/div>\n\t\t\t\t\t<\/div>\n\t\t<\/div>\n\t\t\t\t\t<\/div>\n\t\t<\/section>\n\t\t\t\t<\/div>\n\t\t","protected":false},"excerpt":{"rendered":"<p>Die Pro Bono Woche w\u00fcrdigt traditionell die Rolle von Pro-bono-Anw\u00e4lt*innen in Europa bei der Unterst\u00fctzung der Zivilgesellschaft und der F\u00f6rderung des Zugangs zum Recht.<\/p>\n","protected":false},"author":2,"featured_media":9866,"template":"","meta":{"_acf_changed":false,"_tribe_events_status":"","_tribe_events_status_reason":"","footnotes":""},"tags":[],"tribe_events_cat":[],"class_list":["post-9874","tribe_events","type-tribe_events","status-publish","has-post-thumbnail","hentry"],"acf":[],"yoast_head":"<!-- This site is optimized with the Yoast SEO plugin v27.5 - https:\/\/yoast.com\/product\/yoast-seo-wordpress\/ -->\n<title>Pro Bono Day Deutschland - European Pro Bono Week 2023 &#8226; Pro Bono Rechtsberatung<\/title>\n<meta name=\"description\" content=\"The Pro Bono Week acknowledges the role of pro bono lawyers in supporting civil society and promoting access to justice. The goal of Pro Bono Week is to bring together various pro bono stakeholders - lawyers, students, non-profit organizations, academics and businesses - to discuss key issues related to the legal needs and importance of pro bono.\" \/>\n<meta name=\"robots\" content=\"index, follow, max-snippet:-1, max-image-preview:large, max-video-preview:-1\" \/>\n<link rel=\"canonical\" href=\"https:\/\/probono-rechtsberatung.de\/en\/veranstaltung\/pro-bono-day-deutschland-european-pro-bono-week-2023\/\" \/>\n<meta property=\"og:locale\" content=\"en_US\" \/>\n<meta property=\"og:type\" content=\"article\" \/>\n<meta property=\"og:title\" content=\"Pro Bono Day Deutschland - European Pro Bono Week 2023 &#8226; Pro Bono Rechtsberatung\" \/>\n<meta property=\"og:description\" content=\"The Pro Bono Week acknowledges the role of pro bono lawyers in supporting civil society and promoting access to justice. The goal of Pro Bono Week is to bring together various pro bono stakeholders - lawyers, students, non-profit organizations, academics and businesses - to discuss key issues related to the legal needs and importance of pro bono.\" \/>\n<meta property=\"og:url\" content=\"https:\/\/probono-rechtsberatung.de\/en\/veranstaltung\/pro-bono-day-deutschland-european-pro-bono-week-2023\/\" \/>\n<meta property=\"og:site_name\" content=\"Pro Bono Rechtsberatung\" \/>\n<meta property=\"article:modified_time\" content=\"2025-01-24T10:28:29+00:00\" \/>\n<meta property=\"og:image\" content=\"https:\/\/probono-rechtsberatung.de\/wp-content\/uploads\/2022\/10\/banner_pbw_2022.png\" \/>\n\t<meta property=\"og:image:width\" content=\"2250\" \/>\n\t<meta property=\"og:image:height\" content=\"407\" \/>\n\t<meta property=\"og:image:type\" content=\"image\/png\" \/>\n<meta name=\"twitter:card\" content=\"summary_large_image\" \/>\n<meta name=\"twitter:label1\" content=\"Est. reading time\" \/>\n\t<meta name=\"twitter:data1\" content=\"2 minutes\" \/>\n<script type=\"application\/ld+json\" class=\"yoast-schema-graph\">{\"@context\":\"https:\\\/\\\/schema.org\",\"@graph\":[{\"@type\":\"WebPage\",\"@id\":\"https:\\\/\\\/probono-rechtsberatung.de\\\/en\\\/veranstaltung\\\/pro-bono-day-deutschland-european-pro-bono-week-2023\\\/\",\"url\":\"https:\\\/\\\/probono-rechtsberatung.de\\\/en\\\/veranstaltung\\\/pro-bono-day-deutschland-european-pro-bono-week-2023\\\/\",\"name\":\"Pro Bono Day Deutschland - European Pro Bono Week 2023 &#8226; Pro Bono Rechtsberatung\",\"isPartOf\":{\"@id\":\"https:\\\/\\\/probono-rechtsberatung.de\\\/en\\\/#website\"},\"primaryImageOfPage\":{\"@id\":\"https:\\\/\\\/probono-rechtsberatung.de\\\/en\\\/veranstaltung\\\/pro-bono-day-deutschland-european-pro-bono-week-2023\\\/#primaryimage\"},\"image\":{\"@id\":\"https:\\\/\\\/probono-rechtsberatung.de\\\/en\\\/veranstaltung\\\/pro-bono-day-deutschland-european-pro-bono-week-2023\\\/#primaryimage\"},\"thumbnailUrl\":\"https:\\\/\\\/probono-rechtsberatung.de\\\/wp-content\\\/uploads\\\/2022\\\/10\\\/banner_pbw_2022.png\",\"datePublished\":\"2023-11-07T15:19:10+00:00\",\"dateModified\":\"2025-01-24T10:28:29+00:00\",\"description\":\"The Pro Bono Week acknowledges the role of pro bono lawyers in supporting civil society and promoting access to justice. The goal of Pro Bono Week is to bring together various pro bono stakeholders - lawyers, students, non-profit organizations, academics and businesses - to discuss key issues related to the legal needs and importance of pro bono.\",\"breadcrumb\":{\"@id\":\"https:\\\/\\\/probono-rechtsberatung.de\\\/en\\\/veranstaltung\\\/pro-bono-day-deutschland-european-pro-bono-week-2023\\\/#breadcrumb\"},\"inLanguage\":\"en-US\",\"potentialAction\":[{\"@type\":\"ReadAction\",\"target\":[\"https:\\\/\\\/probono-rechtsberatung.de\\\/en\\\/veranstaltung\\\/pro-bono-day-deutschland-european-pro-bono-week-2023\\\/\"]}]},{\"@type\":\"ImageObject\",\"inLanguage\":\"en-US\",\"@id\":\"https:\\\/\\\/probono-rechtsberatung.de\\\/en\\\/veranstaltung\\\/pro-bono-day-deutschland-european-pro-bono-week-2023\\\/#primaryimage\",\"url\":\"https:\\\/\\\/probono-rechtsberatung.de\\\/wp-content\\\/uploads\\\/2022\\\/10\\\/banner_pbw_2022.png\",\"contentUrl\":\"https:\\\/\\\/probono-rechtsberatung.de\\\/wp-content\\\/uploads\\\/2022\\\/10\\\/banner_pbw_2022.png\",\"width\":2250,\"height\":407},{\"@type\":\"BreadcrumbList\",\"@id\":\"https:\\\/\\\/probono-rechtsberatung.de\\\/en\\\/veranstaltung\\\/pro-bono-day-deutschland-european-pro-bono-week-2023\\\/#breadcrumb\",\"itemListElement\":[{\"@type\":\"ListItem\",\"position\":1,\"name\":\"Startseite\",\"item\":\"https:\\\/\\\/probono-rechtsberatung.de\\\/en\\\/\"},{\"@type\":\"ListItem\",\"position\":2,\"name\":\"Events\",\"item\":\"https:\\\/\\\/probono-rechtsberatung.de\\\/en\\\/veranstaltungen\\\/\"},{\"@type\":\"ListItem\",\"position\":3,\"name\":\"Pro Bono Day Deutschland &#8211; European Pro Bono Week 2023\"}]},{\"@type\":\"WebSite\",\"@id\":\"https:\\\/\\\/probono-rechtsberatung.de\\\/en\\\/#website\",\"url\":\"https:\\\/\\\/probono-rechtsberatung.de\\\/en\\\/\",\"name\":\"Pro Bono Rechtsberatung\",\"description\":\"f\u00fcr Non-Profit-Organisationen\",\"publisher\":{\"@id\":\"https:\\\/\\\/probono-rechtsberatung.de\\\/en\\\/#organization\"},\"potentialAction\":[{\"@type\":\"SearchAction\",\"target\":{\"@type\":\"EntryPoint\",\"urlTemplate\":\"https:\\\/\\\/probono-rechtsberatung.de\\\/en\\\/?s={search_term_string}\"},\"query-input\":{\"@type\":\"PropertyValueSpecification\",\"valueRequired\":true,\"valueName\":\"search_term_string\"}}],\"inLanguage\":\"en-US\"},{\"@type\":\"Organization\",\"@id\":\"https:\\\/\\\/probono-rechtsberatung.de\\\/en\\\/#organization\",\"name\":\"Pro Bono Rechtsberatung\",\"url\":\"https:\\\/\\\/probono-rechtsberatung.de\\\/en\\\/\",\"logo\":{\"@type\":\"ImageObject\",\"inLanguage\":\"en-US\",\"@id\":\"https:\\\/\\\/probono-rechtsberatung.de\\\/en\\\/#\\\/schema\\\/logo\\\/image\\\/\",\"url\":\"https:\\\/\\\/probono-rechtsberatung.de\\\/wp-content\\\/uploads\\\/2021\\\/11\\\/upj-pro_bono_weblogo-01.svg\",\"contentUrl\":\"https:\\\/\\\/probono-rechtsberatung.de\\\/wp-content\\\/uploads\\\/2021\\\/11\\\/upj-pro_bono_weblogo-01.svg\",\"width\":1010,\"height\":164,\"caption\":\"Pro Bono Rechtsberatung\"},\"image\":{\"@id\":\"https:\\\/\\\/probono-rechtsberatung.de\\\/en\\\/#\\\/schema\\\/logo\\\/image\\\/\"}}]}<\/script>\n<!-- \/ Yoast SEO plugin. -->","yoast_head_json":{"title":"Pro Bono Day Deutschland - European Pro Bono Week 2023 &#8226; Pro Bono Rechtsberatung","description":"The Pro Bono Week acknowledges the role of pro bono lawyers in supporting civil society and promoting access to justice. The goal of Pro Bono Week is to bring together various pro bono stakeholders - lawyers, students, non-profit organizations, academics and businesses - to discuss key issues related to the legal needs and importance of pro bono.","robots":{"index":"index","follow":"follow","max-snippet":"max-snippet:-1","max-image-preview":"max-image-preview:large","max-video-preview":"max-video-preview:-1"},"canonical":"https:\/\/probono-rechtsberatung.de\/en\/veranstaltung\/pro-bono-day-deutschland-european-pro-bono-week-2023\/","og_locale":"en_US","og_type":"article","og_title":"Pro Bono Day Deutschland - European Pro Bono Week 2023 &#8226; Pro Bono Rechtsberatung","og_description":"The Pro Bono Week acknowledges the role of pro bono lawyers in supporting civil society and promoting access to justice. The goal of Pro Bono Week is to bring together various pro bono stakeholders - lawyers, students, non-profit organizations, academics and businesses - to discuss key issues related to the legal needs and importance of pro bono.","og_url":"https:\/\/probono-rechtsberatung.de\/en\/veranstaltung\/pro-bono-day-deutschland-european-pro-bono-week-2023\/","og_site_name":"Pro Bono Rechtsberatung","article_modified_time":"2025-01-24T10:28:29+00:00","og_image":[{"width":2250,"height":407,"url":"https:\/\/probono-rechtsberatung.de\/wp-content\/uploads\/2022\/10\/banner_pbw_2022.png","type":"image\/png"}],"twitter_card":"summary_large_image","twitter_misc":{"Est. reading time":"2 minutes"},"schema":{"@context":"https:\/\/schema.org","@graph":[{"@type":"WebPage","@id":"https:\/\/probono-rechtsberatung.de\/en\/veranstaltung\/pro-bono-day-deutschland-european-pro-bono-week-2023\/","url":"https:\/\/probono-rechtsberatung.de\/en\/veranstaltung\/pro-bono-day-deutschland-european-pro-bono-week-2023\/","name":"Pro Bono Day Deutschland - European Pro Bono Week 2023 &#8226; Pro Bono Rechtsberatung","isPartOf":{"@id":"https:\/\/probono-rechtsberatung.de\/en\/#website"},"primaryImageOfPage":{"@id":"https:\/\/probono-rechtsberatung.de\/en\/veranstaltung\/pro-bono-day-deutschland-european-pro-bono-week-2023\/#primaryimage"},"image":{"@id":"https:\/\/probono-rechtsberatung.de\/en\/veranstaltung\/pro-bono-day-deutschland-european-pro-bono-week-2023\/#primaryimage"},"thumbnailUrl":"https:\/\/probono-rechtsberatung.de\/wp-content\/uploads\/2022\/10\/banner_pbw_2022.png","datePublished":"2023-11-07T15:19:10+00:00","dateModified":"2025-01-24T10:28:29+00:00","description":"The Pro Bono Week acknowledges the role of pro bono lawyers in supporting civil society and promoting access to justice. The goal of Pro Bono Week is to bring together various pro bono stakeholders - lawyers, students, non-profit organizations, academics and businesses - to discuss key issues related to the legal needs and importance of pro bono.","breadcrumb":{"@id":"https:\/\/probono-rechtsberatung.de\/en\/veranstaltung\/pro-bono-day-deutschland-european-pro-bono-week-2023\/#breadcrumb"},"inLanguage":"en-US","potentialAction":[{"@type":"ReadAction","target":["https:\/\/probono-rechtsberatung.de\/en\/veranstaltung\/pro-bono-day-deutschland-european-pro-bono-week-2023\/"]}]},{"@type":"ImageObject","inLanguage":"en-US","@id":"https:\/\/probono-rechtsberatung.de\/en\/veranstaltung\/pro-bono-day-deutschland-european-pro-bono-week-2023\/#primaryimage","url":"https:\/\/probono-rechtsberatung.de\/wp-content\/uploads\/2022\/10\/banner_pbw_2022.png","contentUrl":"https:\/\/probono-rechtsberatung.de\/wp-content\/uploads\/2022\/10\/banner_pbw_2022.png","width":2250,"height":407},{"@type":"BreadcrumbList","@id":"https:\/\/probono-rechtsberatung.de\/en\/veranstaltung\/pro-bono-day-deutschland-european-pro-bono-week-2023\/#breadcrumb","itemListElement":[{"@type":"ListItem","position":1,"name":"Startseite","item":"https:\/\/probono-rechtsberatung.de\/en\/"},{"@type":"ListItem","position":2,"name":"Events","item":"https:\/\/probono-rechtsberatung.de\/en\/veranstaltungen\/"},{"@type":"ListItem","position":3,"name":"Pro Bono Day Deutschland &#8211; European Pro Bono Week 2023"}]},{"@type":"WebSite","@id":"https:\/\/probono-rechtsberatung.de\/en\/#website","url":"https:\/\/probono-rechtsberatung.de\/en\/","name":"Pro Bono Rechtsberatung","description":"f\u00fcr Non-Profit-Organisationen","publisher":{"@id":"https:\/\/probono-rechtsberatung.de\/en\/#organization"},"potentialAction":[{"@type":"SearchAction","target":{"@type":"EntryPoint","urlTemplate":"https:\/\/probono-rechtsberatung.de\/en\/?s={search_term_string}"},"query-input":{"@type":"PropertyValueSpecification","valueRequired":true,"valueName":"search_term_string"}}],"inLanguage":"en-US"},{"@type":"Organization","@id":"https:\/\/probono-rechtsberatung.de\/en\/#organization","name":"Pro Bono Rechtsberatung","url":"https:\/\/probono-rechtsberatung.de\/en\/","logo":{"@type":"ImageObject","inLanguage":"en-US","@id":"https:\/\/probono-rechtsberatung.de\/en\/#\/schema\/logo\/image\/","url":"https:\/\/probono-rechtsberatung.de\/wp-content\/uploads\/2021\/11\/upj-pro_bono_weblogo-01.svg","contentUrl":"https:\/\/probono-rechtsberatung.de\/wp-content\/uploads\/2021\/11\/upj-pro_bono_weblogo-01.svg","width":1010,"height":164,"caption":"Pro Bono Rechtsberatung"},"image":{"@id":"https:\/\/probono-rechtsberatung.de\/en\/#\/schema\/logo\/image\/"}}]}},"_links":{"self":[{"href":"https:\/\/probono-rechtsberatung.de\/en\/wp-json\/wp\/v2\/tribe_events\/9874","targetHints":{"allow":["GET"]}}],"collection":[{"href":"https:\/\/probono-rechtsberatung.de\/en\/wp-json\/wp\/v2\/tribe_events"}],"about":[{"href":"https:\/\/probono-rechtsberatung.de\/en\/wp-json\/wp\/v2\/types\/tribe_events"}],"author":[{"embeddable":true,"href":"https:\/\/probono-rechtsberatung.de\/en\/wp-json\/wp\/v2\/users\/2"}],"version-history":[{"count":2,"href":"https:\/\/probono-rechtsberatung.de\/en\/wp-json\/wp\/v2\/tribe_events\/9874\/revisions"}],"predecessor-version":[{"id":11217,"href":"https:\/\/probono-rechtsberatung.de\/en\/wp-json\/wp\/v2\/tribe_events\/9874\/revisions\/11217"}],"wp:featuredmedia":[{"embeddable":true,"href":"https:\/\/probono-rechtsberatung.de\/en\/wp-json\/wp\/v2\/media\/9866"}],"wp:attachment":[{"href":"https:\/\/probono-rechtsberatung.de\/en\/wp-json\/wp\/v2\/media?parent=9874"}],"wp:term":[{"taxonomy":"post_tag","embeddable":true,"href":"https:\/\/probono-rechtsberatung.de\/en\/wp-json\/wp\/v2\/tags?post=9874"},{"taxonomy":"tribe_events_cat","embeddable":true,"href":"https:\/\/probono-rechtsberatung.de\/en\/wp-json\/wp\/v2\/tribe_events_cat?post=9874"}],"curies":[{"name":"wp","href":"https:\/\/api.w.org\/{rel}","templated":true}]}}