{"id":9865,"date":"2022-10-27T12:55:10","date_gmt":"2022-10-27T10:55:10","guid":{"rendered":"https:\/\/probono-rechtsberatung.de\/veranstaltung\/pro-bono-woche-2022-deutschland\/"},"modified":"2024-05-02T14:55:01","modified_gmt":"2024-05-02T12:55:01","slug":"pro-bono-woche-2022-deutschland","status":"publish","type":"tribe_events","link":"https:\/\/probono-rechtsberatung.de\/en\/veranstaltung\/pro-bono-woche-2022-deutschland\/","title":{"rendered":"Pro Bono Woche 2022 \/ Deutschland"},"content":{"rendered":"\t\t<div data-elementor-type=\"wp-post\" data-elementor-id=\"9865\" class=\"elementor elementor-9865 elementor-4255\" data-elementor-settings=\"{&quot;element_pack_global_tooltip_width&quot;:{&quot;unit&quot;:&quot;px&quot;,&quot;size&quot;:&quot;&quot;,&quot;sizes&quot;:[]},&quot;element_pack_global_tooltip_width_tablet&quot;:{&quot;unit&quot;:&quot;px&quot;,&quot;size&quot;:&quot;&quot;,&quot;sizes&quot;:[]},&quot;element_pack_global_tooltip_width_mobile&quot;:{&quot;unit&quot;:&quot;px&quot;,&quot;size&quot;:&quot;&quot;,&quot;sizes&quot;:[]},&quot;element_pack_global_tooltip_padding&quot;:{&quot;unit&quot;:&quot;px&quot;,&quot;top&quot;:&quot;&quot;,&quot;right&quot;:&quot;&quot;,&quot;bottom&quot;:&quot;&quot;,&quot;left&quot;:&quot;&quot;,&quot;isLinked&quot;:true},&quot;element_pack_global_tooltip_padding_tablet&quot;:{&quot;unit&quot;:&quot;px&quot;,&quot;top&quot;:&quot;&quot;,&quot;right&quot;:&quot;&quot;,&quot;bottom&quot;:&quot;&quot;,&quot;left&quot;:&quot;&quot;,&quot;isLinked&quot;:true},&quot;element_pack_global_tooltip_padding_mobile&quot;:{&quot;unit&quot;:&quot;px&quot;,&quot;top&quot;:&quot;&quot;,&quot;right&quot;:&quot;&quot;,&quot;bottom&quot;:&quot;&quot;,&quot;left&quot;:&quot;&quot;,&quot;isLinked&quot;:true},&quot;element_pack_global_tooltip_border_radius&quot;:{&quot;unit&quot;:&quot;px&quot;,&quot;top&quot;:&quot;&quot;,&quot;right&quot;:&quot;&quot;,&quot;bottom&quot;:&quot;&quot;,&quot;left&quot;:&quot;&quot;,&quot;isLinked&quot;:true},&quot;element_pack_global_tooltip_border_radius_tablet&quot;:{&quot;unit&quot;:&quot;px&quot;,&quot;top&quot;:&quot;&quot;,&quot;right&quot;:&quot;&quot;,&quot;bottom&quot;:&quot;&quot;,&quot;left&quot;:&quot;&quot;,&quot;isLinked&quot;:true},&quot;element_pack_global_tooltip_border_radius_mobile&quot;:{&quot;unit&quot;:&quot;px&quot;,&quot;top&quot;:&quot;&quot;,&quot;right&quot;:&quot;&quot;,&quot;bottom&quot;:&quot;&quot;,&quot;left&quot;:&quot;&quot;,&quot;isLinked&quot;:true}}\" data-elementor-post-type=\"tribe_events\">\n\t\t\t\t<div class=\"elementor-element elementor-element-4b9c947 e-con-full e-flex e-con e-parent\" data-id=\"4b9c947\" data-element_type=\"container\" data-e-type=\"container\">\n\t\t\t\t<div class=\"elementor-element elementor-element-e718b79 elementor-widget elementor-widget-heading\" data-id=\"e718b79\" data-element_type=\"widget\" data-e-type=\"widget\" data-widget_type=\"heading.default\">\n\t\t\t\t<div class=\"elementor-widget-container\">\n\t\t\t\t\t<h1 class=\"elementor-heading-title elementor-size-default\">European Pro Bono Week 2022 - Germany<\/h1>\t\t\t\t<\/div>\n\t\t\t\t<\/div>\n\t\t\t\t<\/div>\n\t\t<div class=\"elementor-element elementor-element-c208130 e-con-full e-flex e-con e-parent\" data-id=\"c208130\" data-element_type=\"container\" data-e-type=\"container\">\n\t\t\t\t<div class=\"elementor-element elementor-element-36b97e8 elementor-widget elementor-widget-heading\" data-id=\"36b97e8\" data-element_type=\"widget\" data-e-type=\"widget\" data-widget_type=\"heading.default\">\n\t\t\t\t<div class=\"elementor-widget-container\">\n\t\t\t\t\t<h2 class=\"elementor-heading-title elementor-size-default\">21-25 November, Events free of charge<\/h2>\t\t\t\t<\/div>\n\t\t\t\t<\/div>\n\t\t\t\t<div class=\"elementor-element elementor-element-ea89543 elementor-widget elementor-widget-image\" data-id=\"ea89543\" data-element_type=\"widget\" data-e-type=\"widget\" data-widget_type=\"image.default\">\n\t\t\t\t<div class=\"elementor-widget-container\">\n\t\t\t\t\t\t\t\t\t\t\t\t\t\t\t<img fetchpriority=\"high\" decoding=\"async\" width=\"2250\" height=\"407\" src=\"https:\/\/probono-rechtsberatung.de\/wp-content\/uploads\/2022\/10\/banner_pbw_2022.png\" class=\"attachment-full size-full wp-image-9866\" alt=\"\" srcset=\"https:\/\/probono-rechtsberatung.de\/wp-content\/uploads\/2022\/10\/banner_pbw_2022.png 2250w, https:\/\/probono-rechtsberatung.de\/wp-content\/uploads\/2022\/10\/banner_pbw_2022-300x54.png 300w, https:\/\/probono-rechtsberatung.de\/wp-content\/uploads\/2022\/10\/banner_pbw_2022-1024x185.png 1024w, https:\/\/probono-rechtsberatung.de\/wp-content\/uploads\/2022\/10\/banner_pbw_2022-768x139.png 768w, https:\/\/probono-rechtsberatung.de\/wp-content\/uploads\/2022\/10\/banner_pbw_2022-1536x278.png 1536w, https:\/\/probono-rechtsberatung.de\/wp-content\/uploads\/2022\/10\/banner_pbw_2022-2048x370.png 2048w\" sizes=\"(max-width: 2250px) 100vw, 2250px\" \/>\t\t\t\t\t\t\t\t\t\t\t\t\t\t\t<\/div>\n\t\t\t\t<\/div>\n\t\t\t\t<\/div>\n\t\t\t\t<section class=\"elementor-section elementor-top-section elementor-element elementor-element-0036d58 elementor-section-boxed elementor-section-height-default elementor-section-height-default\" data-id=\"0036d58\" data-element_type=\"section\" data-e-type=\"section\">\n\t\t\t\t\t\t<div class=\"elementor-container elementor-column-gap-no\">\n\t\t\t\t\t<div class=\"elementor-column elementor-col-100 elementor-top-column elementor-element elementor-element-ca5164b\" data-id=\"ca5164b\" data-element_type=\"column\" data-e-type=\"column\">\n\t\t\t<div class=\"elementor-widget-wrap elementor-element-populated\">\n\t\t\t\t\t\t<div class=\"elementor-element elementor-element-7e8a57b7 elementor-widget elementor-widget-text-editor\" data-id=\"7e8a57b7\" data-element_type=\"widget\" data-e-type=\"widget\" data-widget_type=\"text-editor.default\">\n\t\t\t\t<div class=\"elementor-widget-container\">\n\t\t\t\t\t\t\t\t\t<p><strong>Pro Bono in Krisenzeiten<\/strong><\/p>\n<p>Die vergangenen Jahre mit der Pandemie, dem Krieg in der Ukraine oder den Auswirkungen des Klimawandels haben uns alle getroffen, vor allem aber die Schw\u00e4chsten der Gesellschaft. Auch gemeinn\u00fctzige Organisationen und Sozialunternehmen sehen sich mit neuen und schnell ver\u00e4ndernden Herausforderungen in wirtschaftlicher, sozialer und \u00f6kologischer Hinsicht konfrontiert. Welche Rolle spielen dabei Anw\u00e4lt*innen, die sich f\u00fcr die Zivilgesellschaft engagieren. Wie k\u00f6nnen Sie mit anderen Akteuren zusammenarbeiten und wirkungsvolle L\u00f6sungen entwickeln?<\/p>\n\t\t\t\t\t\t\t\t<\/div>\n\t\t\t\t<\/div>\n\t\t\t\t<div class=\"elementor-element elementor-element-3d7dbcd elementor-widget elementor-widget-text-editor\" data-id=\"3d7dbcd\" data-element_type=\"widget\" data-e-type=\"widget\" data-widget_type=\"text-editor.default\">\n\t\t\t\t<div class=\"elementor-widget-container\">\n\t\t\t\t\t\t\t\t\t<p style=\"text-align: left;\">Montag 21. November 2022, 14.00-15.30 Uhr<\/p>\n<p><strong>Online<\/strong><\/p>\n<h3>Opening event of the European Pro Bono Week<\/h3>\n<p style=\"text-align: left;\"><strong>Via Zoom <a href=\"https:\/\/us06web.zoom.us\/webinar\/register\/WN_I1RrOZN4SGS_XFfl9Ac__A#\/registration\" target=\"_blank\" rel=\"noopener\">&gt; Informationen und Anmeldung<\/a><\/strong><\/p>\n\t\t\t\t\t\t\t\t<\/div>\n\t\t\t\t<\/div>\n\t\t\t\t<div class=\"elementor-element elementor-element-0468681 elementor-widget elementor-widget-spacer\" data-id=\"0468681\" data-element_type=\"widget\" data-e-type=\"widget\" data-widget_type=\"spacer.default\">\n\t\t\t\t<div class=\"elementor-widget-container\">\n\t\t\t\t\t\t\t<div class=\"elementor-spacer\">\n\t\t\t<div class=\"elementor-spacer-inner\"><\/div>\n\t\t<\/div>\n\t\t\t\t\t\t<\/div>\n\t\t\t\t<\/div>\n\t\t\t\t<div class=\"elementor-element elementor-element-536b6d4 elementor-widget elementor-widget-text-editor\" data-id=\"536b6d4\" data-element_type=\"widget\" data-e-type=\"widget\" data-widget_type=\"text-editor.default\">\n\t\t\t\t<div class=\"elementor-widget-container\">\n\t\t\t\t\t\t\t\t\t<p style=\"text-align: left;\">Dienstag, 22. November 2022, 10.00-11.30 Uhr<\/p>\n<p style=\"text-align: left;\"><strong>Online-Seminar f\u00fcr gemeinn\u00fctzige Organisationen \u2013 Zielgruppe: Vereine mit Sitz in Deutschland<\/strong><\/p>\n<h3>Die Satzung \u2013 Welche M\u00f6glichkeiten und Grenzen zeigt sie auf?<\/h3>\n<p style=\"text-align: left;\">Oft ist den Verantwortlichen nicht bewusst, dass die Satzung die rechtliche Grundlage aller Handlungsbereiche darstellt. Gerade in Krisenzeiten kann es vorkommen, dass sich der Arbeitsschwerpunkt \u00e4ndert oder dass es pl\u00f6tzlich notwendig wird, einen neuen Vereinszweck in die Arbeit zu integrieren&#8230;<\/p>\n<p style=\"text-align: left;\"><strong>Eine Anmeldung zu diesem Seminar ist nicht mehr m\u00f6glich.<\/strong><\/p>\n\t\t\t\t\t\t\t\t<\/div>\n\t\t\t\t<\/div>\n\t\t\t\t<div class=\"elementor-element elementor-element-c6018da elementor-widget elementor-widget-bdt-accordion\" data-id=\"c6018da\" data-element_type=\"widget\" data-e-type=\"widget\" data-widget_type=\"bdt-accordion.default\">\n\t\t\t\t<div class=\"elementor-widget-container\">\n\t\t\t\t\t\t\t<div class=\"bdt-ep-accordion-container\">\n\t\t\t<div id=\"bdt-ep-accordion-c6018da\" class=\"bdt-ep-accordion bdt-accordion\" data-bdt-accordion=\"{&quot;collapsible&quot;:true,&quot;multiple&quot;:false,&quot;transition&quot;:&quot;ease-in-out&quot;}\" \t\tdata-settings=\"{&quot;id&quot;:&quot;bdt-ep-accordion-c6018da&quot;,&quot;activeHash&quot;:&quot;&quot;,&quot;activeScrollspy&quot;:null,&quot;hashTopOffset&quot;:false,&quot;hashScrollspyTime&quot;:false,&quot;closeAllItemsOnMobile&quot;:false}\">\n\t\t\t\t\t\t\t\t\t<div class=\"bdt-ep-accordion-item\">\n\t\t\t\t\t\t<p\t\t\t\t\t\t\tclass=\"bdt-ep-accordion-title bdt-accordion-title bdt-flex bdt-flex-middle \" id=\"bdt-ep-accordion-mehr-lesen\"\n\t\t\t\t\t\t\tdata-accordion-index=\"0\" data-title=\"mehr-lesen\">\n\n\t\t\t\t\t\t\t\t\t\t\t\t\t\t\t<span class=\"bdt-ep-accordion-icon bdt-flex-align-left\"\n\t\t\t\t\t\t\t\t\taria-hidden=\"true\">\n\n\t\t\t\t\t\t\t\t\t\t\t\t\t\t\t\t\t\t\t<span class=\"bdt-ep-accordion-icon-closed\">\n\t\t\t\t\t\t\t\t\t\t\t<i aria-hidden=\"true\" class=\"fa-fw fas fa-chevron-down\"><\/i>\t\t\t\t\t\t\t\t\t\t<\/span>\n\t\t\t\t\t\t\t\t\t\n\t\t\t\t\t\t\t\t\t\t\t\t\t\t\t\t\t\t\t<span class=\"bdt-ep-accordion-icon-opened\">\n\t\t\t\t\t\t\t\t\t\t\t<i aria-hidden=\"true\" class=\"fa-fw fas fa-chevron-up\"><\/i>\t\t\t\t\t\t\t\t\t\t<\/span>\n\t\t\t\t\t\t\t\t\t\n\t\t\t\t\t\t\t\t<\/span>\n\t\t\t\t\t\t\t\n\t\t\t\t\t\t\t<span role=\"heading\" class=\"bdt-ep-title-text bdt-flex-inline bdt-flex-middle\" >\n\n\t\t\t\t\t\t\t\t\t\t\t\t\t\t\t\tMehr lesen\t\t\t\t\t\t\t<\/span>\n\n\t\t\t\t\t\t<\/p>\n\t\t\t\t\t\t<div class=\"bdt-ep-accordion-content bdt-accordion-content\">\n\t\t\t\t\t\t\t<figure id=\"attachment_4463\" aria-describedby=\"caption-attachment-4463\" style=\"width: 300px\" class=\"wp-caption alignnone\"><img decoding=\"async\" class=\"wp-image-4463 size-medium\" src=\"https:\/\/probono-rechtsberatung.de\/wp-content\/uploads\/2022\/11\/baron_demel_dietlein_banner-300x184.png\" alt=\"Referent*innen: Artur Baron, Anneke Demel und Georg Dietlein, CMS Deutschland\" width=\"300\" height=\"184\" srcset=\"https:\/\/probono-rechtsberatung.de\/wp-content\/uploads\/2022\/11\/baron_demel_dietlein_banner-300x184.png 300w, https:\/\/probono-rechtsberatung.de\/wp-content\/uploads\/2022\/11\/baron_demel_dietlein_banner.png 600w\" sizes=\"(max-width: 300px) 100vw, 300px\" \/><figcaption id=\"caption-attachment-4463\" class=\"wp-caption-text\">Referent*innen: Artur Baron, Anneke Demel und Georg Dietlein, CMS Deutschland<\/figcaption><\/figure><p><strong><br \/>In vielen gemeinn\u00fctzigen Organisationen gibt es Unsicherheiten dar\u00fcber, wie bindend die Formulierungen in der Satzung sind. Oft ist den Verantwortlichen nicht bewusst, dass die Satzung die rechtliche Grundlage aller Handlungsbereiche darstellt. Gerade in Krisenzeiten kann es vorkommen, dass sich der Arbeitsschwerpunkt \u00e4ndert oder dass es pl\u00f6tzlich notwendig wird, einen neuen Vereinszweck in die Arbeit zu integrieren.<\/strong> <br \/>Auch die Gremien und Entscheidungsfindungsprozesse werden in der Satzung abgebildet. Hier kann es vorkommen, dass ein Mitglied einen Prozess anfechtet oder den Entscheidungstr\u00e4ger*innen nicht klar ist, wie Befugnisse und Haftung geregelt sind. Diese und weitere grundlegende Fragen zur Bedeutung der Satzung werden im Vortrag der Rechtsanw\u00e4lte er\u00f6rtert.<\/p><p>Im zweiten Teil wird es um die M\u00f6glichkeiten gehen, die insbesondere Vereinen offenstehen, wenn es darum geht, neue Finanzierungsmodelle zu erschlie\u00dfen. Neben Grundlagen zu alternativen Rechtsformen und Ausgr\u00fcndungen werden auch die Themen F\u00f6rderkreis und Fundraising beleuchtet.<\/p><p><strong>Inhalt:<\/strong><\/p><p>Teil 1 &#8211; Grundlagen<\/p><ul><li>Bedeutung der Satzung \u2013 auch als Referenz bei vielen Unsicherheiten<\/li><li>Rechtsgrundlage, Satzungszweck (Politische Arbeit \/ Gemeinn\u00fctzigkeit)\u00a0<\/li><li>Entscheidungsfindung \u2013 in welchem Tempo \/ in welchen Gremien m\u00f6glich<\/li><li>Mitgliederversammlung \u2013 hier auch kurz etwas zur Notwendigkeit, das digitale Format festzuschreiben (virtuelle Mitgliederversammlungen)\u00a0\u00a0<\/li><\/ul><p>Teil 2 &#8211; Gestaltungsm\u00f6glichkeiten der Finanzierung<\/p><ul><li>Welche Finanzierungen sind womit m\u00f6glich?<\/li><li>Welche M\u00f6glichkeiten bieten andere Rechtsformen bzgl. der Finanzierung?\u00a0<\/li><li>Was ist beim Sponsoring zu beachten?<\/li><li>Was ist noch Spende, ab wann ist es ein Umsatz?<\/li><li>Welche Rolle spielt ein F\u00f6rderkreis \/ F\u00f6rderverein?<\/li><\/ul><p>Im Anschluss an den Vortrag gibt es Zeit f\u00fcr eine Frage-Antwort-Runde. Hier k\u00f6nnen weitere Rechtsfragen eingehender dargestellt und er\u00f6rtert werden. In diesem Online-Seminar wird jedoch keine rechtliche Pr\u00fcfung von Einzelf\u00e4llen vorgenommen werden.<\/p><p><strong>Zu den Referenten: <br \/><\/strong><\/p><p><u>Artur Baron<\/u> ist Gesellschaftsrechtsexperte und ber\u00e4t schwerpunktm\u00e4\u00dfig Unternehmen bei komplexen Konzernumstrukturierungen und Umwandlungen &#8211; auch grenz\u00fcberschreitend &#8211; sowie bei Aufsichtsratswahlen und zu Corporate Governance. Er ist seit 2017 bei CMS.<br \/><u>Anneke Demel<\/u> unterst\u00fctzt das CMS-Team in D\u00fcsseldorf neben ihrem Studium der Rechtswissenschaften als wissenschaftliche Mitarbeiterin.<br \/><u>Georg Dietlein<\/u> ber\u00e4t deutsche und internationale Unternehmen im Gesellschaftsrecht mit den Schwerpunkten Transaktionen, Umstrukturierungen und gesellschaftsrechtliche Streitigkeiten. Er ist seit 2019 bei CMS.<\/p><p>Eine Veranstaltung der UPJ Pro Bono Rechtsberatung in Zusammenarbeit mit dem Pro Bono Deutschland. Die CMS Stiftung unterst\u00fctzt das Angebot durch die Vermittlung von Referent*innen (Anw\u00e4lt*innen).<\/p>\t\t\t\t\t\t<\/div>\n\t\t\t\t\t<\/div>\n\t\t\t\t\t\t\t<\/div>\n\t\t<\/div>\n\t\t\t\t\t\t<\/div>\n\t\t\t\t<\/div>\n\t\t\t\t<div class=\"elementor-element elementor-element-7e4732e elementor-widget elementor-widget-text-editor\" data-id=\"7e4732e\" data-element_type=\"widget\" data-e-type=\"widget\" data-widget_type=\"text-editor.default\">\n\t\t\t\t<div class=\"elementor-widget-container\">\n\t\t\t\t\t\t\t\t\t<p style=\"text-align: left;\">Dienstag, 22. November 2022, 17.30-19.00 Uhr<\/p>\n<p style=\"text-align: left;\"><strong>Hybride Veranstaltung: Dentons, Frankfurt &amp; Online via Zoom<br \/><\/strong>Im Anschluss an die Veranstaltung wird es f\u00fcr diejenigen vor Ort Gelegenheit zum pers\u00f6nlichen Austausch geben.<strong><br \/><\/strong><\/p>\n<h3><strong>Pro Bono in Krisenzeiten &#8211; Praxisbeispiele<br \/><\/strong><\/h3>\n<p>Pr\u00e4sentation von drei herausragenden Pro Bono Projekten, die beispielhaft aufzeigen, welche Rolle Anw\u00e4lt*innen bei der Bew\u00e4ltigung von aktuellen Krisensituationen spielen k\u00f6nnen.<\/p>\n<p><strong>Eine Anmeldung zu diesem Seminar ist nicht mehr m\u00f6glich.<\/strong><\/p>\n\t\t\t\t\t\t\t\t<\/div>\n\t\t\t\t<\/div>\n\t\t\t\t<div class=\"elementor-element elementor-element-909c79e elementor-widget elementor-widget-bdt-accordion\" data-id=\"909c79e\" data-element_type=\"widget\" data-e-type=\"widget\" data-widget_type=\"bdt-accordion.default\">\n\t\t\t\t<div class=\"elementor-widget-container\">\n\t\t\t\t\t\t\t<div class=\"bdt-ep-accordion-container\">\n\t\t\t<div id=\"bdt-ep-accordion-909c79e\" class=\"bdt-ep-accordion bdt-accordion\" data-bdt-accordion=\"{&quot;collapsible&quot;:true,&quot;multiple&quot;:false,&quot;transition&quot;:&quot;ease-in-out&quot;}\" \t\tdata-settings=\"{&quot;id&quot;:&quot;bdt-ep-accordion-909c79e&quot;,&quot;activeHash&quot;:&quot;&quot;,&quot;activeScrollspy&quot;:null,&quot;hashTopOffset&quot;:false,&quot;hashScrollspyTime&quot;:false,&quot;closeAllItemsOnMobile&quot;:false}\">\n\t\t\t\t\t\t\t\t\t<div class=\"bdt-ep-accordion-item\">\n\t\t\t\t\t\t<p\t\t\t\t\t\t\tclass=\"bdt-ep-accordion-title bdt-accordion-title bdt-flex bdt-flex-middle \" id=\"bdt-ep-accordion-mehr-lesen\"\n\t\t\t\t\t\t\tdata-accordion-index=\"0\" data-title=\"mehr-lesen\">\n\n\t\t\t\t\t\t\t\t\t\t\t\t\t\t\t<span class=\"bdt-ep-accordion-icon bdt-flex-align-left\"\n\t\t\t\t\t\t\t\t\taria-hidden=\"true\">\n\n\t\t\t\t\t\t\t\t\t\t\t\t\t\t\t\t\t\t\t<span class=\"bdt-ep-accordion-icon-closed\">\n\t\t\t\t\t\t\t\t\t\t\t<i aria-hidden=\"true\" class=\"fa-fw fas fa-chevron-down\"><\/i>\t\t\t\t\t\t\t\t\t\t<\/span>\n\t\t\t\t\t\t\t\t\t\n\t\t\t\t\t\t\t\t\t\t\t\t\t\t\t\t\t\t\t<span class=\"bdt-ep-accordion-icon-opened\">\n\t\t\t\t\t\t\t\t\t\t\t<i aria-hidden=\"true\" class=\"fa-fw fas fa-chevron-up\"><\/i>\t\t\t\t\t\t\t\t\t\t<\/span>\n\t\t\t\t\t\t\t\t\t\n\t\t\t\t\t\t\t\t<\/span>\n\t\t\t\t\t\t\t\n\t\t\t\t\t\t\t<span role=\"heading\" class=\"bdt-ep-title-text bdt-flex-inline bdt-flex-middle\" >\n\n\t\t\t\t\t\t\t\t\t\t\t\t\t\t\t\tMehr lesen\t\t\t\t\t\t\t<\/span>\n\n\t\t\t\t\t\t<\/p>\n\t\t\t\t\t\t<div class=\"bdt-ep-accordion-content bdt-accordion-content\">\n\t\t\t\t\t\t\t<p><strong>1. Rettung einer afghanischen Familie vor den Taliban<\/strong> (Hogan Lovells)<\/p><p>Shannon Galpin, Frauenrechtsaktivistin, wandte sich im Sommer 2021, als die Taliban die Macht in Afghanistan ergriffen, an Hogan Lovells, um Unterst\u00fctzung bei der Rettung afghanischer Radsportlerinnen und deren Familien zu erhalten. Hogan Lovells mobilisierte rasch eine globale Task Force. Dem Team aus M\u00fcnchen gelang die Rettung einer Familie nach Bayern und die Zusammenf\u00fchrung mit ihrer Tochter, die einst die Radsportbewegung in Afghanistan ma\u00dfgeblich mitanf\u00fchrte (<a href=\"https:\/\/www.youtube.com\/watch?v=QJdGxeD0K4A\" target=\"_blank\" rel=\"noopener\">siehe hierzu auch das Video: Changing Lives through Pro Bono &#8211; YouTube<\/a>).<\/p><p><img decoding=\"async\" class=\"alignnone wp-image-4495 size-medium\" src=\"https:\/\/probono-rechtsberatung.de\/wp-content\/uploads\/2022\/11\/Saurin_Weixgartner_o-300x130.png\" alt=\"\" width=\"300\" height=\"130\" srcset=\"https:\/\/probono-rechtsberatung.de\/wp-content\/uploads\/2022\/11\/Saurin_Weixgartner_o-300x130.png 300w, https:\/\/probono-rechtsberatung.de\/wp-content\/uploads\/2022\/11\/Saurin_Weixgartner_o.png 598w\" sizes=\"(max-width: 300px) 100vw, 300px\" \/><\/p><p><strong>Referent*innen: <\/strong>Nicole Saurin und Katrin Weixlgartner, Hogan Lovells <br \/>zusammen mit Zakia und Reihana Mohammadi<\/p><p>\u00a0<\/p><p><strong>2. Prozessbeobachtung Al-Khatib-Verfahren vor dem OLG Konstanz<\/strong> (Clifford Chance f\u00fcr Human Rights Watch)<\/p><p>Zwischen 2020 und 2022 hat Clifford Chance den weltweit ersten Prozess wegen Staatsfolter in Syrien f\u00fcr Human Rights Watch \u00fcber mehr als einhundert Prozesstage dokumentiert und begleitet.<\/p><p><img loading=\"lazy\" decoding=\"async\" class=\"alignnone wp-image-4497 size-medium\" src=\"https:\/\/probono-rechtsberatung.de\/wp-content\/uploads\/2022\/11\/Nosakhare_Suttor_o-300x120.png\" alt=\"\" width=\"300\" height=\"120\" srcset=\"https:\/\/probono-rechtsberatung.de\/wp-content\/uploads\/2022\/11\/Nosakhare_Suttor_o-300x120.png 300w, https:\/\/probono-rechtsberatung.de\/wp-content\/uploads\/2022\/11\/Nosakhare_Suttor_o.png 599w\" sizes=\"(max-width: 300px) 100vw, 300px\" \/><\/p><p><strong>Referent*innen:<\/strong> Whitney-Martina Nosakhare, Human Rights Watch \/ Alexander Suttor, Clifford Chance<\/p><p>\u00a0<\/p><p><strong>3. Mit regenerativer Landwirtschaft gegen den Klimawandel<\/strong> (CMS Deutschland f\u00fcr Climate Farmers)<\/p><p>Climate Farmers setzen sich f\u00fcr regenerative Landwirtschaft in Europa ein. Ziel der Organisation ist es, durch das Binden von Kohlenstoff in landwirtschaftlich genutzten B\u00f6den und die Qualifizierung und Unterst\u00fctzung von Landwirt*innen, das \u00d6kosystem zu stabilisieren und einen Beitrag zum Klimaschutz zu leisten.<br \/><img loading=\"lazy\" decoding=\"async\" class=\"alignnone size-medium wp-image-4540\" src=\"https:\/\/probono-rechtsberatung.de\/wp-content\/uploads\/2022\/11\/Degen_Shelestova-300x133.png\" alt=\"\" width=\"300\" height=\"133\" srcset=\"https:\/\/probono-rechtsberatung.de\/wp-content\/uploads\/2022\/11\/Degen_Shelestova-300x133.png 300w, https:\/\/probono-rechtsberatung.de\/wp-content\/uploads\/2022\/11\/Degen_Shelestova.png 589w\" sizes=\"(max-width: 300px) 100vw, 300px\" \/><\/p><p><strong>Referent*innen:<\/strong> Ivo Degen, Climate Farmers \/ Anastasia Shelestova, CMS Deutschland<\/p><p><strong>Moderation: Peter Braun, Pro Bono Deutschland <\/strong><\/p><div>Die Pro Bono Woche w\u00fcrdigt die Rolle von ehrenamtlichen Anw\u00e4lt*innen bei der Unterst\u00fctzung der Zivilgesellschaft und der F\u00f6rderung des Zugangs zum Recht.<\/div><div>\u00a0<\/div><div>Eine Veranstaltung des Pro Bono Deutschland in Zusammenarbeit mit der UPJ Pro Bono Rechtsberatung.<\/div>\t\t\t\t\t\t<\/div>\n\t\t\t\t\t<\/div>\n\t\t\t\t\t\t\t<\/div>\n\t\t<\/div>\n\t\t\t\t\t\t<\/div>\n\t\t\t\t<\/div>\n\t\t\t\t<div class=\"elementor-element elementor-element-cb2eb21 elementor-widget elementor-widget-text-editor\" data-id=\"cb2eb21\" data-element_type=\"widget\" data-e-type=\"widget\" data-widget_type=\"text-editor.default\">\n\t\t\t\t<div class=\"elementor-widget-container\">\n\t\t\t\t\t\t\t\t\t<p style=\"text-align: left;\">Donnerstag, 24. November 2022, 10.00-11.30 Uhr<\/p>\n<p style=\"text-align: left;\"><strong>Online-Seminar f\u00fcr gemeinn\u00fctzige Organisationen<br \/><\/strong><\/p>\n<h3>Das Arbeitsverh\u00e4ltnis \u2013 Dos and Don&#8217;ts<\/h3>\n<p>Wie sollten Einstellungsprozess und Arbeitsverh\u00e4ltnis gestaltet sein und was ist bei der Besch\u00e4ftigung ausl\u00e4ndischer Arbeitnehmer*innen zu beachten?<\/p>\n<p style=\"text-align: left;\"><strong>Eine Anmeldung zu diesem Seminar ist nicht mehr m\u00f6glich.<\/strong><\/p>\n\t\t\t\t\t\t\t\t<\/div>\n\t\t\t\t<\/div>\n\t\t\t\t<div class=\"elementor-element elementor-element-70029a3 elementor-widget elementor-widget-bdt-accordion\" data-id=\"70029a3\" data-element_type=\"widget\" data-e-type=\"widget\" data-widget_type=\"bdt-accordion.default\">\n\t\t\t\t<div class=\"elementor-widget-container\">\n\t\t\t\t\t\t\t<div class=\"bdt-ep-accordion-container\">\n\t\t\t<div id=\"bdt-ep-accordion-70029a3\" class=\"bdt-ep-accordion bdt-accordion\" data-bdt-accordion=\"{&quot;collapsible&quot;:true,&quot;multiple&quot;:false,&quot;transition&quot;:&quot;ease-in-out&quot;}\" \t\tdata-settings=\"{&quot;id&quot;:&quot;bdt-ep-accordion-70029a3&quot;,&quot;activeHash&quot;:&quot;&quot;,&quot;activeScrollspy&quot;:null,&quot;hashTopOffset&quot;:false,&quot;hashScrollspyTime&quot;:false,&quot;closeAllItemsOnMobile&quot;:false}\">\n\t\t\t\t\t\t\t\t\t<div class=\"bdt-ep-accordion-item\">\n\t\t\t\t\t\t<p\t\t\t\t\t\t\tclass=\"bdt-ep-accordion-title bdt-accordion-title bdt-flex bdt-flex-middle \" id=\"bdt-ep-accordion-mehr-lesen\"\n\t\t\t\t\t\t\tdata-accordion-index=\"0\" data-title=\"mehr-lesen\">\n\n\t\t\t\t\t\t\t\t\t\t\t\t\t\t\t<span class=\"bdt-ep-accordion-icon bdt-flex-align-left\"\n\t\t\t\t\t\t\t\t\taria-hidden=\"true\">\n\n\t\t\t\t\t\t\t\t\t\t\t\t\t\t\t\t\t\t\t<span class=\"bdt-ep-accordion-icon-closed\">\n\t\t\t\t\t\t\t\t\t\t\t<i aria-hidden=\"true\" class=\"fa-fw fas fa-chevron-down\"><\/i>\t\t\t\t\t\t\t\t\t\t<\/span>\n\t\t\t\t\t\t\t\t\t\n\t\t\t\t\t\t\t\t\t\t\t\t\t\t\t\t\t\t\t<span class=\"bdt-ep-accordion-icon-opened\">\n\t\t\t\t\t\t\t\t\t\t\t<i aria-hidden=\"true\" class=\"fa-fw fas fa-chevron-up\"><\/i>\t\t\t\t\t\t\t\t\t\t<\/span>\n\t\t\t\t\t\t\t\t\t\n\t\t\t\t\t\t\t\t<\/span>\n\t\t\t\t\t\t\t\n\t\t\t\t\t\t\t<span role=\"heading\" class=\"bdt-ep-title-text bdt-flex-inline bdt-flex-middle\" >\n\n\t\t\t\t\t\t\t\t\t\t\t\t\t\t\t\tMehr lesen\t\t\t\t\t\t\t<\/span>\n\n\t\t\t\t\t\t<\/p>\n\t\t\t\t\t\t<div class=\"bdt-ep-accordion-content bdt-accordion-content\">\n\t\t\t\t\t\t\t<figure id=\"attachment_4467\" aria-describedby=\"caption-attachment-4467\" style=\"width: 300px\" class=\"wp-caption alignnone\"><img loading=\"lazy\" decoding=\"async\" class=\"wp-image-4467 size-medium\" src=\"https:\/\/probono-rechtsberatung.de\/wp-content\/uploads\/2022\/11\/schulz_adamidis_banner-300x149.png\" alt=\"Referentinnen: Wiebke Schulz und Nurdan Adamidis, Dentons\" width=\"300\" height=\"149\" srcset=\"https:\/\/probono-rechtsberatung.de\/wp-content\/uploads\/2022\/11\/schulz_adamidis_banner-300x149.png 300w, https:\/\/probono-rechtsberatung.de\/wp-content\/uploads\/2022\/11\/schulz_adamidis_banner.png 507w\" sizes=\"(max-width: 300px) 100vw, 300px\" \/><figcaption id=\"caption-attachment-4467\" class=\"wp-caption-text\">Referentinnen: Wiebke Schulz und Nurdan Adamidis, Dentons<\/figcaption><\/figure><p><br \/>Mit der Einstellung neuer Teamkolleg*innen gilt es, das Arbeitsverh\u00e4ltnis zu gestalten: Was ist bei der Besch\u00e4ftigung ausl\u00e4ndischer Arbeitnehmer*innen zu beachten? Welche Aspekte werden im weiteren Verlauf des Arbeitsverh\u00e4ltnisses, z. B. im Zusammenhang mit Urlaub, relevant? Endet das Arbeitsverh\u00e4ltnis automatisch, wenn die\/der Mitarbeiter*in in Rente gehen kann?<\/p><p><strong>Inhalt:<\/strong><\/p><ul><li>Was ist im Vorfeld sowie im Zusammenhang mit der Begr\u00fcndung eines Arbeitsverh\u00e4ltnisses zu beachten (z. B. Stellenausschreibung, Bewerbungsgespr\u00e4ch)?<\/li><li>Wann liegt \u00fcberhaupt ein Arbeitsverh\u00e4ltnis vor?<\/li><li>Welche Regelungen sind etwa aufgrund der Reform des Nachweisgesetzes im Arbeitsvertrag aufzunehmen?<\/li><li>Welche Aspekte gilt es im Verlauf des Arbeitsverh\u00e4ltnisses zu ber\u00fccksichtigen?<\/li><li>Was ist im Zusammenhang mit der Beendigung eines Arbeitsverh\u00e4ltnisses zu beachten?<\/li><\/ul><p>Im Anschluss an den Vortrag gibt es Zeit f\u00fcr eine Frage-Antwort-Runde. Hier k\u00f6nnen weitere Rechtsfragen eingehender dargestellt und er\u00f6rtert werden. In diesem Online-Seminar wird jedoch keine rechtliche Pr\u00fcfung von Einzelf\u00e4llen vorgenommen werden.<\/p><p><strong>Zu den Referentinnen:<\/strong><\/p><p>Beide Anw\u00e4ltinnen beraten in allen Fragen des individuellen und kollektiven Arbeitsrechts mit einem besonderen Fokus auf der gerichtlichen sowie au\u00dfergerichtlichen Vertretung von Arbeitgebern.<\/p><p><u>Wiebke Schulz<\/u> ber\u00e4t zudem zu allen arbeitsrechtlichen Fragen im Transaktionskontext, z. B. im Rahmen von Zusammenschl\u00fcssen und \u00dcbernahmen.<\/p><p><u>Nurdan Adamidis<\/u> ber\u00e4t au\u00dferdem bei Arbeitnehmerentsendungen sowie im Zusammenhang mit den daraus folgenden aufenthaltsrechtlichen Fragestellungen.<\/p><p>\u00a0<\/p><p>Eine Veranstaltung der UPJ Pro Bono Rechtsberatung in Zusammenarbeit mit dem\u00a0Pro Bono Deutschland.<\/p><p>\u00a0<\/p>\t\t\t\t\t\t<\/div>\n\t\t\t\t\t<\/div>\n\t\t\t\t\t\t\t<\/div>\n\t\t<\/div>\n\t\t\t\t\t\t<\/div>\n\t\t\t\t<\/div>\n\t\t\t\t<div class=\"elementor-element elementor-element-dd8019b elementor-widget elementor-widget-text-editor\" data-id=\"dd8019b\" data-element_type=\"widget\" data-e-type=\"widget\" data-widget_type=\"text-editor.default\">\n\t\t\t\t<div class=\"elementor-widget-container\">\n\t\t\t\t\t\t\t\t\t<p style=\"text-align: left;\">Donnerstag, 24. November 2022, 17.30-18.30 Uhr<\/p>\n<p style=\"text-align: left;\"><strong>Erfahrungsaustausch<br \/><\/strong><\/p>\n<h3>Immigration4Ukraine<\/h3>\n<p style=\"text-align: left;\">Herausforderungen, Erkenntnisse und Ausblick nach acht Monaten Rechtshilfe f\u00fcr Gefl\u00fcchtete aus der Ukraine&#8230;<\/p>\n<p style=\"text-align: left;\"><strong>Eine Anmeldung zu diesem Seminar ist nicht mehr m\u00f6glich.<\/strong><\/p>\n\t\t\t\t\t\t\t\t<\/div>\n\t\t\t\t<\/div>\n\t\t\t\t<div class=\"elementor-element elementor-element-4ec521f elementor-widget elementor-widget-bdt-accordion\" data-id=\"4ec521f\" data-element_type=\"widget\" data-e-type=\"widget\" data-widget_type=\"bdt-accordion.default\">\n\t\t\t\t<div class=\"elementor-widget-container\">\n\t\t\t\t\t\t\t<div class=\"bdt-ep-accordion-container\">\n\t\t\t<div id=\"bdt-ep-accordion-4ec521f\" class=\"bdt-ep-accordion bdt-accordion\" data-bdt-accordion=\"{&quot;collapsible&quot;:true,&quot;multiple&quot;:false,&quot;transition&quot;:&quot;ease-in-out&quot;}\" \t\tdata-settings=\"{&quot;id&quot;:&quot;bdt-ep-accordion-4ec521f&quot;,&quot;activeHash&quot;:&quot;&quot;,&quot;activeScrollspy&quot;:null,&quot;hashTopOffset&quot;:false,&quot;hashScrollspyTime&quot;:false,&quot;closeAllItemsOnMobile&quot;:false}\">\n\t\t\t\t\t\t\t\t\t<div class=\"bdt-ep-accordion-item\">\n\t\t\t\t\t\t<p\t\t\t\t\t\t\tclass=\"bdt-ep-accordion-title bdt-accordion-title bdt-flex bdt-flex-middle \" id=\"bdt-ep-accordion-mehr-lesen\"\n\t\t\t\t\t\t\tdata-accordion-index=\"0\" data-title=\"mehr-lesen\">\n\n\t\t\t\t\t\t\t\t\t\t\t\t\t\t\t<span class=\"bdt-ep-accordion-icon bdt-flex-align-left\"\n\t\t\t\t\t\t\t\t\taria-hidden=\"true\">\n\n\t\t\t\t\t\t\t\t\t\t\t\t\t\t\t\t\t\t\t<span class=\"bdt-ep-accordion-icon-closed\">\n\t\t\t\t\t\t\t\t\t\t\t<i aria-hidden=\"true\" class=\"fa-fw fas fa-chevron-down\"><\/i>\t\t\t\t\t\t\t\t\t\t<\/span>\n\t\t\t\t\t\t\t\t\t\n\t\t\t\t\t\t\t\t\t\t\t\t\t\t\t\t\t\t\t<span class=\"bdt-ep-accordion-icon-opened\">\n\t\t\t\t\t\t\t\t\t\t\t<i aria-hidden=\"true\" class=\"fa-fw fas fa-chevron-up\"><\/i>\t\t\t\t\t\t\t\t\t\t<\/span>\n\t\t\t\t\t\t\t\t\t\n\t\t\t\t\t\t\t\t<\/span>\n\t\t\t\t\t\t\t\n\t\t\t\t\t\t\t<span role=\"heading\" class=\"bdt-ep-title-text bdt-flex-inline bdt-flex-middle\" >\n\n\t\t\t\t\t\t\t\t\t\t\t\t\t\t\t\tMehr lesen\t\t\t\t\t\t\t<\/span>\n\n\t\t\t\t\t\t<\/p>\n\t\t\t\t\t\t<div class=\"bdt-ep-accordion-content bdt-accordion-content\">\n\t\t\t\t\t\t\t<p>Mit:<\/p><ul><li>Iaroslava Arakelian, Freshfields Bruckhaus Deringer<\/li><li>Yassin Berrou, Paul Hastings<\/li><li>Tara Eydeler, Refugee Law Clinics Deutschland<\/li><li>Bohdana Kutsenko, CMS Deutschland<\/li><li>Jan Vollkammer, Gibson Dunn &amp; Crutcher<\/li><li>Kilian Popov, Morrison &amp; Foerster<\/li><li>Benita Piechaczek, UPJ Pro Bono Rechtsberatung<\/li><li>Katja Josenhans, Pro Bono Deutschland<\/li><\/ul><p>Seit Beginn des Projektes engagieren sich im Rahmen von I4U Kanzleien und Einzelanw\u00e4lt*innen f\u00fcr die Gefl\u00fcchteten aus der Ukraine: Einzelne Teams betreuen die Erstellung und die Updates der FAQs f\u00fcr die Online-Plattform, Mitarbeiter*innen aus Kanzleien unterst\u00fctzen auf administrativer Ebene im Projekt und eine Vielzahl von Anw\u00e4lt*innen und Mitglieder der Refugee Law Clinics \u00fcbernehmen die Beratung der t\u00e4glich eingehenden Einzelanfragen. <br \/>Seit April betreut die UPJ Pro Bono Rechtsberatung gemeinsam mit dem Pro Bono Deutschland Immigration4Ukraine. Teile der Projektstruktur mussten g\u00e4nzlich neu konzipiert werden \u2013 anderes konnte auf das bestehende Pro-bono-Programm aufbauen.<br \/>Die Veranstaltung versammelt Erfahrungsberichte von engagierten Kanzleien und Stimmen aus dem Organisationsteam. Nach acht Monaten Rechtshilfe f\u00fcr Ukraine-Gefl\u00fcchtete res\u00fcmieren wir aus unterschiedlichen Perspektiven und schauen auf die Herausforderungen und auf die M\u00f6glichkeiten f\u00fcr zuk\u00fcnftige Projekte.<\/p><p>Eine Veranstaltung der UPJ Pro Bono Rechtsberatung in Zusammenarbeit mit dem Pro Bono Deutschland.<\/p>\t\t\t\t\t\t<\/div>\n\t\t\t\t\t<\/div>\n\t\t\t\t\t\t\t<\/div>\n\t\t<\/div>\n\t\t\t\t\t\t<\/div>\n\t\t\t\t<\/div>\n\t\t\t\t<div class=\"elementor-element elementor-element-ac7092f elementor-widget elementor-widget-text-editor\" data-id=\"ac7092f\" data-element_type=\"widget\" data-e-type=\"widget\" data-widget_type=\"text-editor.default\">\n\t\t\t\t<div class=\"elementor-widget-container\">\n\t\t\t\t\t\t\t\t\t<p style=\"text-align: left;\">Freitag, 25. November 2022, 10.00-11.30 Uhr<\/p>\n<p style=\"text-align: left;\"><strong>Online-Seminar f\u00fcr gemeinn\u00fctzige Organisationen <\/strong><\/p>\n<h3>Der Datenschutz \u2013 Wenn neue Hilfsangebote und IT-Strukturen entstehen<\/h3>\n<p style=\"text-align: left;\">Zur Koordination der Hilfs-Angebote sind in diesem Jahr u.a. zahlreiche Online-Plattformen entstanden, die personenbezogene Daten erfassen. Welche Anforderungen gelten f\u00fcr Organisationen im Bereich des Datenschutzes&#8230;<\/p>\n<p style=\"text-align: left;\"><strong>Eine Anmeldung zu diesem Seminar ist nicht mehr m\u00f6glich.<\/strong><\/p>\n\t\t\t\t\t\t\t\t<\/div>\n\t\t\t\t<\/div>\n\t\t\t\t<div class=\"elementor-element elementor-element-b048c9e elementor-widget elementor-widget-bdt-accordion\" data-id=\"b048c9e\" data-element_type=\"widget\" data-e-type=\"widget\" data-widget_type=\"bdt-accordion.default\">\n\t\t\t\t<div class=\"elementor-widget-container\">\n\t\t\t\t\t\t\t<div class=\"bdt-ep-accordion-container\">\n\t\t\t<div id=\"bdt-ep-accordion-b048c9e\" class=\"bdt-ep-accordion bdt-accordion\" data-bdt-accordion=\"{&quot;collapsible&quot;:true,&quot;multiple&quot;:false,&quot;transition&quot;:&quot;ease-in-out&quot;}\" \t\tdata-settings=\"{&quot;id&quot;:&quot;bdt-ep-accordion-b048c9e&quot;,&quot;activeHash&quot;:&quot;&quot;,&quot;activeScrollspy&quot;:null,&quot;hashTopOffset&quot;:false,&quot;hashScrollspyTime&quot;:false,&quot;closeAllItemsOnMobile&quot;:false}\">\n\t\t\t\t\t\t\t\t\t<div class=\"bdt-ep-accordion-item\">\n\t\t\t\t\t\t<p\t\t\t\t\t\t\tclass=\"bdt-ep-accordion-title bdt-accordion-title bdt-flex bdt-flex-middle \" id=\"bdt-ep-accordion-mehr-lesen\"\n\t\t\t\t\t\t\tdata-accordion-index=\"0\" data-title=\"mehr-lesen\">\n\n\t\t\t\t\t\t\t\t\t\t\t\t\t\t\t<span class=\"bdt-ep-accordion-icon bdt-flex-align-left\"\n\t\t\t\t\t\t\t\t\taria-hidden=\"true\">\n\n\t\t\t\t\t\t\t\t\t\t\t\t\t\t\t\t\t\t\t<span class=\"bdt-ep-accordion-icon-closed\">\n\t\t\t\t\t\t\t\t\t\t\t<i aria-hidden=\"true\" class=\"fa-fw fas fa-chevron-down\"><\/i>\t\t\t\t\t\t\t\t\t\t<\/span>\n\t\t\t\t\t\t\t\t\t\n\t\t\t\t\t\t\t\t\t\t\t\t\t\t\t\t\t\t\t<span class=\"bdt-ep-accordion-icon-opened\">\n\t\t\t\t\t\t\t\t\t\t\t<i aria-hidden=\"true\" class=\"fa-fw fas fa-chevron-up\"><\/i>\t\t\t\t\t\t\t\t\t\t<\/span>\n\t\t\t\t\t\t\t\t\t\n\t\t\t\t\t\t\t\t<\/span>\n\t\t\t\t\t\t\t\n\t\t\t\t\t\t\t<span role=\"heading\" class=\"bdt-ep-title-text bdt-flex-inline bdt-flex-middle\" >\n\n\t\t\t\t\t\t\t\t\t\t\t\t\t\t\t\tMehr lesen\t\t\t\t\t\t\t<\/span>\n\n\t\t\t\t\t\t<\/p>\n\t\t\t\t\t\t<div class=\"bdt-ep-accordion-content bdt-accordion-content\">\n\t\t\t\t\t\t\t<figure id=\"attachment_4468\" aria-describedby=\"caption-attachment-4468\" style=\"width: 300px\" class=\"wp-caption alignnone\"><img loading=\"lazy\" decoding=\"async\" class=\"wp-image-4468 size-medium\" src=\"https:\/\/probono-rechtsberatung.de\/wp-content\/uploads\/2022\/11\/werkmeister_boatin_banner-300x184.png\" alt=\"Referenten: Christoph Werkmeister und Julian Boatin, Freshfields Bruckhaus Deringer\" width=\"300\" height=\"184\" srcset=\"https:\/\/probono-rechtsberatung.de\/wp-content\/uploads\/2022\/11\/werkmeister_boatin_banner-300x184.png 300w, https:\/\/probono-rechtsberatung.de\/wp-content\/uploads\/2022\/11\/werkmeister_boatin_banner.png 600w\" sizes=\"(max-width: 300px) 100vw, 300px\" \/><figcaption id=\"caption-attachment-4468\" class=\"wp-caption-text\">Referenten: Christoph Werkmeister und Julian Boatin, Freshfields Bruckhaus Deringer<\/figcaption><\/figure><p><strong><br \/>In diesem Jahr starteten viele gemeinn\u00fctzige Organisationen und Sozialunternehmen Hilfsangebote f\u00fcr die ankommenden Menschen aus der Ukraine.<\/strong> <strong>Gerade in Krisenzeiten, wenn schnell neue Arbeitsformate geschaffen werden, zeigt sich, dass der Datenschutz nach wie vor Herausforderungen birgt.<\/strong> Zur Koordination der Angebote sind zahlreiche Online-Plattformen entstanden, die personenbezogene Daten erfassen. Welche Anforderungen gelten f\u00fcr Organisationen, wenn sie mit personenbezogenen Daten agieren? Wie m\u00fcssen die Arbeitsabl\u00e4ufe f\u00fcr die Nutzer*innen transparent gemacht werden? Was geh\u00f6rt in die Datenschutzerkl\u00e4rung und was eher in die AGB?<br \/>Die Referenten erl\u00e4utern die Grundlagen und Fallstricke des Datenschutzes und werden dazu beitragen, dass die notwendigen Aufgaben und Abl\u00e4ufe f\u00fcr engagierte Organisationen klarer werden.<\/p><p><strong>Inhalte<\/strong>:<\/p><ul><li>Datenschutzkonforme Verwertung von Daten<\/li><li>Warum es sinnvoll ist, eine*n Datenschutzbeauftragten zu ernennen?<\/li><li>Wie lassen sich DSGVO-konforme Arbeitsabl\u00e4ufe etablieren?<\/li><li>Was ist beim Umgang mit besonders sensiblen Daten (z.B. Gesundheitsdaten, Daten \u00fcber ethnische Herkunft) zu beachten?<\/li><li>Was ist beim Einsatz von IT-Infrastruktur (Hosting, Apps und Server) mit Blick auf Sicherheit und Datenschutz zu beachten?<\/li><\/ul><p>Im Anschluss an den Vortrag gibt es Zeit f\u00fcr eine Frage-Antwort-Runde. Hier k\u00f6nnen weitere Rechtsfragen eingehender dargestellt und er\u00f6rtert werden. In diesem Online-Seminar wird jedoch keine rechtliche Pr\u00fcfung von Einzelf\u00e4llen vorgenommen werden.<\/p><p><strong>Zu den Referenten: <br \/><\/strong><u>Christoph Werkmeister<\/u> ist Rechtsanwalt (Partner) und globaler Co-Leiter der Daten- und Technologiepraxis von Freshfields Bruckhaus Deringer. Er ber\u00e4t zu strategischen Daten- und IT-Projekten sowie zu aktuellen technologischen Themen wie digitaler M\u00e4rkte- und KI-Regulierung. Neben umfassender Erfahrung in streitigen Verfahren vor Regulierungsbeh\u00f6rden und Gerichten sowie bei internen Untersuchungen unterst\u00fctzt er zahlreiche transformative Technologieprojekte.<\/p><p><u>Julian Boatin<\/u> ist Rechtsanwalt (Associate) und Mitglied der Praxisgruppe Datenschutz und Technologie der Kanzlei Freshfields Bruckhaus Deringer. Er ber\u00e4t Unternehmen in allen Fragen rund um neue Technologien, Datenschutz und Medien. Seine Schwerpunkte technologiegetriebene Projekte, die Einhaltung der Allgemeinen Datenschutzverordnung sowie Beratungen zu IT\/IP-Recht und Cybersicherheit.<u><\/u><\/p><p>Eine Veranstaltung der UPJ Pro Bono Rechtsberatung in Zusammenarbeit mit dem\u00a0Pro Bono Deutschland.<\/p>\t\t\t\t\t\t<\/div>\n\t\t\t\t\t<\/div>\n\t\t\t\t\t\t\t<\/div>\n\t\t<\/div>\n\t\t\t\t\t\t<\/div>\n\t\t\t\t<\/div>\n\t\t\t\t\t<\/div>\n\t\t<\/div>\n\t\t\t\t\t<\/div>\n\t\t<\/section>\n\t\t\t\t<section class=\"elementor-section elementor-top-section elementor-element elementor-element-328d08e3 elementor-section-boxed elementor-section-height-default elementor-section-height-default\" data-id=\"328d08e3\" data-element_type=\"section\" data-e-type=\"section\">\n\t\t\t\t\t\t<div class=\"elementor-container elementor-column-gap-default\">\n\t\t\t\t\t<div class=\"elementor-column elementor-col-100 elementor-top-column elementor-element elementor-element-eb17231\" data-id=\"eb17231\" data-element_type=\"column\" data-e-type=\"column\">\n\t\t\t<div class=\"elementor-widget-wrap elementor-element-populated\">\n\t\t\t\t\t\t<div class=\"elementor-element elementor-element-081ac1d elementor-widget elementor-widget-spacer\" data-id=\"081ac1d\" data-element_type=\"widget\" data-e-type=\"widget\" data-widget_type=\"spacer.default\">\n\t\t\t\t<div class=\"elementor-widget-container\">\n\t\t\t\t\t\t\t<div class=\"elementor-spacer\">\n\t\t\t<div class=\"elementor-spacer-inner\"><\/div>\n\t\t<\/div>\n\t\t\t\t\t\t<\/div>\n\t\t\t\t<\/div>\n\t\t\t\t\t<\/div>\n\t\t<\/div>\n\t\t\t\t\t<\/div>\n\t\t<\/section>\n\t\t\t\t<\/div>\n\t\t","protected":false},"excerpt":{"rendered":"<p>Die vergangenen Jahre mit der Pandemie, dem Krieg in der Ukraine oder den Auswirkungen des Klimawandels haben uns alle getroffen, vor allem aber die Schw\u00e4chsten der Gesellschaft. Auch gemeinn\u00fctzige Organisationen und Sozialunternehmen sehen sich mit neuen und schnell ver\u00e4ndernden Herausforderungen in wirtschaftlicher, sozialer und \u00f6kologischer Hinsicht konfrontiert. Welche Rolle spielen dabei Anw\u00e4lt*innen, die sich f\u00fcr die Zivilgesellschaft engagieren. Wie k\u00f6nnen Sie mit anderen Akteuren zusammenarbeiten und wirkungsvolle L\u00f6sungen entwickeln?<\/p>\n","protected":false},"author":2,"featured_media":9866,"template":"","meta":{"_acf_changed":false,"_tribe_events_status":"","_tribe_events_status_reason":"","footnotes":""},"tags":[],"tribe_events_cat":[],"class_list":["post-9865","tribe_events","type-tribe_events","status-publish","has-post-thumbnail","hentry"],"acf":[],"yoast_head":"<!-- This site is optimized with the Yoast SEO plugin v27.5 - https:\/\/yoast.com\/product\/yoast-seo-wordpress\/ -->\n<title>Pro Bono Woche 2022 \/ Deutschland &#8226; Pro Bono Rechtsberatung<\/title>\n<meta name=\"description\" content=\"The Pro Bono Week acknowledges the role of pro bono lawyers in supporting civil society and promoting access to justice. The goal of Pro Bono Week is to bring together various pro bono stakeholders - lawyers, students, non-profit organizations, academics and businesses - to discuss key issues related to the legal needs and importance of pro bono.\" \/>\n<meta name=\"robots\" content=\"index, follow, max-snippet:-1, max-image-preview:large, max-video-preview:-1\" \/>\n<link rel=\"canonical\" href=\"https:\/\/probono-rechtsberatung.de\/en\/veranstaltung\/pro-bono-woche-2022-deutschland\/\" \/>\n<meta property=\"og:locale\" content=\"en_US\" \/>\n<meta property=\"og:type\" content=\"article\" \/>\n<meta property=\"og:title\" content=\"Pro Bono Woche 2022 \/ Deutschland &#8226; Pro Bono Rechtsberatung\" \/>\n<meta property=\"og:description\" content=\"The Pro Bono Week acknowledges the role of pro bono lawyers in supporting civil society and promoting access to justice. The goal of Pro Bono Week is to bring together various pro bono stakeholders - lawyers, students, non-profit organizations, academics and businesses - to discuss key issues related to the legal needs and importance of pro bono.\" \/>\n<meta property=\"og:url\" content=\"https:\/\/probono-rechtsberatung.de\/en\/veranstaltung\/pro-bono-woche-2022-deutschland\/\" \/>\n<meta property=\"og:site_name\" content=\"Pro Bono Rechtsberatung\" \/>\n<meta property=\"article:modified_time\" content=\"2024-05-02T12:55:01+00:00\" \/>\n<meta property=\"og:image\" content=\"https:\/\/probono-rechtsberatung.de\/wp-content\/uploads\/2022\/10\/banner_pbw_2022.png\" \/>\n\t<meta property=\"og:image:width\" content=\"2250\" \/>\n\t<meta property=\"og:image:height\" content=\"407\" \/>\n\t<meta property=\"og:image:type\" content=\"image\/png\" \/>\n<meta name=\"twitter:card\" content=\"summary_large_image\" \/>\n<meta name=\"twitter:label1\" content=\"Est. reading time\" \/>\n\t<meta name=\"twitter:data1\" content=\"9 minutes\" \/>\n<script type=\"application\/ld+json\" class=\"yoast-schema-graph\">{\"@context\":\"https:\\\/\\\/schema.org\",\"@graph\":[{\"@type\":\"WebPage\",\"@id\":\"https:\\\/\\\/probono-rechtsberatung.de\\\/en\\\/veranstaltung\\\/pro-bono-woche-2022-deutschland\\\/\",\"url\":\"https:\\\/\\\/probono-rechtsberatung.de\\\/en\\\/veranstaltung\\\/pro-bono-woche-2022-deutschland\\\/\",\"name\":\"Pro Bono Woche 2022 \\\/ Deutschland &#8226; Pro Bono Rechtsberatung\",\"isPartOf\":{\"@id\":\"https:\\\/\\\/probono-rechtsberatung.de\\\/en\\\/#website\"},\"primaryImageOfPage\":{\"@id\":\"https:\\\/\\\/probono-rechtsberatung.de\\\/en\\\/veranstaltung\\\/pro-bono-woche-2022-deutschland\\\/#primaryimage\"},\"image\":{\"@id\":\"https:\\\/\\\/probono-rechtsberatung.de\\\/en\\\/veranstaltung\\\/pro-bono-woche-2022-deutschland\\\/#primaryimage\"},\"thumbnailUrl\":\"https:\\\/\\\/probono-rechtsberatung.de\\\/wp-content\\\/uploads\\\/2022\\\/10\\\/banner_pbw_2022.png\",\"datePublished\":\"2022-10-27T10:55:10+00:00\",\"dateModified\":\"2024-05-02T12:55:01+00:00\",\"description\":\"The Pro Bono Week acknowledges the role of pro bono lawyers in supporting civil society and promoting access to justice. The goal of Pro Bono Week is to bring together various pro bono stakeholders - lawyers, students, non-profit organizations, academics and businesses - to discuss key issues related to the legal needs and importance of pro bono.\",\"breadcrumb\":{\"@id\":\"https:\\\/\\\/probono-rechtsberatung.de\\\/en\\\/veranstaltung\\\/pro-bono-woche-2022-deutschland\\\/#breadcrumb\"},\"inLanguage\":\"en-US\",\"potentialAction\":[{\"@type\":\"ReadAction\",\"target\":[\"https:\\\/\\\/probono-rechtsberatung.de\\\/en\\\/veranstaltung\\\/pro-bono-woche-2022-deutschland\\\/\"]}]},{\"@type\":\"ImageObject\",\"inLanguage\":\"en-US\",\"@id\":\"https:\\\/\\\/probono-rechtsberatung.de\\\/en\\\/veranstaltung\\\/pro-bono-woche-2022-deutschland\\\/#primaryimage\",\"url\":\"https:\\\/\\\/probono-rechtsberatung.de\\\/wp-content\\\/uploads\\\/2022\\\/10\\\/banner_pbw_2022.png\",\"contentUrl\":\"https:\\\/\\\/probono-rechtsberatung.de\\\/wp-content\\\/uploads\\\/2022\\\/10\\\/banner_pbw_2022.png\",\"width\":2250,\"height\":407},{\"@type\":\"BreadcrumbList\",\"@id\":\"https:\\\/\\\/probono-rechtsberatung.de\\\/en\\\/veranstaltung\\\/pro-bono-woche-2022-deutschland\\\/#breadcrumb\",\"itemListElement\":[{\"@type\":\"ListItem\",\"position\":1,\"name\":\"Startseite\",\"item\":\"https:\\\/\\\/probono-rechtsberatung.de\\\/en\\\/\"},{\"@type\":\"ListItem\",\"position\":2,\"name\":\"Events\",\"item\":\"https:\\\/\\\/probono-rechtsberatung.de\\\/en\\\/veranstaltungen\\\/\"},{\"@type\":\"ListItem\",\"position\":3,\"name\":\"Pro Bono Woche 2022 \\\/ Deutschland\"}]},{\"@type\":\"WebSite\",\"@id\":\"https:\\\/\\\/probono-rechtsberatung.de\\\/en\\\/#website\",\"url\":\"https:\\\/\\\/probono-rechtsberatung.de\\\/en\\\/\",\"name\":\"Pro Bono Rechtsberatung\",\"description\":\"f\u00fcr Non-Profit-Organisationen\",\"publisher\":{\"@id\":\"https:\\\/\\\/probono-rechtsberatung.de\\\/en\\\/#organization\"},\"potentialAction\":[{\"@type\":\"SearchAction\",\"target\":{\"@type\":\"EntryPoint\",\"urlTemplate\":\"https:\\\/\\\/probono-rechtsberatung.de\\\/en\\\/?s={search_term_string}\"},\"query-input\":{\"@type\":\"PropertyValueSpecification\",\"valueRequired\":true,\"valueName\":\"search_term_string\"}}],\"inLanguage\":\"en-US\"},{\"@type\":\"Organization\",\"@id\":\"https:\\\/\\\/probono-rechtsberatung.de\\\/en\\\/#organization\",\"name\":\"Pro Bono Rechtsberatung\",\"url\":\"https:\\\/\\\/probono-rechtsberatung.de\\\/en\\\/\",\"logo\":{\"@type\":\"ImageObject\",\"inLanguage\":\"en-US\",\"@id\":\"https:\\\/\\\/probono-rechtsberatung.de\\\/en\\\/#\\\/schema\\\/logo\\\/image\\\/\",\"url\":\"https:\\\/\\\/probono-rechtsberatung.de\\\/wp-content\\\/uploads\\\/2021\\\/11\\\/upj-pro_bono_weblogo-01.svg\",\"contentUrl\":\"https:\\\/\\\/probono-rechtsberatung.de\\\/wp-content\\\/uploads\\\/2021\\\/11\\\/upj-pro_bono_weblogo-01.svg\",\"width\":1010,\"height\":164,\"caption\":\"Pro Bono Rechtsberatung\"},\"image\":{\"@id\":\"https:\\\/\\\/probono-rechtsberatung.de\\\/en\\\/#\\\/schema\\\/logo\\\/image\\\/\"}}]}<\/script>\n<!-- \/ Yoast SEO plugin. -->","yoast_head_json":{"title":"Pro Bono Woche 2022 \/ Deutschland &#8226; Pro Bono Rechtsberatung","description":"The Pro Bono Week acknowledges the role of pro bono lawyers in supporting civil society and promoting access to justice. The goal of Pro Bono Week is to bring together various pro bono stakeholders - lawyers, students, non-profit organizations, academics and businesses - to discuss key issues related to the legal needs and importance of pro bono.","robots":{"index":"index","follow":"follow","max-snippet":"max-snippet:-1","max-image-preview":"max-image-preview:large","max-video-preview":"max-video-preview:-1"},"canonical":"https:\/\/probono-rechtsberatung.de\/en\/veranstaltung\/pro-bono-woche-2022-deutschland\/","og_locale":"en_US","og_type":"article","og_title":"Pro Bono Woche 2022 \/ Deutschland &#8226; Pro Bono Rechtsberatung","og_description":"The Pro Bono Week acknowledges the role of pro bono lawyers in supporting civil society and promoting access to justice. The goal of Pro Bono Week is to bring together various pro bono stakeholders - lawyers, students, non-profit organizations, academics and businesses - to discuss key issues related to the legal needs and importance of pro bono.","og_url":"https:\/\/probono-rechtsberatung.de\/en\/veranstaltung\/pro-bono-woche-2022-deutschland\/","og_site_name":"Pro Bono Rechtsberatung","article_modified_time":"2024-05-02T12:55:01+00:00","og_image":[{"width":2250,"height":407,"url":"https:\/\/probono-rechtsberatung.de\/wp-content\/uploads\/2022\/10\/banner_pbw_2022.png","type":"image\/png"}],"twitter_card":"summary_large_image","twitter_misc":{"Est. reading time":"9 minutes"},"schema":{"@context":"https:\/\/schema.org","@graph":[{"@type":"WebPage","@id":"https:\/\/probono-rechtsberatung.de\/en\/veranstaltung\/pro-bono-woche-2022-deutschland\/","url":"https:\/\/probono-rechtsberatung.de\/en\/veranstaltung\/pro-bono-woche-2022-deutschland\/","name":"Pro Bono Woche 2022 \/ Deutschland &#8226; Pro Bono Rechtsberatung","isPartOf":{"@id":"https:\/\/probono-rechtsberatung.de\/en\/#website"},"primaryImageOfPage":{"@id":"https:\/\/probono-rechtsberatung.de\/en\/veranstaltung\/pro-bono-woche-2022-deutschland\/#primaryimage"},"image":{"@id":"https:\/\/probono-rechtsberatung.de\/en\/veranstaltung\/pro-bono-woche-2022-deutschland\/#primaryimage"},"thumbnailUrl":"https:\/\/probono-rechtsberatung.de\/wp-content\/uploads\/2022\/10\/banner_pbw_2022.png","datePublished":"2022-10-27T10:55:10+00:00","dateModified":"2024-05-02T12:55:01+00:00","description":"The Pro Bono Week acknowledges the role of pro bono lawyers in supporting civil society and promoting access to justice. The goal of Pro Bono Week is to bring together various pro bono stakeholders - lawyers, students, non-profit organizations, academics and businesses - to discuss key issues related to the legal needs and importance of pro bono.","breadcrumb":{"@id":"https:\/\/probono-rechtsberatung.de\/en\/veranstaltung\/pro-bono-woche-2022-deutschland\/#breadcrumb"},"inLanguage":"en-US","potentialAction":[{"@type":"ReadAction","target":["https:\/\/probono-rechtsberatung.de\/en\/veranstaltung\/pro-bono-woche-2022-deutschland\/"]}]},{"@type":"ImageObject","inLanguage":"en-US","@id":"https:\/\/probono-rechtsberatung.de\/en\/veranstaltung\/pro-bono-woche-2022-deutschland\/#primaryimage","url":"https:\/\/probono-rechtsberatung.de\/wp-content\/uploads\/2022\/10\/banner_pbw_2022.png","contentUrl":"https:\/\/probono-rechtsberatung.de\/wp-content\/uploads\/2022\/10\/banner_pbw_2022.png","width":2250,"height":407},{"@type":"BreadcrumbList","@id":"https:\/\/probono-rechtsberatung.de\/en\/veranstaltung\/pro-bono-woche-2022-deutschland\/#breadcrumb","itemListElement":[{"@type":"ListItem","position":1,"name":"Startseite","item":"https:\/\/probono-rechtsberatung.de\/en\/"},{"@type":"ListItem","position":2,"name":"Events","item":"https:\/\/probono-rechtsberatung.de\/en\/veranstaltungen\/"},{"@type":"ListItem","position":3,"name":"Pro Bono Woche 2022 \/ Deutschland"}]},{"@type":"WebSite","@id":"https:\/\/probono-rechtsberatung.de\/en\/#website","url":"https:\/\/probono-rechtsberatung.de\/en\/","name":"Pro Bono Rechtsberatung","description":"f\u00fcr Non-Profit-Organisationen","publisher":{"@id":"https:\/\/probono-rechtsberatung.de\/en\/#organization"},"potentialAction":[{"@type":"SearchAction","target":{"@type":"EntryPoint","urlTemplate":"https:\/\/probono-rechtsberatung.de\/en\/?s={search_term_string}"},"query-input":{"@type":"PropertyValueSpecification","valueRequired":true,"valueName":"search_term_string"}}],"inLanguage":"en-US"},{"@type":"Organization","@id":"https:\/\/probono-rechtsberatung.de\/en\/#organization","name":"Pro Bono Rechtsberatung","url":"https:\/\/probono-rechtsberatung.de\/en\/","logo":{"@type":"ImageObject","inLanguage":"en-US","@id":"https:\/\/probono-rechtsberatung.de\/en\/#\/schema\/logo\/image\/","url":"https:\/\/probono-rechtsberatung.de\/wp-content\/uploads\/2021\/11\/upj-pro_bono_weblogo-01.svg","contentUrl":"https:\/\/probono-rechtsberatung.de\/wp-content\/uploads\/2021\/11\/upj-pro_bono_weblogo-01.svg","width":1010,"height":164,"caption":"Pro Bono Rechtsberatung"},"image":{"@id":"https:\/\/probono-rechtsberatung.de\/en\/#\/schema\/logo\/image\/"}}]}},"_links":{"self":[{"href":"https:\/\/probono-rechtsberatung.de\/en\/wp-json\/wp\/v2\/tribe_events\/9865","targetHints":{"allow":["GET"]}}],"collection":[{"href":"https:\/\/probono-rechtsberatung.de\/en\/wp-json\/wp\/v2\/tribe_events"}],"about":[{"href":"https:\/\/probono-rechtsberatung.de\/en\/wp-json\/wp\/v2\/types\/tribe_events"}],"author":[{"embeddable":true,"href":"https:\/\/probono-rechtsberatung.de\/en\/wp-json\/wp\/v2\/users\/2"}],"version-history":[{"count":0,"href":"https:\/\/probono-rechtsberatung.de\/en\/wp-json\/wp\/v2\/tribe_events\/9865\/revisions"}],"wp:featuredmedia":[{"embeddable":true,"href":"https:\/\/probono-rechtsberatung.de\/en\/wp-json\/wp\/v2\/media\/9866"}],"wp:attachment":[{"href":"https:\/\/probono-rechtsberatung.de\/en\/wp-json\/wp\/v2\/media?parent=9865"}],"wp:term":[{"taxonomy":"post_tag","embeddable":true,"href":"https:\/\/probono-rechtsberatung.de\/en\/wp-json\/wp\/v2\/tags?post=9865"},{"taxonomy":"tribe_events_cat","embeddable":true,"href":"https:\/\/probono-rechtsberatung.de\/en\/wp-json\/wp\/v2\/tribe_events_cat?post=9865"}],"curies":[{"name":"wp","href":"https:\/\/api.w.org\/{rel}","templated":true}]}}