{"id":9853,"date":"2022-01-11T12:48:00","date_gmt":"2022-01-11T11:48:00","guid":{"rendered":"https:\/\/probono-rechtsberatung.de\/veranstaltung\/online-seminar-hate-speech-hasskriminalitaet-und-digitale-gewalt\/"},"modified":"2022-01-11T12:48:00","modified_gmt":"2022-01-11T11:48:00","slug":"online-seminar-hate-speech-hasskriminalitaet-und-digitale-gewalt","status":"publish","type":"tribe_events","link":"https:\/\/probono-rechtsberatung.de\/en\/veranstaltung\/online-seminar-hate-speech-hasskriminalitaet-und-digitale-gewalt\/","title":{"rendered":"Online-Seminar: Hate Speech, Hasskriminalit\u00e4t und digitale Gewalt"},"content":{"rendered":"<p><strong>Zielgruppe:<\/strong><br \/>\nGemeinn\u00fctzige Organisationen mit Sitz in Deutschland (F\u00fchrungskr\u00e4fte und Mitarbeiter*innen)<\/p>\n<p><strong>Die Veranstaltung ist kostenlos<\/strong><\/p>\n<p><strong>Veranstalter:<\/strong><br \/>\nHaus des Stiftens \/ Eine Veranstaltung auf Initiative der UPJ Pro Bono Rechtsberatung und des Pro Bono Deutschland e.V.<\/p>\n<p><strong>Referent:<br \/>\n<\/strong>Rechtsanwalt Dr. Ralph Oliver Graef, LL.M. (NYU), Fachanwalt f\u00fcr Urheber- und Medienrecht,<br \/>\n<a href=\"https:\/\/www.graef.eu\/\" target=\"_blank\" rel=\"noopener\">GRAEF Rechtsanw\u00e4lte<\/a> (Hamburg)<strong><br \/>\n<\/strong><\/p>\n<p><a href=\"https:\/\/probono-rechtsberatung.de\/wp-content\/uploads\/2022\/01\/referent-ralph-oliver-graef.jpg.webp\"><img fetchpriority=\"high\" decoding=\"async\" class=\"alignnone size-medium wp-image-3838\" src=\"https:\/\/probono-rechtsberatung.de\/wp-content\/uploads\/2022\/01\/referent-ralph-oliver-graef.jpg-300x189.webp\" alt=\"\" width=\"300\" height=\"189\" srcset=\"https:\/\/probono-rechtsberatung.de\/wp-content\/uploads\/2022\/01\/referent-ralph-oliver-graef.jpg-300x189.webp 300w, https:\/\/probono-rechtsberatung.de\/wp-content\/uploads\/2022\/01\/referent-ralph-oliver-graef.jpg.webp 380w\" sizes=\"(max-width: 300px) 100vw, 300px\" \/><\/a><\/p>\n<p>Mit Blick auf die fortschreitende Digitalisierung und nach zwei Jahren der weitl\u00e4ufigen Beschr\u00e4nkung des Meinungsaustausches auf die sozialen Medien, sehen sich gemeinn\u00fctzige Organisationen mit der Frage konfrontiert, wie m\u00f6glichen Anfeindungen im digitalen Raum begegnet werden kann. Hier geht es vorrangig um Pr\u00e4vention, aber auch um Reaktions- und Handlungsm\u00f6glichkeiten von Betroffenen. Das Online-Seminar wird unterschiedliche Angriffsformen wie Beleidigung, Verleumdung, Bedrohung und andere Taten in ihren rechtlichen Rahmen einordnen und aufzeigen, wie eine erste Reaktion aussehen kann bzw., welche rechtlichen M\u00f6glichkeiten hier zur Verf\u00fcgung stehen.<br \/>\nIm Anschluss an den Vortrag k\u00f6nnen allgemeine rechtliche Fragen rund um die Themen Hate Speech und Hasskriminalit\u00e4t er\u00f6rtert werden.<br \/>\nDas Online-Seminar ist ein Angebot der UPJ Pro Bono Rechtsberatung.<\/p>\n<p><strong>Inhalte:<\/strong><\/p>\n<ul>\n<li>Was sind die grundlegenden rechtlichen Rahmenbedingungen und Definitionen von Hate Speech, Hasskriminalit\u00e4t und Digitale Gewalt?<\/li>\n<li>Wie k\u00f6nnen Organisationen sich und ihre Mitarbeiter*innen vorbereiten und welche Sicherheitsvorkehrungen sind sinnvoll?<\/li>\n<li>Welche rechtlichen Schritte k\u00f6nnen eingeleitet werden und wie sollte Hate Speech dokumentiert und angezeigt werden?<\/li>\n<li>Gibt es rechtliche, psychosoziale und finanzielle Unterst\u00fctzung f\u00fcr Betroffene?<\/li>\n<\/ul>\n<p><strong> <\/strong><\/p>\n<p><strong>Anmeldung:<br \/>\n<\/strong>\u00dcber die Webseite des Haus des Stiftens<br \/>\n<a href=\"https:\/\/www.hausdesstiftens.org\/webinare\/hate-speech-hasskriminalitaet-und-digitale-gewalt\/\" target=\"_blank\" rel=\"noopener\">https:\/\/www.hausdesstiftens.org\/webinare\/hate-speech-hasskriminalitaet-und-digitale-gewalt\/<\/a><\/p>\n<p>&nbsp;<\/p>\n<p>&nbsp;<\/p>\n","protected":false},"excerpt":{"rendered":"<p>Mit Blick auf die fortschreitende Digitalisierung und die aktuelle weitl\u00e4ufigen Beschr\u00e4nkung des Meinungsaustausches auf die sozialen Medien, sehen sich gemeinn\u00fctzige Organisationen mit der Frage konfrontiert, wie m\u00f6glichen Anfeindungen im digitalen Raum begegnet werden kann. Referent: Rechtsanwalt Dr. Ralph Oliver Graef<\/p>\n","protected":false},"author":2,"featured_media":0,"template":"","meta":{"_acf_changed":false,"_tribe_events_status":"","_tribe_events_status_reason":"","footnotes":""},"tags":[],"tribe_events_cat":[],"class_list":["post-9853","tribe_events","type-tribe_events","status-publish","hentry"],"acf":[],"yoast_head":"<!-- This site is optimized with the Yoast SEO plugin v27.5 - https:\/\/yoast.com\/product\/yoast-seo-wordpress\/ -->\n<title>Online-Seminar: Hate Speech, Hasskriminalit\u00e4t und digitale Gewalt &#8226; Pro Bono Rechtsberatung<\/title>\n<meta name=\"robots\" content=\"index, follow, max-snippet:-1, max-image-preview:large, max-video-preview:-1\" \/>\n<link rel=\"canonical\" href=\"https:\/\/probono-rechtsberatung.de\/en\/veranstaltung\/online-seminar-hate-speech-hasskriminalitaet-und-digitale-gewalt\/\" \/>\n<meta property=\"og:locale\" content=\"en_US\" \/>\n<meta property=\"og:type\" content=\"article\" \/>\n<meta property=\"og:title\" content=\"Online-Seminar: Hate Speech, Hasskriminalit\u00e4t und digitale Gewalt &#8226; Pro Bono Rechtsberatung\" \/>\n<meta property=\"og:description\" content=\"Mit Blick auf die fortschreitende Digitalisierung und die aktuelle weitl\u00e4ufigen Beschr\u00e4nkung des Meinungsaustausches auf die sozialen Medien, sehen sich gemeinn\u00fctzige Organisationen mit der Frage konfrontiert, wie m\u00f6glichen Anfeindungen im digitalen Raum begegnet werden kann. Referent: Rechtsanwalt Dr. Ralph Oliver Graef\" \/>\n<meta property=\"og:url\" content=\"https:\/\/probono-rechtsberatung.de\/en\/veranstaltung\/online-seminar-hate-speech-hasskriminalitaet-und-digitale-gewalt\/\" \/>\n<meta property=\"og:site_name\" content=\"Pro Bono Rechtsberatung\" \/>\n<meta property=\"og:image\" content=\"https:\/\/probono-rechtsberatung.de\/wp-content\/uploads\/2022\/01\/referent-ralph-oliver-graef.jpg-300x189.webp\" \/>\n<meta name=\"twitter:card\" content=\"summary_large_image\" \/>\n<meta name=\"twitter:label1\" content=\"Est. reading time\" \/>\n\t<meta name=\"twitter:data1\" content=\"1 minute\" \/>\n<script type=\"application\/ld+json\" class=\"yoast-schema-graph\">{\"@context\":\"https:\\\/\\\/schema.org\",\"@graph\":[{\"@type\":\"WebPage\",\"@id\":\"https:\\\/\\\/probono-rechtsberatung.de\\\/en\\\/veranstaltung\\\/online-seminar-hate-speech-hasskriminalitaet-und-digitale-gewalt\\\/\",\"url\":\"https:\\\/\\\/probono-rechtsberatung.de\\\/en\\\/veranstaltung\\\/online-seminar-hate-speech-hasskriminalitaet-und-digitale-gewalt\\\/\",\"name\":\"Online-Seminar: Hate Speech, Hasskriminalit\u00e4t und digitale Gewalt &#8226; Pro Bono Rechtsberatung\",\"isPartOf\":{\"@id\":\"https:\\\/\\\/probono-rechtsberatung.de\\\/en\\\/#website\"},\"primaryImageOfPage\":{\"@id\":\"https:\\\/\\\/probono-rechtsberatung.de\\\/en\\\/veranstaltung\\\/online-seminar-hate-speech-hasskriminalitaet-und-digitale-gewalt\\\/#primaryimage\"},\"image\":{\"@id\":\"https:\\\/\\\/probono-rechtsberatung.de\\\/en\\\/veranstaltung\\\/online-seminar-hate-speech-hasskriminalitaet-und-digitale-gewalt\\\/#primaryimage\"},\"thumbnailUrl\":\"https:\\\/\\\/probono-rechtsberatung.de\\\/wp-content\\\/uploads\\\/2022\\\/01\\\/referent-ralph-oliver-graef.jpg-300x189.webp\",\"datePublished\":\"2022-01-11T11:48:00+00:00\",\"breadcrumb\":{\"@id\":\"https:\\\/\\\/probono-rechtsberatung.de\\\/en\\\/veranstaltung\\\/online-seminar-hate-speech-hasskriminalitaet-und-digitale-gewalt\\\/#breadcrumb\"},\"inLanguage\":\"en-US\",\"potentialAction\":[{\"@type\":\"ReadAction\",\"target\":[\"https:\\\/\\\/probono-rechtsberatung.de\\\/en\\\/veranstaltung\\\/online-seminar-hate-speech-hasskriminalitaet-und-digitale-gewalt\\\/\"]}]},{\"@type\":\"ImageObject\",\"inLanguage\":\"en-US\",\"@id\":\"https:\\\/\\\/probono-rechtsberatung.de\\\/en\\\/veranstaltung\\\/online-seminar-hate-speech-hasskriminalitaet-und-digitale-gewalt\\\/#primaryimage\",\"url\":\"https:\\\/\\\/probono-rechtsberatung.de\\\/wp-content\\\/uploads\\\/2022\\\/01\\\/referent-ralph-oliver-graef.jpg-300x189.webp\",\"contentUrl\":\"https:\\\/\\\/probono-rechtsberatung.de\\\/wp-content\\\/uploads\\\/2022\\\/01\\\/referent-ralph-oliver-graef.jpg-300x189.webp\"},{\"@type\":\"BreadcrumbList\",\"@id\":\"https:\\\/\\\/probono-rechtsberatung.de\\\/en\\\/veranstaltung\\\/online-seminar-hate-speech-hasskriminalitaet-und-digitale-gewalt\\\/#breadcrumb\",\"itemListElement\":[{\"@type\":\"ListItem\",\"position\":1,\"name\":\"Startseite\",\"item\":\"https:\\\/\\\/probono-rechtsberatung.de\\\/en\\\/\"},{\"@type\":\"ListItem\",\"position\":2,\"name\":\"Events\",\"item\":\"https:\\\/\\\/probono-rechtsberatung.de\\\/en\\\/veranstaltungen\\\/\"},{\"@type\":\"ListItem\",\"position\":3,\"name\":\"Online-Seminar: Hate Speech, Hasskriminalit\u00e4t und digitale Gewalt\"}]},{\"@type\":\"WebSite\",\"@id\":\"https:\\\/\\\/probono-rechtsberatung.de\\\/en\\\/#website\",\"url\":\"https:\\\/\\\/probono-rechtsberatung.de\\\/en\\\/\",\"name\":\"Pro Bono Rechtsberatung\",\"description\":\"f\u00fcr Non-Profit-Organisationen\",\"publisher\":{\"@id\":\"https:\\\/\\\/probono-rechtsberatung.de\\\/en\\\/#organization\"},\"potentialAction\":[{\"@type\":\"SearchAction\",\"target\":{\"@type\":\"EntryPoint\",\"urlTemplate\":\"https:\\\/\\\/probono-rechtsberatung.de\\\/en\\\/?s={search_term_string}\"},\"query-input\":{\"@type\":\"PropertyValueSpecification\",\"valueRequired\":true,\"valueName\":\"search_term_string\"}}],\"inLanguage\":\"en-US\"},{\"@type\":\"Organization\",\"@id\":\"https:\\\/\\\/probono-rechtsberatung.de\\\/en\\\/#organization\",\"name\":\"Pro Bono Rechtsberatung\",\"url\":\"https:\\\/\\\/probono-rechtsberatung.de\\\/en\\\/\",\"logo\":{\"@type\":\"ImageObject\",\"inLanguage\":\"en-US\",\"@id\":\"https:\\\/\\\/probono-rechtsberatung.de\\\/en\\\/#\\\/schema\\\/logo\\\/image\\\/\",\"url\":\"https:\\\/\\\/probono-rechtsberatung.de\\\/wp-content\\\/uploads\\\/2021\\\/11\\\/upj-pro_bono_weblogo-01.svg\",\"contentUrl\":\"https:\\\/\\\/probono-rechtsberatung.de\\\/wp-content\\\/uploads\\\/2021\\\/11\\\/upj-pro_bono_weblogo-01.svg\",\"width\":1010,\"height\":164,\"caption\":\"Pro Bono Rechtsberatung\"},\"image\":{\"@id\":\"https:\\\/\\\/probono-rechtsberatung.de\\\/en\\\/#\\\/schema\\\/logo\\\/image\\\/\"}}]}<\/script>\n<!-- \/ Yoast SEO plugin. -->","yoast_head_json":{"title":"Online-Seminar: Hate Speech, Hasskriminalit\u00e4t und digitale Gewalt &#8226; Pro Bono Rechtsberatung","robots":{"index":"index","follow":"follow","max-snippet":"max-snippet:-1","max-image-preview":"max-image-preview:large","max-video-preview":"max-video-preview:-1"},"canonical":"https:\/\/probono-rechtsberatung.de\/en\/veranstaltung\/online-seminar-hate-speech-hasskriminalitaet-und-digitale-gewalt\/","og_locale":"en_US","og_type":"article","og_title":"Online-Seminar: Hate Speech, Hasskriminalit\u00e4t und digitale Gewalt &#8226; Pro Bono Rechtsberatung","og_description":"Mit Blick auf die fortschreitende Digitalisierung und die aktuelle weitl\u00e4ufigen Beschr\u00e4nkung des Meinungsaustausches auf die sozialen Medien, sehen sich gemeinn\u00fctzige Organisationen mit der Frage konfrontiert, wie m\u00f6glichen Anfeindungen im digitalen Raum begegnet werden kann. Referent: Rechtsanwalt Dr. Ralph Oliver Graef","og_url":"https:\/\/probono-rechtsberatung.de\/en\/veranstaltung\/online-seminar-hate-speech-hasskriminalitaet-und-digitale-gewalt\/","og_site_name":"Pro Bono Rechtsberatung","og_image":[{"url":"https:\/\/probono-rechtsberatung.de\/wp-content\/uploads\/2022\/01\/referent-ralph-oliver-graef.jpg-300x189.webp","type":"","width":"","height":""}],"twitter_card":"summary_large_image","twitter_misc":{"Est. reading time":"1 minute"},"schema":{"@context":"https:\/\/schema.org","@graph":[{"@type":"WebPage","@id":"https:\/\/probono-rechtsberatung.de\/en\/veranstaltung\/online-seminar-hate-speech-hasskriminalitaet-und-digitale-gewalt\/","url":"https:\/\/probono-rechtsberatung.de\/en\/veranstaltung\/online-seminar-hate-speech-hasskriminalitaet-und-digitale-gewalt\/","name":"Online-Seminar: Hate Speech, Hasskriminalit\u00e4t und digitale Gewalt &#8226; Pro Bono Rechtsberatung","isPartOf":{"@id":"https:\/\/probono-rechtsberatung.de\/en\/#website"},"primaryImageOfPage":{"@id":"https:\/\/probono-rechtsberatung.de\/en\/veranstaltung\/online-seminar-hate-speech-hasskriminalitaet-und-digitale-gewalt\/#primaryimage"},"image":{"@id":"https:\/\/probono-rechtsberatung.de\/en\/veranstaltung\/online-seminar-hate-speech-hasskriminalitaet-und-digitale-gewalt\/#primaryimage"},"thumbnailUrl":"https:\/\/probono-rechtsberatung.de\/wp-content\/uploads\/2022\/01\/referent-ralph-oliver-graef.jpg-300x189.webp","datePublished":"2022-01-11T11:48:00+00:00","breadcrumb":{"@id":"https:\/\/probono-rechtsberatung.de\/en\/veranstaltung\/online-seminar-hate-speech-hasskriminalitaet-und-digitale-gewalt\/#breadcrumb"},"inLanguage":"en-US","potentialAction":[{"@type":"ReadAction","target":["https:\/\/probono-rechtsberatung.de\/en\/veranstaltung\/online-seminar-hate-speech-hasskriminalitaet-und-digitale-gewalt\/"]}]},{"@type":"ImageObject","inLanguage":"en-US","@id":"https:\/\/probono-rechtsberatung.de\/en\/veranstaltung\/online-seminar-hate-speech-hasskriminalitaet-und-digitale-gewalt\/#primaryimage","url":"https:\/\/probono-rechtsberatung.de\/wp-content\/uploads\/2022\/01\/referent-ralph-oliver-graef.jpg-300x189.webp","contentUrl":"https:\/\/probono-rechtsberatung.de\/wp-content\/uploads\/2022\/01\/referent-ralph-oliver-graef.jpg-300x189.webp"},{"@type":"BreadcrumbList","@id":"https:\/\/probono-rechtsberatung.de\/en\/veranstaltung\/online-seminar-hate-speech-hasskriminalitaet-und-digitale-gewalt\/#breadcrumb","itemListElement":[{"@type":"ListItem","position":1,"name":"Startseite","item":"https:\/\/probono-rechtsberatung.de\/en\/"},{"@type":"ListItem","position":2,"name":"Events","item":"https:\/\/probono-rechtsberatung.de\/en\/veranstaltungen\/"},{"@type":"ListItem","position":3,"name":"Online-Seminar: Hate Speech, Hasskriminalit\u00e4t und digitale Gewalt"}]},{"@type":"WebSite","@id":"https:\/\/probono-rechtsberatung.de\/en\/#website","url":"https:\/\/probono-rechtsberatung.de\/en\/","name":"Pro Bono Rechtsberatung","description":"f\u00fcr Non-Profit-Organisationen","publisher":{"@id":"https:\/\/probono-rechtsberatung.de\/en\/#organization"},"potentialAction":[{"@type":"SearchAction","target":{"@type":"EntryPoint","urlTemplate":"https:\/\/probono-rechtsberatung.de\/en\/?s={search_term_string}"},"query-input":{"@type":"PropertyValueSpecification","valueRequired":true,"valueName":"search_term_string"}}],"inLanguage":"en-US"},{"@type":"Organization","@id":"https:\/\/probono-rechtsberatung.de\/en\/#organization","name":"Pro Bono Rechtsberatung","url":"https:\/\/probono-rechtsberatung.de\/en\/","logo":{"@type":"ImageObject","inLanguage":"en-US","@id":"https:\/\/probono-rechtsberatung.de\/en\/#\/schema\/logo\/image\/","url":"https:\/\/probono-rechtsberatung.de\/wp-content\/uploads\/2021\/11\/upj-pro_bono_weblogo-01.svg","contentUrl":"https:\/\/probono-rechtsberatung.de\/wp-content\/uploads\/2021\/11\/upj-pro_bono_weblogo-01.svg","width":1010,"height":164,"caption":"Pro Bono Rechtsberatung"},"image":{"@id":"https:\/\/probono-rechtsberatung.de\/en\/#\/schema\/logo\/image\/"}}]}},"_links":{"self":[{"href":"https:\/\/probono-rechtsberatung.de\/en\/wp-json\/wp\/v2\/tribe_events\/9853","targetHints":{"allow":["GET"]}}],"collection":[{"href":"https:\/\/probono-rechtsberatung.de\/en\/wp-json\/wp\/v2\/tribe_events"}],"about":[{"href":"https:\/\/probono-rechtsberatung.de\/en\/wp-json\/wp\/v2\/types\/tribe_events"}],"author":[{"embeddable":true,"href":"https:\/\/probono-rechtsberatung.de\/en\/wp-json\/wp\/v2\/users\/2"}],"version-history":[{"count":0,"href":"https:\/\/probono-rechtsberatung.de\/en\/wp-json\/wp\/v2\/tribe_events\/9853\/revisions"}],"wp:attachment":[{"href":"https:\/\/probono-rechtsberatung.de\/en\/wp-json\/wp\/v2\/media?parent=9853"}],"wp:term":[{"taxonomy":"post_tag","embeddable":true,"href":"https:\/\/probono-rechtsberatung.de\/en\/wp-json\/wp\/v2\/tags?post=9853"},{"taxonomy":"tribe_events_cat","embeddable":true,"href":"https:\/\/probono-rechtsberatung.de\/en\/wp-json\/wp\/v2\/tribe_events_cat?post=9853"}],"curies":[{"name":"wp","href":"https:\/\/api.w.org\/{rel}","templated":true}]}}