{"id":9842,"date":"2021-12-06T10:53:44","date_gmt":"2021-12-06T09:53:44","guid":{"rendered":"https:\/\/probono-rechtsberatung.de\/veranstaltung\/online-seminar-nach-der-flutkatastrophe-rechtliche-fragen-und-antworten-zu-versicherung-und-deckung\/"},"modified":"2024-03-27T12:51:16","modified_gmt":"2024-03-27T11:51:16","slug":"online-seminar-nach-der-flutkatastrophe-rechtliche-fragen-und-antworten-zu-versicherung-und-deckung","status":"publish","type":"tribe_events","link":"https:\/\/probono-rechtsberatung.de\/en\/veranstaltung\/online-seminar-nach-der-flutkatastrophe-rechtliche-fragen-und-antworten-zu-versicherung-und-deckung\/","title":{"rendered":"Online-Seminar: Nach der Flutkatastrophe \u2013 Rechtliche Fragen und Antworten zu Versicherung und Deckung"},"content":{"rendered":"<p><strong>Zielgruppe:<\/strong><br \/>\nBeratungsstellen, gemeinn\u00fctzige Einrichtungen, insbesondere Sozialberater*innen<\/p>\n<p><strong>Die Veranstaltung ist kostenlos<\/strong><\/p>\n<p><strong>Veranstalter:<\/strong><br \/>\nUPJ Pro Bono Rechtsberatung<\/p>\n<p><strong>Referentinnen:<\/strong><\/p>\n<p><strong><img decoding=\"async\" class=\"alignnone size-medium wp-image-2999\" src=\"https:\/\/probono-rechtsberatung.de\/wp-content\/uploads\/2021\/12\/portraets_binz_cherkassy_renschke-300x112.jpg\" alt=\"\" width=\"300\" height=\"112\" srcset=\"https:\/\/probono-rechtsberatung.de\/wp-content\/uploads\/2021\/12\/portraets_binz_cherkassy_renschke-300x112.jpg 300w, https:\/\/probono-rechtsberatung.de\/wp-content\/uploads\/2021\/12\/portraets_binz_cherkassy_renschke-1024x382.jpg 1024w, https:\/\/probono-rechtsberatung.de\/wp-content\/uploads\/2021\/12\/portraets_binz_cherkassy_renschke-768x287.jpg 768w, https:\/\/probono-rechtsberatung.de\/wp-content\/uploads\/2021\/12\/portraets_binz_cherkassy_renschke.jpg 1128w\" sizes=\"(max-width: 300px) 100vw, 300px\" \/><\/strong><\/p>\n<p><strong>Rechtsanw\u00e4ltinnen Nathalie Binz, Jana Cherkassky und Sandra Renschke,<br \/>\n<\/strong><a href=\"https:\/\/cms.law\/de\/deu\/\">Internationale Wirtschaftskanzlei CMS Deutschland<\/a><\/p>\n<p>Die Aufr\u00e4umarbeiten nach der Flut Mitte Juli schreiten weiter fort. Doch in den betroffenen Gebieten geht es nun auch um die Schadenermittlung und Schadenregulierung. Nach einer Einf\u00fchrung zum Angebot der Pro Bono Rechtsberatung von UPJ erl\u00e4utern die drei CMS-Rechtsanw\u00e4ltinnen, Nathalie Binz, Jana Cherkassky und Sandra Renschke, Fragen rund um den Themenbereich Versicherung. Die Veranstaltung richtet sich an Mitarbeiter*innen in Beratungsstellen, die von Privatpersonen mit Fragen zum Versicherungsschutz konfrontiert werden. Detaillierte Informationen zum System \u201eVersicherung\u201c, dessen Rahmenbedingungen und dessen Grenzen, sollen den Berater*innen bei der t\u00e4glichen Arbeit in den betroffenen Gebieten eine Hilfestellung bieten. Schritt f\u00fcr Schritt wird erl\u00e4utert, wie die Schadenregulierung erfolgt und was hierbei zu beachten ist.<\/p>\n<p>Der Vortrag behandelt unter anderem folgende Fragen:<\/p>\n<ul>\n<li>Versicherung im Katastrophenfall \u2013 welche Versicherungen springen wof\u00fcr ein?<\/li>\n<li>Zerst\u00f6rte oder unauffindbare Versicherungspolicen: wie kann ich eine Schadenmeldung ohne Versicherungsunterlagen vornehmen?<\/li>\n<li>Wie sollten Sch\u00e4den dokumentiert werden?<\/li>\n<li>Was ist versichert und in welcher H\u00f6he? Versicherungssumme und Versicherungswert, versicherte Gegenst\u00e4nde und versicherte Kosten<\/li>\n<li>Wie lange dauert die Schadenregulierung bzw. bis zur ersten Abschlagszahlung in der Regel?<\/li>\n<li>Wie geht man gegen eine Schadenablehnung vor?<\/li>\n<li>Gibt es staatliche Hilfe im Katastrophenfall?<\/li>\n<\/ul>\n<p>Im Anschluss an den Vortrag gibt es Zeit f\u00fcr eine Frage-Antwort-Runde. Hier k\u00f6nnen weitere Fragen noch eingehender besprochen werden. Hier k\u00f6nnen weitere Rechtsfragen eingehender dargestellt und er\u00f6rtert werden. In diesem Online-Seminar wird jedoch keine rechtliche Pr\u00fcfung von Einzelf\u00e4llen vorgenommen werden.<\/p>\n<p>&nbsp;<\/p>\n<p><strong>Die Veranstaltung entstand auf Initiative von UPJ und der CMS Stiftung in Zusammenarbeit mit der Landesarbeitsgemeinschaft der Freiwilligenagenturen in Nordrhein-Westfalen, der Parit\u00e4tischen Akademie LV NRW e.V. und der Staatskanzlei Rheinland-Pfalz.<\/strong><\/p>\n","protected":false},"excerpt":{"rendered":"<p>Die Aufr\u00e4umarbeiten nach der Flut Mitte Juli schreiten weiter fort. Doch in den betroffenen Gebieten geht es nun auch um die Schadenermittlung und Schadenregulierung. Die Rechtsanw\u00e4ltinnen erl\u00e4utern Fragen rund um den Themenbereich Versicherung.<\/p>\n","protected":false},"author":2,"featured_media":0,"template":"","meta":{"_acf_changed":false,"_tribe_events_status":"","_tribe_events_status_reason":"","footnotes":""},"tags":[],"tribe_events_cat":[],"class_list":["post-9842","tribe_events","type-tribe_events","status-publish","hentry"],"acf":[],"yoast_head":"<!-- This site is optimized with the Yoast SEO plugin v27.5 - https:\/\/yoast.com\/product\/yoast-seo-wordpress\/ -->\n<title>Online-Seminar: Nach der Flutkatastrophe \u2013 Rechtliche Fragen und Antworten zu Versicherung und Deckung &#8226; Pro Bono Rechtsberatung<\/title>\n<meta name=\"robots\" content=\"index, follow, max-snippet:-1, max-image-preview:large, max-video-preview:-1\" \/>\n<link rel=\"canonical\" href=\"https:\/\/probono-rechtsberatung.de\/en\/veranstaltung\/online-seminar-nach-der-flutkatastrophe-rechtliche-fragen-und-antworten-zu-versicherung-und-deckung\/\" \/>\n<meta property=\"og:locale\" content=\"en_US\" \/>\n<meta property=\"og:type\" content=\"article\" \/>\n<meta property=\"og:title\" content=\"Online-Seminar: Nach der Flutkatastrophe \u2013 Rechtliche Fragen und Antworten zu Versicherung und Deckung &#8226; Pro Bono Rechtsberatung\" \/>\n<meta property=\"og:description\" content=\"Die Aufr\u00e4umarbeiten nach der Flut Mitte Juli schreiten weiter fort. Doch in den betroffenen Gebieten geht es nun auch um die Schadenermittlung und Schadenregulierung. Die Rechtsanw\u00e4ltinnen erl\u00e4utern Fragen rund um den Themenbereich Versicherung.\" \/>\n<meta property=\"og:url\" content=\"https:\/\/probono-rechtsberatung.de\/en\/veranstaltung\/online-seminar-nach-der-flutkatastrophe-rechtliche-fragen-und-antworten-zu-versicherung-und-deckung\/\" \/>\n<meta property=\"og:site_name\" content=\"Pro Bono Rechtsberatung\" \/>\n<meta property=\"article:modified_time\" content=\"2024-03-27T11:51:16+00:00\" \/>\n<meta property=\"og:image\" content=\"https:\/\/probono-rechtsberatung.de\/wp-content\/uploads\/2021\/12\/portraets_binz_cherkassy_renschke-300x112.jpg\" \/>\n<meta name=\"twitter:card\" content=\"summary_large_image\" \/>\n<meta name=\"twitter:label1\" content=\"Est. reading time\" \/>\n\t<meta name=\"twitter:data1\" content=\"2 minutes\" \/>\n<script type=\"application\/ld+json\" class=\"yoast-schema-graph\">{\"@context\":\"https:\\\/\\\/schema.org\",\"@graph\":[{\"@type\":\"WebPage\",\"@id\":\"https:\\\/\\\/probono-rechtsberatung.de\\\/en\\\/veranstaltung\\\/online-seminar-nach-der-flutkatastrophe-rechtliche-fragen-und-antworten-zu-versicherung-und-deckung\\\/\",\"url\":\"https:\\\/\\\/probono-rechtsberatung.de\\\/en\\\/veranstaltung\\\/online-seminar-nach-der-flutkatastrophe-rechtliche-fragen-und-antworten-zu-versicherung-und-deckung\\\/\",\"name\":\"Online-Seminar: Nach der Flutkatastrophe \u2013 Rechtliche Fragen und Antworten zu Versicherung und Deckung &#8226; Pro Bono Rechtsberatung\",\"isPartOf\":{\"@id\":\"https:\\\/\\\/probono-rechtsberatung.de\\\/en\\\/#website\"},\"primaryImageOfPage\":{\"@id\":\"https:\\\/\\\/probono-rechtsberatung.de\\\/en\\\/veranstaltung\\\/online-seminar-nach-der-flutkatastrophe-rechtliche-fragen-und-antworten-zu-versicherung-und-deckung\\\/#primaryimage\"},\"image\":{\"@id\":\"https:\\\/\\\/probono-rechtsberatung.de\\\/en\\\/veranstaltung\\\/online-seminar-nach-der-flutkatastrophe-rechtliche-fragen-und-antworten-zu-versicherung-und-deckung\\\/#primaryimage\"},\"thumbnailUrl\":\"https:\\\/\\\/probono-rechtsberatung.de\\\/wp-content\\\/uploads\\\/2021\\\/12\\\/portraets_binz_cherkassy_renschke-300x112.jpg\",\"datePublished\":\"2021-12-06T09:53:44+00:00\",\"dateModified\":\"2024-03-27T11:51:16+00:00\",\"breadcrumb\":{\"@id\":\"https:\\\/\\\/probono-rechtsberatung.de\\\/en\\\/veranstaltung\\\/online-seminar-nach-der-flutkatastrophe-rechtliche-fragen-und-antworten-zu-versicherung-und-deckung\\\/#breadcrumb\"},\"inLanguage\":\"en-US\",\"potentialAction\":[{\"@type\":\"ReadAction\",\"target\":[\"https:\\\/\\\/probono-rechtsberatung.de\\\/en\\\/veranstaltung\\\/online-seminar-nach-der-flutkatastrophe-rechtliche-fragen-und-antworten-zu-versicherung-und-deckung\\\/\"]}]},{\"@type\":\"ImageObject\",\"inLanguage\":\"en-US\",\"@id\":\"https:\\\/\\\/probono-rechtsberatung.de\\\/en\\\/veranstaltung\\\/online-seminar-nach-der-flutkatastrophe-rechtliche-fragen-und-antworten-zu-versicherung-und-deckung\\\/#primaryimage\",\"url\":\"https:\\\/\\\/probono-rechtsberatung.de\\\/wp-content\\\/uploads\\\/2021\\\/12\\\/portraets_binz_cherkassy_renschke-300x112.jpg\",\"contentUrl\":\"https:\\\/\\\/probono-rechtsberatung.de\\\/wp-content\\\/uploads\\\/2021\\\/12\\\/portraets_binz_cherkassy_renschke-300x112.jpg\"},{\"@type\":\"BreadcrumbList\",\"@id\":\"https:\\\/\\\/probono-rechtsberatung.de\\\/en\\\/veranstaltung\\\/online-seminar-nach-der-flutkatastrophe-rechtliche-fragen-und-antworten-zu-versicherung-und-deckung\\\/#breadcrumb\",\"itemListElement\":[{\"@type\":\"ListItem\",\"position\":1,\"name\":\"Startseite\",\"item\":\"https:\\\/\\\/probono-rechtsberatung.de\\\/en\\\/\"},{\"@type\":\"ListItem\",\"position\":2,\"name\":\"Events\",\"item\":\"https:\\\/\\\/probono-rechtsberatung.de\\\/en\\\/veranstaltungen\\\/\"},{\"@type\":\"ListItem\",\"position\":3,\"name\":\"Online-Seminar: Nach der Flutkatastrophe \u2013 Rechtliche Fragen und Antworten zu Versicherung und Deckung\"}]},{\"@type\":\"WebSite\",\"@id\":\"https:\\\/\\\/probono-rechtsberatung.de\\\/en\\\/#website\",\"url\":\"https:\\\/\\\/probono-rechtsberatung.de\\\/en\\\/\",\"name\":\"Pro Bono Rechtsberatung\",\"description\":\"f\u00fcr Non-Profit-Organisationen\",\"publisher\":{\"@id\":\"https:\\\/\\\/probono-rechtsberatung.de\\\/en\\\/#organization\"},\"potentialAction\":[{\"@type\":\"SearchAction\",\"target\":{\"@type\":\"EntryPoint\",\"urlTemplate\":\"https:\\\/\\\/probono-rechtsberatung.de\\\/en\\\/?s={search_term_string}\"},\"query-input\":{\"@type\":\"PropertyValueSpecification\",\"valueRequired\":true,\"valueName\":\"search_term_string\"}}],\"inLanguage\":\"en-US\"},{\"@type\":\"Organization\",\"@id\":\"https:\\\/\\\/probono-rechtsberatung.de\\\/en\\\/#organization\",\"name\":\"Pro Bono Rechtsberatung\",\"url\":\"https:\\\/\\\/probono-rechtsberatung.de\\\/en\\\/\",\"logo\":{\"@type\":\"ImageObject\",\"inLanguage\":\"en-US\",\"@id\":\"https:\\\/\\\/probono-rechtsberatung.de\\\/en\\\/#\\\/schema\\\/logo\\\/image\\\/\",\"url\":\"https:\\\/\\\/probono-rechtsberatung.de\\\/wp-content\\\/uploads\\\/2021\\\/11\\\/upj-pro_bono_weblogo-01.svg\",\"contentUrl\":\"https:\\\/\\\/probono-rechtsberatung.de\\\/wp-content\\\/uploads\\\/2021\\\/11\\\/upj-pro_bono_weblogo-01.svg\",\"width\":1010,\"height\":164,\"caption\":\"Pro Bono Rechtsberatung\"},\"image\":{\"@id\":\"https:\\\/\\\/probono-rechtsberatung.de\\\/en\\\/#\\\/schema\\\/logo\\\/image\\\/\"}}]}<\/script>\n<!-- \/ Yoast SEO plugin. -->","yoast_head_json":{"title":"Online-Seminar: Nach der Flutkatastrophe \u2013 Rechtliche Fragen und Antworten zu Versicherung und Deckung &#8226; Pro Bono Rechtsberatung","robots":{"index":"index","follow":"follow","max-snippet":"max-snippet:-1","max-image-preview":"max-image-preview:large","max-video-preview":"max-video-preview:-1"},"canonical":"https:\/\/probono-rechtsberatung.de\/en\/veranstaltung\/online-seminar-nach-der-flutkatastrophe-rechtliche-fragen-und-antworten-zu-versicherung-und-deckung\/","og_locale":"en_US","og_type":"article","og_title":"Online-Seminar: Nach der Flutkatastrophe \u2013 Rechtliche Fragen und Antworten zu Versicherung und Deckung &#8226; Pro Bono Rechtsberatung","og_description":"Die Aufr\u00e4umarbeiten nach der Flut Mitte Juli schreiten weiter fort. Doch in den betroffenen Gebieten geht es nun auch um die Schadenermittlung und Schadenregulierung. Die Rechtsanw\u00e4ltinnen erl\u00e4utern Fragen rund um den Themenbereich Versicherung.","og_url":"https:\/\/probono-rechtsberatung.de\/en\/veranstaltung\/online-seminar-nach-der-flutkatastrophe-rechtliche-fragen-und-antworten-zu-versicherung-und-deckung\/","og_site_name":"Pro Bono Rechtsberatung","article_modified_time":"2024-03-27T11:51:16+00:00","og_image":[{"url":"https:\/\/probono-rechtsberatung.de\/wp-content\/uploads\/2021\/12\/portraets_binz_cherkassy_renschke-300x112.jpg","type":"","width":"","height":""}],"twitter_card":"summary_large_image","twitter_misc":{"Est. reading time":"2 minutes"},"schema":{"@context":"https:\/\/schema.org","@graph":[{"@type":"WebPage","@id":"https:\/\/probono-rechtsberatung.de\/en\/veranstaltung\/online-seminar-nach-der-flutkatastrophe-rechtliche-fragen-und-antworten-zu-versicherung-und-deckung\/","url":"https:\/\/probono-rechtsberatung.de\/en\/veranstaltung\/online-seminar-nach-der-flutkatastrophe-rechtliche-fragen-und-antworten-zu-versicherung-und-deckung\/","name":"Online-Seminar: Nach der Flutkatastrophe \u2013 Rechtliche Fragen und Antworten zu Versicherung und Deckung &#8226; Pro Bono Rechtsberatung","isPartOf":{"@id":"https:\/\/probono-rechtsberatung.de\/en\/#website"},"primaryImageOfPage":{"@id":"https:\/\/probono-rechtsberatung.de\/en\/veranstaltung\/online-seminar-nach-der-flutkatastrophe-rechtliche-fragen-und-antworten-zu-versicherung-und-deckung\/#primaryimage"},"image":{"@id":"https:\/\/probono-rechtsberatung.de\/en\/veranstaltung\/online-seminar-nach-der-flutkatastrophe-rechtliche-fragen-und-antworten-zu-versicherung-und-deckung\/#primaryimage"},"thumbnailUrl":"https:\/\/probono-rechtsberatung.de\/wp-content\/uploads\/2021\/12\/portraets_binz_cherkassy_renschke-300x112.jpg","datePublished":"2021-12-06T09:53:44+00:00","dateModified":"2024-03-27T11:51:16+00:00","breadcrumb":{"@id":"https:\/\/probono-rechtsberatung.de\/en\/veranstaltung\/online-seminar-nach-der-flutkatastrophe-rechtliche-fragen-und-antworten-zu-versicherung-und-deckung\/#breadcrumb"},"inLanguage":"en-US","potentialAction":[{"@type":"ReadAction","target":["https:\/\/probono-rechtsberatung.de\/en\/veranstaltung\/online-seminar-nach-der-flutkatastrophe-rechtliche-fragen-und-antworten-zu-versicherung-und-deckung\/"]}]},{"@type":"ImageObject","inLanguage":"en-US","@id":"https:\/\/probono-rechtsberatung.de\/en\/veranstaltung\/online-seminar-nach-der-flutkatastrophe-rechtliche-fragen-und-antworten-zu-versicherung-und-deckung\/#primaryimage","url":"https:\/\/probono-rechtsberatung.de\/wp-content\/uploads\/2021\/12\/portraets_binz_cherkassy_renschke-300x112.jpg","contentUrl":"https:\/\/probono-rechtsberatung.de\/wp-content\/uploads\/2021\/12\/portraets_binz_cherkassy_renschke-300x112.jpg"},{"@type":"BreadcrumbList","@id":"https:\/\/probono-rechtsberatung.de\/en\/veranstaltung\/online-seminar-nach-der-flutkatastrophe-rechtliche-fragen-und-antworten-zu-versicherung-und-deckung\/#breadcrumb","itemListElement":[{"@type":"ListItem","position":1,"name":"Startseite","item":"https:\/\/probono-rechtsberatung.de\/en\/"},{"@type":"ListItem","position":2,"name":"Events","item":"https:\/\/probono-rechtsberatung.de\/en\/veranstaltungen\/"},{"@type":"ListItem","position":3,"name":"Online-Seminar: Nach der Flutkatastrophe \u2013 Rechtliche Fragen und Antworten zu Versicherung und Deckung"}]},{"@type":"WebSite","@id":"https:\/\/probono-rechtsberatung.de\/en\/#website","url":"https:\/\/probono-rechtsberatung.de\/en\/","name":"Pro Bono Rechtsberatung","description":"f\u00fcr Non-Profit-Organisationen","publisher":{"@id":"https:\/\/probono-rechtsberatung.de\/en\/#organization"},"potentialAction":[{"@type":"SearchAction","target":{"@type":"EntryPoint","urlTemplate":"https:\/\/probono-rechtsberatung.de\/en\/?s={search_term_string}"},"query-input":{"@type":"PropertyValueSpecification","valueRequired":true,"valueName":"search_term_string"}}],"inLanguage":"en-US"},{"@type":"Organization","@id":"https:\/\/probono-rechtsberatung.de\/en\/#organization","name":"Pro Bono Rechtsberatung","url":"https:\/\/probono-rechtsberatung.de\/en\/","logo":{"@type":"ImageObject","inLanguage":"en-US","@id":"https:\/\/probono-rechtsberatung.de\/en\/#\/schema\/logo\/image\/","url":"https:\/\/probono-rechtsberatung.de\/wp-content\/uploads\/2021\/11\/upj-pro_bono_weblogo-01.svg","contentUrl":"https:\/\/probono-rechtsberatung.de\/wp-content\/uploads\/2021\/11\/upj-pro_bono_weblogo-01.svg","width":1010,"height":164,"caption":"Pro Bono Rechtsberatung"},"image":{"@id":"https:\/\/probono-rechtsberatung.de\/en\/#\/schema\/logo\/image\/"}}]}},"_links":{"self":[{"href":"https:\/\/probono-rechtsberatung.de\/en\/wp-json\/wp\/v2\/tribe_events\/9842","targetHints":{"allow":["GET"]}}],"collection":[{"href":"https:\/\/probono-rechtsberatung.de\/en\/wp-json\/wp\/v2\/tribe_events"}],"about":[{"href":"https:\/\/probono-rechtsberatung.de\/en\/wp-json\/wp\/v2\/types\/tribe_events"}],"author":[{"embeddable":true,"href":"https:\/\/probono-rechtsberatung.de\/en\/wp-json\/wp\/v2\/users\/2"}],"version-history":[{"count":0,"href":"https:\/\/probono-rechtsberatung.de\/en\/wp-json\/wp\/v2\/tribe_events\/9842\/revisions"}],"wp:attachment":[{"href":"https:\/\/probono-rechtsberatung.de\/en\/wp-json\/wp\/v2\/media?parent=9842"}],"wp:term":[{"taxonomy":"post_tag","embeddable":true,"href":"https:\/\/probono-rechtsberatung.de\/en\/wp-json\/wp\/v2\/tags?post=9842"},{"taxonomy":"tribe_events_cat","embeddable":true,"href":"https:\/\/probono-rechtsberatung.de\/en\/wp-json\/wp\/v2\/tribe_events_cat?post=9842"}],"curies":[{"name":"wp","href":"https:\/\/api.w.org\/{rel}","templated":true}]}}