{"id":11533,"date":"2025-04-24T16:05:59","date_gmt":"2025-04-24T14:05:59","guid":{"rendered":"https:\/\/probono-rechtsberatung.de\/veranstaltung\/european-pro-bono-week-2025-germany\/"},"modified":"2026-04-20T12:38:17","modified_gmt":"2026-04-20T10:38:17","slug":"european-pro-bono-week-2025-germany","status":"publish","type":"tribe_events","link":"https:\/\/probono-rechtsberatung.de\/en\/veranstaltung\/european-pro-bono-week-2025-germany\/","title":{"rendered":"European Pro Bono Week 2025 &#8211; Germany"},"content":{"rendered":"\t\t<div data-elementor-type=\"tec_event_single_static\" data-elementor-id=\"11533\" class=\"elementor elementor-11533 elementor-11456\" data-elementor-settings=\"{&quot;element_pack_global_tooltip_width&quot;:{&quot;unit&quot;:&quot;px&quot;,&quot;size&quot;:&quot;&quot;,&quot;sizes&quot;:[]},&quot;element_pack_global_tooltip_width_tablet&quot;:{&quot;unit&quot;:&quot;px&quot;,&quot;size&quot;:&quot;&quot;,&quot;sizes&quot;:[]},&quot;element_pack_global_tooltip_width_mobile&quot;:{&quot;unit&quot;:&quot;px&quot;,&quot;size&quot;:&quot;&quot;,&quot;sizes&quot;:[]},&quot;element_pack_global_tooltip_padding&quot;:{&quot;unit&quot;:&quot;px&quot;,&quot;top&quot;:&quot;&quot;,&quot;right&quot;:&quot;&quot;,&quot;bottom&quot;:&quot;&quot;,&quot;left&quot;:&quot;&quot;,&quot;isLinked&quot;:true},&quot;element_pack_global_tooltip_padding_tablet&quot;:{&quot;unit&quot;:&quot;px&quot;,&quot;top&quot;:&quot;&quot;,&quot;right&quot;:&quot;&quot;,&quot;bottom&quot;:&quot;&quot;,&quot;left&quot;:&quot;&quot;,&quot;isLinked&quot;:true},&quot;element_pack_global_tooltip_padding_mobile&quot;:{&quot;unit&quot;:&quot;px&quot;,&quot;top&quot;:&quot;&quot;,&quot;right&quot;:&quot;&quot;,&quot;bottom&quot;:&quot;&quot;,&quot;left&quot;:&quot;&quot;,&quot;isLinked&quot;:true},&quot;element_pack_global_tooltip_border_radius&quot;:{&quot;unit&quot;:&quot;px&quot;,&quot;top&quot;:&quot;&quot;,&quot;right&quot;:&quot;&quot;,&quot;bottom&quot;:&quot;&quot;,&quot;left&quot;:&quot;&quot;,&quot;isLinked&quot;:true},&quot;element_pack_global_tooltip_border_radius_tablet&quot;:{&quot;unit&quot;:&quot;px&quot;,&quot;top&quot;:&quot;&quot;,&quot;right&quot;:&quot;&quot;,&quot;bottom&quot;:&quot;&quot;,&quot;left&quot;:&quot;&quot;,&quot;isLinked&quot;:true},&quot;element_pack_global_tooltip_border_radius_mobile&quot;:{&quot;unit&quot;:&quot;px&quot;,&quot;top&quot;:&quot;&quot;,&quot;right&quot;:&quot;&quot;,&quot;bottom&quot;:&quot;&quot;,&quot;left&quot;:&quot;&quot;,&quot;isLinked&quot;:true}}\" data-elementor-post-type=\"tribe_events\">\n\t\t\t\t<div class=\"elementor-element elementor-element-341c1d7 e-con-full e-flex e-con e-parent\" data-id=\"341c1d7\" data-element_type=\"container\" data-e-type=\"container\">\n\t\t\t\t<div class=\"elementor-element elementor-element-aa3bc49 elementor-widget elementor-widget-heading\" data-id=\"aa3bc49\" data-element_type=\"widget\" data-e-type=\"widget\" data-widget_type=\"heading.default\">\n\t\t\t\t<div class=\"elementor-widget-container\">\n\t\t\t\t\t<h1 class=\"elementor-heading-title elementor-size-default\">European Pro Bono Week 2025 - Germany<\/h1>\t\t\t\t<\/div>\n\t\t\t\t<\/div>\n\t\t<div class=\"elementor-element elementor-element-68fc5db e-flex e-con-boxed e-con e-child\" data-id=\"68fc5db\" data-element_type=\"container\" data-e-type=\"container\">\n\t\t\t\t\t<div class=\"e-con-inner\">\n\t\t\t\t<div class=\"elementor-element elementor-element-689e26e elementor-widget elementor-widget-image\" data-id=\"689e26e\" data-element_type=\"widget\" data-e-type=\"widget\" data-widget_type=\"image.default\">\n\t\t\t\t<div class=\"elementor-widget-container\">\n\t\t\t\t\t\t\t\t\t\t\t\t\t\t\t<img fetchpriority=\"high\" decoding=\"async\" width=\"2250\" height=\"407\" src=\"https:\/\/probono-rechtsberatung.de\/wp-content\/uploads\/2022\/10\/banner_pbw_2022.png\" class=\"attachment-full size-full wp-image-9866\" alt=\"\" srcset=\"https:\/\/probono-rechtsberatung.de\/wp-content\/uploads\/2022\/10\/banner_pbw_2022.png 2250w, https:\/\/probono-rechtsberatung.de\/wp-content\/uploads\/2022\/10\/banner_pbw_2022-300x54.png 300w, https:\/\/probono-rechtsberatung.de\/wp-content\/uploads\/2022\/10\/banner_pbw_2022-1024x185.png 1024w, https:\/\/probono-rechtsberatung.de\/wp-content\/uploads\/2022\/10\/banner_pbw_2022-768x139.png 768w, https:\/\/probono-rechtsberatung.de\/wp-content\/uploads\/2022\/10\/banner_pbw_2022-1536x278.png 1536w, https:\/\/probono-rechtsberatung.de\/wp-content\/uploads\/2022\/10\/banner_pbw_2022-2048x370.png 2048w\" sizes=\"(max-width: 2250px) 100vw, 2250px\" \/>\t\t\t\t\t\t\t\t\t\t\t\t\t\t\t<\/div>\n\t\t\t\t<\/div>\n\t\t\t\t\t<\/div>\n\t\t\t\t<\/div>\n\t\t<div class=\"elementor-element elementor-element-bc4271b e-flex e-con-boxed e-con e-child\" data-id=\"bc4271b\" data-element_type=\"container\" data-e-type=\"container\">\n\t\t\t\t\t<div class=\"e-con-inner\">\n\t\t\t\t<div class=\"elementor-element elementor-element-9336835 elementor-widget__width-initial elementor-widget elementor-widget-text-editor\" data-id=\"9336835\" data-element_type=\"widget\" data-e-type=\"widget\" data-widget_type=\"text-editor.default\">\n\t\t\t\t<div class=\"elementor-widget-container\">\n\t\t\t\t\t\t\t\t\t<p style=\"text-align: left;\"><strong><b>Tuesday, June 10, 2025<\/b><\/strong><\/p>\t\t\t\t\t\t\t\t<\/div>\n\t\t\t\t<\/div>\n\t\t\t\t<div class=\"elementor-element elementor-element-0971fb2 elementor-widget__width-inherit elementor-widget elementor-widget-text-editor\" data-id=\"0971fb2\" data-element_type=\"widget\" data-e-type=\"widget\" data-widget_type=\"text-editor.default\">\n\t\t\t\t<div class=\"elementor-widget-container\">\n\t\t\t\t\t\t\t\t\t<p>Online (en)<\/p><h3>European Launch Event (en)<\/h3><p><strong>Strengthening Civic Participation in Europe<\/strong><\/p><p>The webinar will aim to untangle the role of pro bono in civic space, where actors face increasing legal pressure, uncertainties, and challenges. This webinar will also provide a Global and European overview on civic space health, issues, and resilience, which will be discussed in more detail during the local events.<\/p><p>With:<br \/><strong>Atanas Politov<\/strong>, Europe Director of Positive Impact and Pro Bono, Dentons<br \/><strong>Gina Romero<\/strong>, Special Rapporteur on the Rights to Freedom of Peaceful Assembly and of Association, United Nations<br \/><strong>Kerttu Willamo<\/strong>, Civic Space Project Officer, European Civic Forum (ECF)<\/p><p>Organised by: <a href=\"https:\/\/www.pilnet.org\/\" target=\"_blank\" rel=\"noopener\">PILnet<\/a><\/p>\t\t\t\t\t\t\t\t<\/div>\n\t\t\t\t<\/div>\n\t\t\t\t\t<\/div>\n\t\t\t\t<\/div>\n\t\t\t\t<div class=\"elementor-element elementor-element-1c08ccd elementor-align-left elementor-widget__width-inherit elementor-widget elementor-widget-bdt-advanced-button\" data-id=\"1c08ccd\" data-element_type=\"widget\" data-e-type=\"widget\" data-widget_type=\"bdt-advanced-button.default\">\n\t\t\t\t<div class=\"elementor-widget-container\">\n\t\t\t\t\t\t\t<div class=\"bdt-ep-button-wrapper\">\n\t\t\t<a href=\"https:\/\/www.pilnet.org\/event\/2025-european-pro-bono-week\/2025-european-pro-bono-week-schedule\/\" target=\"_blank\" class=\"bdt-ep-button bdt-ep-button-effect-a bdt-ep-button-size-md\">\n\t\t\t\t\t\t<div class=\"bdt-ep-button-content-wrapper bdt-flex bdt-flex-middle bdt-flex-center  \" data-text=\"Information and registration\">\n\t\t\t\n\t\t\t<div class=\"bdt-ep-button-text\">\n\n\t\t\t\t<span class=\"avdbtn-text\">\n\t\t\t\t\tInformation and registration\t\t\t\t<\/span>\n\n\t\t\t\t\t\t\t<\/div>\n\n\t\t\t\n\t\t<\/div>\n\t\t\t\t\t<\/a>\n\t\t<\/div>\n\t\t\t\t\t\t<\/div>\n\t\t\t\t<\/div>\n\t\t\t\t<div class=\"elementor-element elementor-element-00cdf53 elementor-widget elementor-widget-spacer\" data-id=\"00cdf53\" data-element_type=\"widget\" data-e-type=\"widget\" data-widget_type=\"spacer.default\">\n\t\t\t\t<div class=\"elementor-widget-container\">\n\t\t\t\t\t\t\t<div class=\"elementor-spacer\">\n\t\t\t<div class=\"elementor-spacer-inner\"><\/div>\n\t\t<\/div>\n\t\t\t\t\t\t<\/div>\n\t\t\t\t<\/div>\n\t\t\t\t<div class=\"elementor-element elementor-element-1421c4f elementor-widget-divider--view-line elementor-widget elementor-widget-divider\" data-id=\"1421c4f\" data-element_type=\"widget\" data-e-type=\"widget\" data-widget_type=\"divider.default\">\n\t\t\t\t<div class=\"elementor-widget-container\">\n\t\t\t\t\t\t\t<div class=\"elementor-divider\">\n\t\t\t<span class=\"elementor-divider-separator\">\n\t\t\t\t\t\t<\/span>\n\t\t<\/div>\n\t\t\t\t\t\t<\/div>\n\t\t\t\t<\/div>\n\t\t\t\t<\/div>\n\t\t<div class=\"elementor-element elementor-element-d8c5fd8 e-flex e-con-boxed e-con e-parent\" data-id=\"d8c5fd8\" data-element_type=\"container\" data-e-type=\"container\">\n\t\t\t\t\t<div class=\"e-con-inner\">\n\t\t\t\t<div class=\"elementor-element elementor-element-eb2e261 elementor-widget__width-initial elementor-widget elementor-widget-text-editor\" data-id=\"eb2e261\" data-element_type=\"widget\" data-e-type=\"widget\" data-widget_type=\"text-editor.default\">\n\t\t\t\t<div class=\"elementor-widget-container\">\n\t\t\t\t\t\t\t\t\t<p style=\"text-align: left;\"><strong>Thursday, June 12, 2025, <\/strong><strong>10:30-13:00 <br><\/strong> <\/p>\t\t\t\t\t\t\t\t<\/div>\n\t\t\t\t<\/div>\n\t\t\t\t<div class=\"elementor-element elementor-element-febd192 elementor-widget__width-initial elementor-widget elementor-widget-text-editor\" data-id=\"febd192\" data-element_type=\"widget\" data-e-type=\"widget\" data-widget_type=\"text-editor.default\">\n\t\t\t\t<div class=\"elementor-widget-container\">\n\t\t\t\t\t\t\t\t\t<p style=\"text-align: left;\">Hybrid event (de)<strong><br><\/strong><\/p><h3><strong>Strengthening Engagement, Providing Legal Support<\/strong><\/h3><p><strong><em>Pro bono partnerships in times of social challenges<\/em><\/strong><\/p>\t\t\t\t\t\t\t\t<\/div>\n\t\t\t\t<\/div>\n\t\t\t\t<div class=\"elementor-element elementor-element-04ee03c elementor-widget__width-initial elementor-widget elementor-widget-text-editor\" data-id=\"04ee03c\" data-element_type=\"widget\" data-e-type=\"widget\" data-widget_type=\"text-editor.default\">\n\t\t\t\t<div class=\"elementor-widget-container\">\n\t\t\t\t\t\t\t\t\t<p>Venue: CMS Deutschland, Lenn\u00e9stra\u00dfe 7, 10785 Berlin<\/p><p>OR via Microsoft Teams<\/p>\t\t\t\t\t\t\t\t<\/div>\n\t\t\t\t<\/div>\n\t\t\t\t<div class=\"elementor-element elementor-element-a315088 elementor-widget__width-initial elementor-widget elementor-widget-text-editor\" data-id=\"a315088\" data-element_type=\"widget\" data-e-type=\"widget\" data-widget_type=\"text-editor.default\">\n\t\t\t\t<div class=\"elementor-widget-container\">\n\t\t\t\t\t\t\t\t\t<p>This event sheds light on the key challenges that nonprofit organizations in Germany are facing due to the current political atmosphere. It outlines concrete ways in which legal support can be provided. Topics include defamatory reports to tax authorities as well as cuts or the withdrawal of public funding.<\/p><p>Representatives from civil society and committed lawyers will discuss the most pressing issues and present legal approaches made possible through strategic and sustainable pro bono engagement.<\/p>\t\t\t\t\t\t\t\t<\/div>\n\t\t\t\t<\/div>\n\t\t\t\t<div class=\"elementor-element elementor-element-8909786 elementor-widget__width-initial elementor-widget elementor-widget-text-editor\" data-id=\"8909786\" data-element_type=\"widget\" data-e-type=\"widget\" data-widget_type=\"text-editor.default\">\n\t\t\t\t<div class=\"elementor-widget-container\">\n\t\t\t\t\t\t\t\t\t<p style=\"text-align: left;\"><strong>Following the panel discussions, we invite you to network over snacks and drinks.<\/strong> (End 14:00 h)<\/p>\t\t\t\t\t\t\t\t<\/div>\n\t\t\t\t<\/div>\n\t\t\t\t<div class=\"elementor-element elementor-element-82b235e elementor-widget__width-inherit elementor-widget elementor-widget-bdt-accordion\" data-id=\"82b235e\" data-element_type=\"widget\" data-e-type=\"widget\" data-widget_type=\"bdt-accordion.default\">\n\t\t\t\t<div class=\"elementor-widget-container\">\n\t\t\t\t\t\t\t<div class=\"bdt-ep-accordion-container\">\n\t\t\t<div id=\"bdt-ep-accordion-82b235e\" class=\"bdt-ep-accordion bdt-accordion\" data-bdt-accordion=\"{&quot;collapsible&quot;:true,&quot;multiple&quot;:false,&quot;transition&quot;:&quot;ease-in-out&quot;}\" \t\tdata-settings=\"{&quot;id&quot;:&quot;bdt-ep-accordion-82b235e&quot;,&quot;activeHash&quot;:&quot;&quot;,&quot;activeScrollspy&quot;:null,&quot;hashTopOffset&quot;:false,&quot;hashScrollspyTime&quot;:false,&quot;closeAllItemsOnMobile&quot;:false}\">\n\t\t\t\t\t\t\t\t\t<div class=\"bdt-ep-accordion-item\">\n\t\t\t\t\t\t<p\t\t\t\t\t\t\tclass=\"bdt-ep-accordion-title bdt-accordion-title bdt-flex bdt-flex-middle \" id=\"bdt-ep-accordion-programm\"\n\t\t\t\t\t\t\tdata-accordion-index=\"0\" data-title=\"programm\">\n\n\t\t\t\t\t\t\t\t\t\t\t\t\t\t\t<span class=\"bdt-ep-accordion-icon bdt-flex-align-left\"\n\t\t\t\t\t\t\t\t\taria-hidden=\"true\">\n\n\t\t\t\t\t\t\t\t\t\t\t\t\t\t\t\t\t\t\t<span class=\"bdt-ep-accordion-icon-closed\">\n\t\t\t\t\t\t\t\t\t\t\t<i aria-hidden=\"true\" class=\"fa-fw fas fa-chevron-down\"><\/i>\t\t\t\t\t\t\t\t\t\t<\/span>\n\t\t\t\t\t\t\t\t\t\n\t\t\t\t\t\t\t\t\t\t\t\t\t\t\t\t\t\t\t<span class=\"bdt-ep-accordion-icon-opened\">\n\t\t\t\t\t\t\t\t\t\t\t<i aria-hidden=\"true\" class=\"fa-fw fas fa-chevron-up\"><\/i>\t\t\t\t\t\t\t\t\t\t<\/span>\n\t\t\t\t\t\t\t\t\t\n\t\t\t\t\t\t\t\t<\/span>\n\t\t\t\t\t\t\t\n\t\t\t\t\t\t\t<span role=\"heading\" class=\"bdt-ep-title-text bdt-flex-inline bdt-flex-middle\" >\n\n\t\t\t\t\t\t\t\t\t\t\t\t\t\t\t\tProgramm\t\t\t\t\t\t\t<\/span>\n\n\t\t\t\t\t\t<\/p>\n\t\t\t\t\t\t<div class=\"bdt-ep-accordion-content bdt-accordion-content\">\n\t\t\t\t\t\t\t<div class=\"elementor-element elementor-element-1e01b56 elementor-widget__width-initial elementor-widget elementor-widget-text-editor\" data-id=\"1e01b56\" data-element_type=\"widget\" data-widget_type=\"text-editor.default\"><div class=\"elementor-widget-container\"><h3><strong>10:30 Uhr Keynote:<\/strong><\/h3><\/div><\/div><div class=\"elementor-element elementor-element-dc65bf5 elementor-widget__width-initial elementor-widget elementor-widget-text-editor\" data-id=\"dc65bf5\" data-element_type=\"widget\" data-widget_type=\"text-editor.default\"><div class=\"elementor-widget-container\"><p><strong>Siri Hummel<\/strong>, Direktorin des Maecenata Instituts f\u00fcr Philanthropie und Zivilgesellschaft<\/p><p>&#8212;&#8212;&#8212;&#8212;&#8212;&#8212;&#8212;&#8212;&#8212;&#8212;&#8212;&#8212;-<\/p><\/div><\/div><div class=\"elementor-element elementor-element-892e66b elementor-widget__width-initial elementor-widget elementor-widget-text-editor\" data-id=\"892e66b\" data-element_type=\"widget\" data-widget_type=\"text-editor.default\"><div class=\"elementor-widget-container\"><h3><strong>10:50 Uhr Panelgespr\u00e4ch<\/strong><\/h3><p><strong>Schulterblick: Aktuelle Fragen gemeinwohlorientierter Organisationen<\/strong><\/p><p>Engagierte in zivilgesellschaftlichen Organisationen \u00fcbernehmen zentrale Aufgaben und sto\u00dfen dabei zunehmend an ihre Grenzen. Zu \u00dcberforderung durch B\u00fcrokratie und mangelnder Wertsch\u00e4tzung kommt gegenw\u00e4rtig Verunsicherung angesichts der politischen Rahmenbedingungen hinzu.<\/p><p>Im ersten Panelgespr\u00e4ch wollen wir zuh\u00f6ren: Mit welchen Unsicherheiten und Anfeindungen sind Mitarbeiter*innen und Ehrenamtliche im Alltag konfrontiert? Gemeinsam m\u00f6chten wir herausfinden, welche rechtlichen Themenfelder besonders relevant sind. Was braucht es, um das Engagement nachhaltig zu st\u00e4rken und die gesellschaftliche Vielfalt zu sichern?<\/p><p>Mit:<\/p><p><strong>Julian von Imhoff, Bao Nguyen<\/strong>, Gibson Dunn<br \/><strong>Aenne Kopprasch<\/strong>, Landessportbund Th\u00fcringen<br \/><strong>Friederike Petersen<\/strong>, Stiftung B\u00fcrgermut<\/p><p>Moderation: Benita Piechaczek, UPJ<\/p><p>\u00a0<\/p><\/div><\/div><div class=\"elementor-element elementor-element-40a38a9 elementor-widget__width-initial elementor-widget elementor-widget-text-editor\" data-id=\"40a38a9\" data-element_type=\"widget\" data-widget_type=\"text-editor.default\"><p>&#8212;&#8212;&#8212;&#8212;&#8212;&#8212;&#8212;&#8212;&#8212;&#8212;&#8212;&#8212;<\/p><\/div><div class=\"elementor-element elementor-element-257122e elementor-widget__width-initial elementor-widget elementor-widget-text-editor\" data-id=\"257122e\" data-element_type=\"widget\" data-widget_type=\"text-editor.default\"><div class=\"elementor-widget-container\"><h3><strong>12:00 Uhr Panelgespr\u00e4ch<\/strong><\/h3><p><strong>Wirkungsvolle Partnerschaften \u2013 strategisch unterst\u00fctzen, nachhaltig st\u00e4rken<\/strong><\/p><p>Wenn zivilgesellschaftliches Engagement unter Druck ger\u00e4t, braucht es rechtliche R\u00fcckendeckung \u2013 wie kann juristische Unterst\u00fctzung in solchen Situationen wirken?<br \/>Anhand praxisnaher Beispiele aus der Zusammenarbeit zwischen Kanzleien und gemeinn\u00fctzigen Organisationen zeigen wir, welches Potenzial in strategischem Pro-bono-Engagement steckt \u2013 gerade dann, wenn Strukturen wachsen, wanken oder neu gedacht werden m\u00fcssen. Zugleich werfen wir einen Blick darauf, wo rechtliche Unterst\u00fctzung bereits erfolgreich wirkt und wo weiteres Potenzial besteht.<\/p><p>Mit:<br \/><strong>Valentin Hacken<\/strong>, Halle gegen Rechts \u2013 B\u00fcndnis f\u00fcr Zivilcourage<br \/><strong>Philipp Koch<\/strong>, CMS Deutschland<br \/><strong>Fabian Mayer,<\/strong>\u00a0<strong>Constantin Meimberg<\/strong>, White &amp; Case<br \/><strong>Thea Sch\u00e4fer<\/strong>, Dachverband Studentischer Rechtsberatungen e.V. <br \/><strong>Dirk Schoene<\/strong>, Dentons<\/p><\/div><\/div><div class=\"elementor-element elementor-element-4ba5784 elementor-widget__width-initial elementor-widget elementor-widget-text-editor\" data-id=\"4ba5784\" data-element_type=\"widget\" data-widget_type=\"text-editor.default\"><div class=\"elementor-widget-container\"><p>Moderation: Katja Josenhans und Peter Braun, Pro Bono Deutschland\u00a0<\/p><\/div><\/div>\t\t\t\t\t\t<\/div>\n\t\t\t\t\t<\/div>\n\t\t\t\t\t\t\t<\/div>\n\t\t<\/div>\n\t\t\t\t\t\t<\/div>\n\t\t\t\t<\/div>\n\t\t\t\t<div class=\"elementor-element elementor-element-189b189 elementor-widget__width-inherit elementor-widget elementor-widget-spacer\" data-id=\"189b189\" data-element_type=\"widget\" data-e-type=\"widget\" data-widget_type=\"spacer.default\">\n\t\t\t\t<div class=\"elementor-widget-container\">\n\t\t\t\t\t\t\t<div class=\"elementor-spacer\">\n\t\t\t<div class=\"elementor-spacer-inner\"><\/div>\n\t\t<\/div>\n\t\t\t\t\t\t<\/div>\n\t\t\t\t<\/div>\n\t\t<div class=\"elementor-element elementor-element-e6dfa5e e-grid e-con-full e-con e-child\" data-id=\"e6dfa5e\" data-element_type=\"container\" data-e-type=\"container\">\n\t\t\t\t<div class=\"elementor-element elementor-element-aa6a491 elementor-widget elementor-widget-text-editor\" data-id=\"aa6a491\" data-element_type=\"widget\" data-e-type=\"widget\" data-widget_type=\"text-editor.default\">\n\t\t\t\t<div class=\"elementor-widget-container\">\n\t\t\t\t\t\t\t\t\t<p><strong>Hosted by:<\/strong><\/p>\t\t\t\t\t\t\t\t<\/div>\n\t\t\t\t<\/div>\n\t\t\t\t<div class=\"elementor-element elementor-element-237707c elementor-widget elementor-widget-image\" data-id=\"237707c\" data-element_type=\"widget\" data-e-type=\"widget\" data-widget_type=\"image.default\">\n\t\t\t\t<div class=\"elementor-widget-container\">\n\t\t\t\t\t\t\t\t\t\t\t\t\t\t\t<img decoding=\"async\" src=\"https:\/\/probono-rechtsberatung.de\/wp-content\/uploads\/elementor\/thumbs\/pbd-PBR-r5pc1pgd390hqql0lulv9sqlbqpsxrs2sq9wafyznk.png\" title=\"pbd-PBR\" alt=\"pbd-PBR\" loading=\"lazy\" \/>\t\t\t\t\t\t\t\t\t\t\t\t\t\t\t<\/div>\n\t\t\t\t<\/div>\n\t\t\t\t<div class=\"elementor-element elementor-element-e5273a5 elementor-widget elementor-widget-image\" data-id=\"e5273a5\" data-element_type=\"widget\" data-e-type=\"widget\" data-widget_type=\"image.default\">\n\t\t\t\t<div class=\"elementor-widget-container\">\n\t\t\t\t\t\t\t\t\t\t\t\t\t\t\t<img decoding=\"async\" src=\"https:\/\/probono-rechtsberatung.de\/wp-content\/uploads\/elementor\/thumbs\/CMS-STiftung-CMS-r5pd1x6iegl1bn4hbpbiukiiqw94jie8zedrk01r7k.png\" title=\"CMS-STiftung-CMS\" alt=\"CMS-STiftung-CMS\" loading=\"lazy\" \/>\t\t\t\t\t\t\t\t\t\t\t\t\t\t\t<\/div>\n\t\t\t\t<\/div>\n\t\t\t\t<div class=\"elementor-element elementor-element-26390ff elementor-widget elementor-widget-text-editor\" data-id=\"26390ff\" data-element_type=\"widget\" data-e-type=\"widget\" data-widget_type=\"text-editor.default\">\n\t\t\t\t<div class=\"elementor-widget-container\">\n\t\t\t\t\t\t\t\t\t<p><strong>Organizer:<\/strong><\/p>\t\t\t\t\t\t\t\t<\/div>\n\t\t\t\t<\/div>\n\t\t\t\t<\/div>\n\t\t\t\t<div class=\"elementor-element elementor-element-d763bdb elementor-widget__width-inherit elementor-widget elementor-widget-spacer\" data-id=\"d763bdb\" data-element_type=\"widget\" data-e-type=\"widget\" data-widget_type=\"spacer.default\">\n\t\t\t\t<div class=\"elementor-widget-container\">\n\t\t\t\t\t\t\t<div class=\"elementor-spacer\">\n\t\t\t<div class=\"elementor-spacer-inner\"><\/div>\n\t\t<\/div>\n\t\t\t\t\t\t<\/div>\n\t\t\t\t<\/div>\n\t\t<div class=\"elementor-element elementor-element-cc9b9b4 e-grid e-con-full e-con e-child\" data-id=\"cc9b9b4\" data-element_type=\"container\" data-e-type=\"container\">\n\t\t\t\t<div class=\"elementor-element elementor-element-ba89ad1 elementor-align-left elementor-widget__width-inherit elementor-widget elementor-widget-bdt-advanced-button\" data-id=\"ba89ad1\" data-element_type=\"widget\" data-e-type=\"widget\" data-widget_type=\"bdt-advanced-button.default\">\n\t\t\t\t<div class=\"elementor-widget-container\">\n\t\t\t\t\t\t\t<div class=\"bdt-ep-button-wrapper\">\n\t\t\t<a href=\"https:\/\/pretix.eu\/upj\/epbw2025\/\" target=\"_blank\" class=\"bdt-ep-button bdt-ep-button-effect-a bdt-ep-button-size-md\">\n\t\t\t\t\t\t<div class=\"bdt-ep-button-content-wrapper bdt-flex bdt-flex-middle bdt-flex-center  \" data-text=\"Register: for participation in Berlin\">\n\t\t\t\n\t\t\t<div class=\"bdt-ep-button-text\">\n\n\t\t\t\t<span class=\"avdbtn-text\">\n\t\t\t\t\tRegister: for participation in Berlin\t\t\t\t<\/span>\n\n\t\t\t\t\t\t\t<\/div>\n\n\t\t\t\n\t\t<\/div>\n\t\t\t\t\t<\/a>\n\t\t<\/div>\n\t\t\t\t\t\t<\/div>\n\t\t\t\t<\/div>\n\t\t\t\t<div class=\"elementor-element elementor-element-1da311d elementor-widget elementor-widget-text-editor\" data-id=\"1da311d\" data-element_type=\"widget\" data-e-type=\"widget\" data-widget_type=\"text-editor.default\">\n\t\t\t\t<div class=\"elementor-widget-container\">\n\t\t\t\t\t\t\t\t\t<p>(Places on site are limited. The reservation will be confirmed individually)<\/p>\t\t\t\t\t\t\t\t<\/div>\n\t\t\t\t<\/div>\n\t\t\t\t<div class=\"elementor-element elementor-element-8c6b511 elementor-align-left elementor-widget__width-inherit elementor-widget elementor-widget-bdt-advanced-button\" data-id=\"8c6b511\" data-element_type=\"widget\" data-e-type=\"widget\" data-widget_type=\"bdt-advanced-button.default\">\n\t\t\t\t<div class=\"elementor-widget-container\">\n\t\t\t\t\t\t\t<div class=\"bdt-ep-button-wrapper\">\n\t\t\t<a href=\"https:\/\/events.teams.microsoft.com\/event\/7916d21c-0c36-43b9-b4eb-1d7977512c63@ce3fd172-3fc8-4cc2-b557-e9b8ce4e9ab3\" target=\"_blank\" class=\"bdt-ep-button bdt-ep-button-effect-a bdt-ep-button-size-md\">\n\t\t\t\t\t\t<div class=\"bdt-ep-button-content-wrapper bdt-flex bdt-flex-middle bdt-flex-center  \" data-text=\"Register: for online participation\">\n\t\t\t\n\t\t\t<div class=\"bdt-ep-button-text\">\n\n\t\t\t\t<span class=\"avdbtn-text\">\n\t\t\t\t\tRegister: for online participation\t\t\t\t<\/span>\n\n\t\t\t\t\t\t\t<\/div>\n\n\t\t\t\n\t\t<\/div>\n\t\t\t\t\t<\/a>\n\t\t<\/div>\n\t\t\t\t\t\t<\/div>\n\t\t\t\t<\/div>\n\t\t\t\t<div class=\"elementor-element elementor-element-5a46581 elementor-widget elementor-widget-spacer\" data-id=\"5a46581\" data-element_type=\"widget\" data-e-type=\"widget\" data-widget_type=\"spacer.default\">\n\t\t\t\t<div class=\"elementor-widget-container\">\n\t\t\t\t\t\t\t<div class=\"elementor-spacer\">\n\t\t\t<div class=\"elementor-spacer-inner\"><\/div>\n\t\t<\/div>\n\t\t\t\t\t\t<\/div>\n\t\t\t\t<\/div>\n\t\t\t\t<\/div>\n\t\t\t\t\t<\/div>\n\t\t\t\t<\/div>\n\t\t\t\t<\/div>\n\t\t","protected":false},"excerpt":{"rendered":"<p>Strengthening Engagement, Providing Legal Support<br \/>\nPro bono partnerships in times of social challenges<\/p>\n","protected":false},"author":2,"featured_media":0,"template":"","meta":{"_acf_changed":false,"_tribe_events_status":"","_tribe_events_status_reason":"","footnotes":""},"tags":[],"tribe_events_cat":[],"class_list":["post-11533","tribe_events","type-tribe_events","status-publish","hentry"],"acf":[],"yoast_head":"<!-- This site is optimized with the Yoast SEO plugin v27.5 - https:\/\/yoast.com\/product\/yoast-seo-wordpress\/ -->\n<title>European Pro Bono Week 2025 - Germany &#8226; Pro Bono Rechtsberatung<\/title>\n<meta name=\"robots\" content=\"index, follow, max-snippet:-1, max-image-preview:large, max-video-preview:-1\" \/>\n<link rel=\"canonical\" href=\"https:\/\/probono-rechtsberatung.de\/en\/veranstaltung\/european-pro-bono-week-2025-germany\/\" \/>\n<meta property=\"og:locale\" content=\"en_US\" \/>\n<meta property=\"og:type\" content=\"article\" \/>\n<meta property=\"og:title\" content=\"European Pro Bono Week 2025 - Germany &#8226; Pro Bono Rechtsberatung\" \/>\n<meta property=\"og:description\" content=\"Strengthening Engagement, Providing Legal Support Pro bono partnerships in times of social challenges\" \/>\n<meta property=\"og:url\" content=\"https:\/\/probono-rechtsberatung.de\/en\/veranstaltung\/european-pro-bono-week-2025-germany\/\" \/>\n<meta property=\"og:site_name\" content=\"Pro Bono Rechtsberatung\" \/>\n<meta property=\"article:modified_time\" content=\"2026-04-20T10:38:17+00:00\" \/>\n<meta property=\"og:image\" content=\"https:\/\/probono-rechtsberatung.de\/wp-content\/uploads\/2022\/10\/banner_pbw_2022.png\" \/>\n\t<meta property=\"og:image:width\" content=\"2250\" \/>\n\t<meta property=\"og:image:height\" content=\"407\" \/>\n\t<meta property=\"og:image:type\" content=\"image\/png\" \/>\n<meta name=\"twitter:card\" content=\"summary_large_image\" \/>\n<script type=\"application\/ld+json\" class=\"yoast-schema-graph\">{\"@context\":\"https:\\\/\\\/schema.org\",\"@graph\":[{\"@type\":\"WebPage\",\"@id\":\"https:\\\/\\\/probono-rechtsberatung.de\\\/en\\\/veranstaltung\\\/european-pro-bono-week-2025-germany\\\/\",\"url\":\"https:\\\/\\\/probono-rechtsberatung.de\\\/en\\\/veranstaltung\\\/european-pro-bono-week-2025-germany\\\/\",\"name\":\"European Pro Bono Week 2025 - Germany &#8226; Pro Bono Rechtsberatung\",\"isPartOf\":{\"@id\":\"https:\\\/\\\/probono-rechtsberatung.de\\\/en\\\/#website\"},\"primaryImageOfPage\":{\"@id\":\"https:\\\/\\\/probono-rechtsberatung.de\\\/en\\\/veranstaltung\\\/european-pro-bono-week-2025-germany\\\/#primaryimage\"},\"image\":{\"@id\":\"https:\\\/\\\/probono-rechtsberatung.de\\\/en\\\/veranstaltung\\\/european-pro-bono-week-2025-germany\\\/#primaryimage\"},\"thumbnailUrl\":\"https:\\\/\\\/probono-rechtsberatung.de\\\/wp-content\\\/uploads\\\/2022\\\/10\\\/banner_pbw_2022.png\",\"datePublished\":\"2025-04-24T14:05:59+00:00\",\"dateModified\":\"2026-04-20T10:38:17+00:00\",\"breadcrumb\":{\"@id\":\"https:\\\/\\\/probono-rechtsberatung.de\\\/en\\\/veranstaltung\\\/european-pro-bono-week-2025-germany\\\/#breadcrumb\"},\"inLanguage\":\"en-US\",\"potentialAction\":[{\"@type\":\"ReadAction\",\"target\":[\"https:\\\/\\\/probono-rechtsberatung.de\\\/en\\\/veranstaltung\\\/european-pro-bono-week-2025-germany\\\/\"]}]},{\"@type\":\"ImageObject\",\"inLanguage\":\"en-US\",\"@id\":\"https:\\\/\\\/probono-rechtsberatung.de\\\/en\\\/veranstaltung\\\/european-pro-bono-week-2025-germany\\\/#primaryimage\",\"url\":\"https:\\\/\\\/probono-rechtsberatung.de\\\/wp-content\\\/uploads\\\/2022\\\/10\\\/banner_pbw_2022.png\",\"contentUrl\":\"https:\\\/\\\/probono-rechtsberatung.de\\\/wp-content\\\/uploads\\\/2022\\\/10\\\/banner_pbw_2022.png\"},{\"@type\":\"BreadcrumbList\",\"@id\":\"https:\\\/\\\/probono-rechtsberatung.de\\\/en\\\/veranstaltung\\\/european-pro-bono-week-2025-germany\\\/#breadcrumb\",\"itemListElement\":[{\"@type\":\"ListItem\",\"position\":1,\"name\":\"Startseite\",\"item\":\"https:\\\/\\\/probono-rechtsberatung.de\\\/en\\\/\"},{\"@type\":\"ListItem\",\"position\":2,\"name\":\"Events\",\"item\":\"https:\\\/\\\/probono-rechtsberatung.de\\\/en\\\/veranstaltungen\\\/\"},{\"@type\":\"ListItem\",\"position\":3,\"name\":\"European Pro Bono Week 2025 &#8211; Germany\"}]},{\"@type\":\"WebSite\",\"@id\":\"https:\\\/\\\/probono-rechtsberatung.de\\\/en\\\/#website\",\"url\":\"https:\\\/\\\/probono-rechtsberatung.de\\\/en\\\/\",\"name\":\"Pro Bono Rechtsberatung\",\"description\":\"f\u00fcr Non-Profit-Organisationen\",\"publisher\":{\"@id\":\"https:\\\/\\\/probono-rechtsberatung.de\\\/en\\\/#organization\"},\"potentialAction\":[{\"@type\":\"SearchAction\",\"target\":{\"@type\":\"EntryPoint\",\"urlTemplate\":\"https:\\\/\\\/probono-rechtsberatung.de\\\/en\\\/?s={search_term_string}\"},\"query-input\":{\"@type\":\"PropertyValueSpecification\",\"valueRequired\":true,\"valueName\":\"search_term_string\"}}],\"inLanguage\":\"en-US\"},{\"@type\":\"Organization\",\"@id\":\"https:\\\/\\\/probono-rechtsberatung.de\\\/en\\\/#organization\",\"name\":\"Pro Bono Rechtsberatung\",\"url\":\"https:\\\/\\\/probono-rechtsberatung.de\\\/en\\\/\",\"logo\":{\"@type\":\"ImageObject\",\"inLanguage\":\"en-US\",\"@id\":\"https:\\\/\\\/probono-rechtsberatung.de\\\/en\\\/#\\\/schema\\\/logo\\\/image\\\/\",\"url\":\"https:\\\/\\\/probono-rechtsberatung.de\\\/wp-content\\\/uploads\\\/2021\\\/11\\\/upj-pro_bono_weblogo-01.svg\",\"contentUrl\":\"https:\\\/\\\/probono-rechtsberatung.de\\\/wp-content\\\/uploads\\\/2021\\\/11\\\/upj-pro_bono_weblogo-01.svg\",\"width\":1010,\"height\":164,\"caption\":\"Pro Bono Rechtsberatung\"},\"image\":{\"@id\":\"https:\\\/\\\/probono-rechtsberatung.de\\\/en\\\/#\\\/schema\\\/logo\\\/image\\\/\"}}]}<\/script>\n<!-- \/ Yoast SEO plugin. -->","yoast_head_json":{"title":"European Pro Bono Week 2025 - Germany &#8226; Pro Bono Rechtsberatung","robots":{"index":"index","follow":"follow","max-snippet":"max-snippet:-1","max-image-preview":"max-image-preview:large","max-video-preview":"max-video-preview:-1"},"canonical":"https:\/\/probono-rechtsberatung.de\/en\/veranstaltung\/european-pro-bono-week-2025-germany\/","og_locale":"en_US","og_type":"article","og_title":"European Pro Bono Week 2025 - Germany &#8226; Pro Bono Rechtsberatung","og_description":"Strengthening Engagement, Providing Legal Support Pro bono partnerships in times of social challenges","og_url":"https:\/\/probono-rechtsberatung.de\/en\/veranstaltung\/european-pro-bono-week-2025-germany\/","og_site_name":"Pro Bono Rechtsberatung","article_modified_time":"2026-04-20T10:38:17+00:00","og_image":[{"width":2250,"height":407,"url":"https:\/\/probono-rechtsberatung.de\/wp-content\/uploads\/2022\/10\/banner_pbw_2022.png","type":"image\/png"}],"twitter_card":"summary_large_image","schema":{"@context":"https:\/\/schema.org","@graph":[{"@type":"WebPage","@id":"https:\/\/probono-rechtsberatung.de\/en\/veranstaltung\/european-pro-bono-week-2025-germany\/","url":"https:\/\/probono-rechtsberatung.de\/en\/veranstaltung\/european-pro-bono-week-2025-germany\/","name":"European Pro Bono Week 2025 - Germany &#8226; Pro Bono Rechtsberatung","isPartOf":{"@id":"https:\/\/probono-rechtsberatung.de\/en\/#website"},"primaryImageOfPage":{"@id":"https:\/\/probono-rechtsberatung.de\/en\/veranstaltung\/european-pro-bono-week-2025-germany\/#primaryimage"},"image":{"@id":"https:\/\/probono-rechtsberatung.de\/en\/veranstaltung\/european-pro-bono-week-2025-germany\/#primaryimage"},"thumbnailUrl":"https:\/\/probono-rechtsberatung.de\/wp-content\/uploads\/2022\/10\/banner_pbw_2022.png","datePublished":"2025-04-24T14:05:59+00:00","dateModified":"2026-04-20T10:38:17+00:00","breadcrumb":{"@id":"https:\/\/probono-rechtsberatung.de\/en\/veranstaltung\/european-pro-bono-week-2025-germany\/#breadcrumb"},"inLanguage":"en-US","potentialAction":[{"@type":"ReadAction","target":["https:\/\/probono-rechtsberatung.de\/en\/veranstaltung\/european-pro-bono-week-2025-germany\/"]}]},{"@type":"ImageObject","inLanguage":"en-US","@id":"https:\/\/probono-rechtsberatung.de\/en\/veranstaltung\/european-pro-bono-week-2025-germany\/#primaryimage","url":"https:\/\/probono-rechtsberatung.de\/wp-content\/uploads\/2022\/10\/banner_pbw_2022.png","contentUrl":"https:\/\/probono-rechtsberatung.de\/wp-content\/uploads\/2022\/10\/banner_pbw_2022.png"},{"@type":"BreadcrumbList","@id":"https:\/\/probono-rechtsberatung.de\/en\/veranstaltung\/european-pro-bono-week-2025-germany\/#breadcrumb","itemListElement":[{"@type":"ListItem","position":1,"name":"Startseite","item":"https:\/\/probono-rechtsberatung.de\/en\/"},{"@type":"ListItem","position":2,"name":"Events","item":"https:\/\/probono-rechtsberatung.de\/en\/veranstaltungen\/"},{"@type":"ListItem","position":3,"name":"European Pro Bono Week 2025 &#8211; Germany"}]},{"@type":"WebSite","@id":"https:\/\/probono-rechtsberatung.de\/en\/#website","url":"https:\/\/probono-rechtsberatung.de\/en\/","name":"Pro Bono Rechtsberatung","description":"f\u00fcr Non-Profit-Organisationen","publisher":{"@id":"https:\/\/probono-rechtsberatung.de\/en\/#organization"},"potentialAction":[{"@type":"SearchAction","target":{"@type":"EntryPoint","urlTemplate":"https:\/\/probono-rechtsberatung.de\/en\/?s={search_term_string}"},"query-input":{"@type":"PropertyValueSpecification","valueRequired":true,"valueName":"search_term_string"}}],"inLanguage":"en-US"},{"@type":"Organization","@id":"https:\/\/probono-rechtsberatung.de\/en\/#organization","name":"Pro Bono Rechtsberatung","url":"https:\/\/probono-rechtsberatung.de\/en\/","logo":{"@type":"ImageObject","inLanguage":"en-US","@id":"https:\/\/probono-rechtsberatung.de\/en\/#\/schema\/logo\/image\/","url":"https:\/\/probono-rechtsberatung.de\/wp-content\/uploads\/2021\/11\/upj-pro_bono_weblogo-01.svg","contentUrl":"https:\/\/probono-rechtsberatung.de\/wp-content\/uploads\/2021\/11\/upj-pro_bono_weblogo-01.svg","width":1010,"height":164,"caption":"Pro Bono Rechtsberatung"},"image":{"@id":"https:\/\/probono-rechtsberatung.de\/en\/#\/schema\/logo\/image\/"}}]}},"_links":{"self":[{"href":"https:\/\/probono-rechtsberatung.de\/en\/wp-json\/wp\/v2\/tribe_events\/11533","targetHints":{"allow":["GET"]}}],"collection":[{"href":"https:\/\/probono-rechtsberatung.de\/en\/wp-json\/wp\/v2\/tribe_events"}],"about":[{"href":"https:\/\/probono-rechtsberatung.de\/en\/wp-json\/wp\/v2\/types\/tribe_events"}],"author":[{"embeddable":true,"href":"https:\/\/probono-rechtsberatung.de\/en\/wp-json\/wp\/v2\/users\/2"}],"version-history":[{"count":15,"href":"https:\/\/probono-rechtsberatung.de\/en\/wp-json\/wp\/v2\/tribe_events\/11533\/revisions"}],"predecessor-version":[{"id":12256,"href":"https:\/\/probono-rechtsberatung.de\/en\/wp-json\/wp\/v2\/tribe_events\/11533\/revisions\/12256"}],"wp:attachment":[{"href":"https:\/\/probono-rechtsberatung.de\/en\/wp-json\/wp\/v2\/media?parent=11533"}],"wp:term":[{"taxonomy":"post_tag","embeddable":true,"href":"https:\/\/probono-rechtsberatung.de\/en\/wp-json\/wp\/v2\/tags?post=11533"},{"taxonomy":"tribe_events_cat","embeddable":true,"href":"https:\/\/probono-rechtsberatung.de\/en\/wp-json\/wp\/v2\/tribe_events_cat?post=11533"}],"curies":[{"name":"wp","href":"https:\/\/api.w.org\/{rel}","templated":true}]}}