{"id":9834,"date":"2021-11-28T18:58:26","date_gmt":"2021-11-28T17:58:26","guid":{"rendered":"https:\/\/probono-rechtsberatung.de\/events\/"},"modified":"2024-04-04T11:20:56","modified_gmt":"2024-04-04T09:20:56","slug":"events","status":"publish","type":"page","link":"https:\/\/probono-rechtsberatung.de\/en\/events\/","title":{"rendered":"Events"},"content":{"rendered":"\t\t<div data-elementor-type=\"wp-page\" data-elementor-id=\"9834\" class=\"elementor elementor-9834 elementor-510\" data-elementor-settings=\"{&quot;element_pack_global_tooltip_width&quot;:{&quot;unit&quot;:&quot;px&quot;,&quot;size&quot;:&quot;&quot;,&quot;sizes&quot;:[]},&quot;element_pack_global_tooltip_width_tablet&quot;:{&quot;unit&quot;:&quot;px&quot;,&quot;size&quot;:&quot;&quot;,&quot;sizes&quot;:[]},&quot;element_pack_global_tooltip_width_mobile&quot;:{&quot;unit&quot;:&quot;px&quot;,&quot;size&quot;:&quot;&quot;,&quot;sizes&quot;:[]},&quot;element_pack_global_tooltip_padding&quot;:{&quot;unit&quot;:&quot;px&quot;,&quot;top&quot;:&quot;&quot;,&quot;right&quot;:&quot;&quot;,&quot;bottom&quot;:&quot;&quot;,&quot;left&quot;:&quot;&quot;,&quot;isLinked&quot;:true},&quot;element_pack_global_tooltip_padding_tablet&quot;:{&quot;unit&quot;:&quot;px&quot;,&quot;top&quot;:&quot;&quot;,&quot;right&quot;:&quot;&quot;,&quot;bottom&quot;:&quot;&quot;,&quot;left&quot;:&quot;&quot;,&quot;isLinked&quot;:true},&quot;element_pack_global_tooltip_padding_mobile&quot;:{&quot;unit&quot;:&quot;px&quot;,&quot;top&quot;:&quot;&quot;,&quot;right&quot;:&quot;&quot;,&quot;bottom&quot;:&quot;&quot;,&quot;left&quot;:&quot;&quot;,&quot;isLinked&quot;:true},&quot;element_pack_global_tooltip_border_radius&quot;:{&quot;unit&quot;:&quot;px&quot;,&quot;top&quot;:&quot;&quot;,&quot;right&quot;:&quot;&quot;,&quot;bottom&quot;:&quot;&quot;,&quot;left&quot;:&quot;&quot;,&quot;isLinked&quot;:true},&quot;element_pack_global_tooltip_border_radius_tablet&quot;:{&quot;unit&quot;:&quot;px&quot;,&quot;top&quot;:&quot;&quot;,&quot;right&quot;:&quot;&quot;,&quot;bottom&quot;:&quot;&quot;,&quot;left&quot;:&quot;&quot;,&quot;isLinked&quot;:true},&quot;element_pack_global_tooltip_border_radius_mobile&quot;:{&quot;unit&quot;:&quot;px&quot;,&quot;top&quot;:&quot;&quot;,&quot;right&quot;:&quot;&quot;,&quot;bottom&quot;:&quot;&quot;,&quot;left&quot;:&quot;&quot;,&quot;isLinked&quot;:true}}\" data-elementor-post-type=\"page\">\n\t\t\t\t\t\t<section class=\"elementor-section elementor-top-section elementor-element elementor-element-5f33dce elementor-section-boxed elementor-section-height-default elementor-section-height-default\" data-id=\"5f33dce\" data-element_type=\"section\" data-e-type=\"section\">\n\t\t\t\t\t\t<div class=\"elementor-container elementor-column-gap-default\">\n\t\t\t\t\t<div class=\"elementor-column elementor-col-100 elementor-top-column elementor-element elementor-element-2697bb8\" data-id=\"2697bb8\" data-element_type=\"column\" data-e-type=\"column\">\n\t\t\t<div class=\"elementor-widget-wrap elementor-element-populated\">\n\t\t\t\t\t\t<div class=\"elementor-element elementor-element-b56e028 elementor-widget-divider--view-line elementor-widget elementor-widget-divider\" data-id=\"b56e028\" data-element_type=\"widget\" data-e-type=\"widget\" id=\"kopf\" data-widget_type=\"divider.default\">\n\t\t\t\t<div class=\"elementor-widget-container\">\n\t\t\t\t\t\t\t<div class=\"elementor-divider\">\n\t\t\t<span class=\"elementor-divider-separator\">\n\t\t\t\t\t\t<\/span>\n\t\t<\/div>\n\t\t\t\t\t\t<\/div>\n\t\t\t\t<\/div>\n\t\t\t\t\t<\/div>\n\t\t<\/div>\n\t\t\t\t\t<\/div>\n\t\t<\/section>\n\t\t\t\t<section class=\"elementor-section elementor-top-section elementor-element elementor-element-16d5746 elementor-section-boxed elementor-section-height-default elementor-section-height-default\" data-id=\"16d5746\" data-element_type=\"section\" data-e-type=\"section\">\n\t\t\t\t\t\t<div class=\"elementor-container elementor-column-gap-default\">\n\t\t\t\t\t<div class=\"elementor-column elementor-col-100 elementor-top-column elementor-element elementor-element-af9c7d2\" data-id=\"af9c7d2\" data-element_type=\"column\" data-e-type=\"column\">\n\t\t\t<div class=\"elementor-widget-wrap elementor-element-populated\">\n\t\t\t\t\t\t<div class=\"elementor-element elementor-element-a633340 elementor-widget elementor-widget-text-editor\" data-id=\"a633340\" data-element_type=\"widget\" data-e-type=\"widget\" data-widget_type=\"text-editor.default\">\n\t\t\t\t<div class=\"elementor-widget-container\">\n\t\t\t\t\t\t\t\t\t<h3>Events <\/h3>\n<p>UPJ organizes various webinars and panel meetings. These are usually in German and are therefore also announced here (below) in German. For questions about events and pro bono legal advice, please write to us: <a href=\"https:\/\/probono-rechtsberatung.de\/en\/contact\/\" target=\"_blank\" rel=\"noopener\">Contact<\/a><\/p>\n\t\t\t\t\t\t\t\t<\/div>\n\t\t\t\t<\/div>\n\t\t\t\t<div class=\"elementor-element elementor-element-8aaf818 elementor-widget elementor-widget-the-events-calendar-addon\" data-id=\"8aaf818\" data-element_type=\"widget\" data-e-type=\"widget\" data-widget_type=\"the-events-calendar-addon.default\">\n\t\t\t\t<div class=\"elementor-widget-container\">\n\t\t\t\t\t<!=========Events list Template 1.7.3=========><div id=\"ectbe-wrapper-8aaf818\" class=\"ectbe-wrapper ectbe-list-wrapper style-2\"><div class=\"ectbe-month-header ectbe-simple-event\">June 2025<\/div><div id=\"event-11211\" class=\"ectbe-inner-wrapper ectbe-simple-event\"><div id=\"ectbe-date\" class=\"ectbe-date-area\">\n\t\t\t\t\t\t<span class=\"ectbe-ev-mo\">Jun<\/span>\n\t\t\t\t\t\t<span class=\"ectbe-ev-day\">25<\/span>\n\t\t\t\t\t<\/div><div class=\"ectbe-content-box\"><div class=\"ectbe-date-area\">\n                                <span class=\"ectbe-ev-day\">25. <\/span>\n                                <span class=\"ectbe-ev-mo\">June<\/span>\n                                <span class=\"ectbe-ev-yr\">2025<\/span>\n                                <\/div><div class=\"ectbe-evt-title\"><a class=\"ectbe-evt-url\" href=\"https:\/\/probono-rechtsberatung.de\/en\/veranstaltung\/webinar-pro-bono-rechtsberatung-fuer-non-profits-7\/\">Webinar: Pro bono Rechtsberatung f\u00fcr Non-Profits<\/a><\/div><div class=\"ectbe-evt-venue\"><span class=\"ectbe-icon\"><i class=\"ectbe-icon-location\" aria-hidden=\"true\"><\/i><\/span>\n\t\t\t\t\t\t<span class=\"ectbe-venue-details ectbe-address\">Online,<br><span class=\"tribe-address\">\n\n\n\n\n\n\n<\/span>\n<\/span><\/div><div class=\"ectbe-evt-description\"><p>Introductory seminar to the UPJ Pro Bono legal advice for non-profit organizations based in Germany and initiatives seeking non-profit status (in formation)<br \/>\nProgram manager Benita Piechaczek explains the process step by step and answers your questions<\/p>\n<\/div><div class=\"ectbe-evt-more-box\"><a class=\"ectbe-evt-read-more\" href=\"https:\/\/probono-rechtsberatung.de\/en\/veranstaltung\/webinar-pro-bono-rechtsberatung-fuer-non-profits-7\/\">Find out more<\/a><\/div><\/div><\/div><div id=\"event-11533\" class=\"ectbe-inner-wrapper ectbe-simple-event\"><div id=\"ectbe-date\" class=\"ectbe-date-area\">\n\t\t\t\t\t\t<span class=\"ectbe-ev-mo\">Jun<\/span>\n\t\t\t\t\t\t<span class=\"ectbe-ev-day\">12<\/span>\n\t\t\t\t\t<\/div><div class=\"ectbe-content-box\"><div class=\"ectbe-date-area\">\n                                <span class=\"ectbe-ev-day\">12. <\/span>\n                                <span class=\"ectbe-ev-mo\">June<\/span>\n                                <span class=\"ectbe-ev-yr\">2025<\/span>\n                                <\/div><div class=\"ectbe-evt-title\"><a class=\"ectbe-evt-url\" href=\"https:\/\/probono-rechtsberatung.de\/en\/veranstaltung\/european-pro-bono-week-2025-germany\/\">European Pro Bono Week 2025 - Germany<\/a><\/div><div class=\"ectbe-evt-description\"><p>Strengthening Engagement, Providing Legal Support<br \/>\nPro bono partnerships in times of social challenges<\/p>\n<\/div><div class=\"ectbe-evt-more-box\"><a class=\"ectbe-evt-read-more\" href=\"https:\/\/probono-rechtsberatung.de\/en\/veranstaltung\/european-pro-bono-week-2025-germany\/\">Find out more<\/a><\/div><\/div><\/div><div class=\"ectbe-month-header ectbe-simple-event\">February 2025<\/div><div id=\"event-11210\" class=\"ectbe-inner-wrapper ectbe-simple-event\"><div id=\"ectbe-date\" class=\"ectbe-date-area\">\n\t\t\t\t\t\t<span class=\"ectbe-ev-mo\">Feb<\/span>\n\t\t\t\t\t\t<span class=\"ectbe-ev-day\">28<\/span>\n\t\t\t\t\t<\/div><div class=\"ectbe-content-box\"><div class=\"ectbe-date-area\">\n                                <span class=\"ectbe-ev-day\">28. <\/span>\n                                <span class=\"ectbe-ev-mo\">February<\/span>\n                                <span class=\"ectbe-ev-yr\">2025<\/span>\n                                <\/div><div class=\"ectbe-evt-title\"><a class=\"ectbe-evt-url\" href=\"https:\/\/probono-rechtsberatung.de\/en\/veranstaltung\/information-event-pro-bono-legal-advice-for-non-profit-organizations-and-initiatives\/\">Information event: Pro bono legal advice for non-profit organizations (and initiatives)<\/a><\/div><div class=\"ectbe-evt-venue\"><span class=\"ectbe-icon\"><i class=\"ectbe-icon-location\" aria-hidden=\"true\"><\/i><\/span>\n\t\t\t\t\t\t<span class=\"ectbe-venue-details ectbe-address\">Online,<br><span class=\"tribe-address\">\n\n\n\n\n\n\n<\/span>\n<\/span><\/div><div class=\"ectbe-evt-description\"><p>IN ENGLISH: Introductory seminar to UPJ Pro Bono legal advice for non-profit organizations based in Germany and initiatives seeking non-profit status (in foundation)<br \/>\nProgramme manager Benita Piechaczek explains the process step by step and answers your questions<\/p>\n<\/div><div class=\"ectbe-evt-more-box\"><a class=\"ectbe-evt-read-more\" href=\"https:\/\/probono-rechtsberatung.de\/en\/veranstaltung\/information-event-pro-bono-legal-advice-for-non-profit-organizations-and-initiatives\/\">Find out more<\/a><\/div><\/div><\/div><div id=\"event-11212\" class=\"ectbe-inner-wrapper ectbe-simple-event\"><div id=\"ectbe-date\" class=\"ectbe-date-area\">\n\t\t\t\t\t\t<span class=\"ectbe-ev-mo\">Feb<\/span>\n\t\t\t\t\t\t<span class=\"ectbe-ev-day\">25<\/span>\n\t\t\t\t\t<\/div><div class=\"ectbe-content-box\"><div class=\"ectbe-date-area\">\n                                <span class=\"ectbe-ev-day\">25. <\/span>\n                                <span class=\"ectbe-ev-mo\">February<\/span>\n                                <span class=\"ectbe-ev-yr\">2025<\/span>\n                                <\/div><div class=\"ectbe-evt-title\"><a class=\"ectbe-evt-url\" href=\"https:\/\/probono-rechtsberatung.de\/en\/veranstaltung\/info-seminar-upj-pro-bono-legal-advice-for-non-profit-organizations\/\">Info seminar: UPJ Pro Bono legal advice for non-profit organizations<\/a><\/div><div class=\"ectbe-evt-venue\"><span class=\"ectbe-icon\"><i class=\"ectbe-icon-location\" aria-hidden=\"true\"><\/i><\/span>\n\t\t\t\t\t\t<span class=\"ectbe-venue-details ectbe-address\">Online,<br><span class=\"tribe-address\">\n\n\n\n\n\n\n<\/span>\n<\/span><\/div><div class=\"ectbe-evt-description\"><p>Introductory seminar to the UPJ Pro Bono legal advice for non-profit organizations based in Germany and initiatives seeking non-profit status (in formation)<br \/>\nProgram manager Benita Piechaczek explains the process step by step and answers your questions<\/p>\n<\/div><div class=\"ectbe-evt-more-box\"><a class=\"ectbe-evt-read-more\" href=\"https:\/\/probono-rechtsberatung.de\/en\/veranstaltung\/info-seminar-upj-pro-bono-legal-advice-for-non-profit-organizations\/\">Find out more<\/a><\/div><\/div><\/div><div class=\"ectbe-month-header ectbe-simple-event\">November 2024<\/div><div id=\"event-11214\" class=\"ectbe-inner-wrapper ectbe-simple-event\"><div id=\"ectbe-date\" class=\"ectbe-date-area\">\n\t\t\t\t\t\t<span class=\"ectbe-ev-mo\">Nov<\/span>\n\t\t\t\t\t\t<span class=\"ectbe-ev-day\">18<\/span>\n\t\t\t\t\t<\/div><div class=\"ectbe-content-box\"><div class=\"ectbe-date-area\">\n                                <span class=\"ectbe-ev-day\">18. <\/span>\n                                <span class=\"ectbe-ev-mo\">November<\/span>\n                                <span class=\"ectbe-ev-yr\">2024<\/span>\n                                <\/div><div class=\"ectbe-evt-title\"><a class=\"ectbe-evt-url\" href=\"https:\/\/probono-rechtsberatung.de\/en\/veranstaltung\/info-veranstaltung-upj-pro-bono-rechtsberatung-fuer-gemeinnuetzige-organisationen-in-nrw\/\">Info-Veranstaltung: UPJ Pro Bono Rechtsberatung f\u00fcr gemeinn\u00fctzige Organisationen in NRW<\/a><\/div><div class=\"ectbe-evt-venue\"><span class=\"ectbe-icon\"><i class=\"ectbe-icon-location\" aria-hidden=\"true\"><\/i><\/span>\n\t\t\t\t\t\t<span class=\"ectbe-venue-details ectbe-address\">Online,<br><span class=\"tribe-address\">\n\n\n\n\n\n\n<\/span>\n<\/span><\/div><div class=\"ectbe-evt-description\"><p>Info webinar on UPJ pro bono legal advice - for non-profit organizations based in Germany and initiatives seeking non-profit status.<\/p>\n<\/div><div class=\"ectbe-evt-more-box\"><a class=\"ectbe-evt-read-more\" href=\"https:\/\/probono-rechtsberatung.de\/en\/veranstaltung\/info-veranstaltung-upj-pro-bono-rechtsberatung-fuer-gemeinnuetzige-organisationen-in-nrw\/\">Find out more<\/a><\/div><\/div><\/div><div class=\"ectbe-month-header ectbe-simple-event\">June 2024<\/div><div id=\"event-9877\" class=\"ectbe-inner-wrapper ectbe-simple-event\"><div id=\"ectbe-date\" class=\"ectbe-date-area\">\n\t\t\t\t\t\t<span class=\"ectbe-ev-mo\">Jun<\/span>\n\t\t\t\t\t\t<span class=\"ectbe-ev-day\">27<\/span>\n\t\t\t\t\t<\/div><div class=\"ectbe-content-box\"><div class=\"ectbe-date-area\">\n                                <span class=\"ectbe-ev-day\">27. <\/span>\n                                <span class=\"ectbe-ev-mo\">June<\/span>\n                                <span class=\"ectbe-ev-yr\">2024<\/span>\n                                <\/div><div class=\"ectbe-evt-title\"><a class=\"ectbe-evt-url\" href=\"https:\/\/probono-rechtsberatung.de\/en\/veranstaltung\/webinar-upj-pro-bono-rechtsberatung-fuer-non-profits-veranstaltung-mit-dem-haus-des-stiftens\/\">Webinar: UPJ Pro Bono Rechtsberatung f\u00fcr Non-Profits \/ Veranstaltung mit dem Haus des Stiftens<\/a><\/div><div class=\"ectbe-evt-venue\"><span class=\"ectbe-icon\"><i class=\"ectbe-icon-location\" aria-hidden=\"true\"><\/i><\/span>\n\t\t\t\t\t\t<span class=\"ectbe-venue-details ectbe-address\">Online,<br><span class=\"tribe-address\">\n\n\n\n\n\n\n<\/span>\n<\/span><\/div><div class=\"ectbe-evt-description\"><p>Einf\u00fchrungsseminar in die UPJ Pro Bono Rechtsberatung f\u00fcr gemeinn\u00fctzige Organisationen mit Sitz in Deutschland und Initiativen, die gemeinn\u00fctzigen Status anstreben (in Gr\u00fcndung)<br \/>\nProjektleiterin Benita Piechaczek erkl\u00e4rt den Prozess Schritt f\u00fcr Schritt und beantwortet Ihre Fragen<\/p>\n<\/div><div class=\"ectbe-evt-more-box\"><a class=\"ectbe-evt-read-more\" href=\"https:\/\/probono-rechtsberatung.de\/en\/veranstaltung\/webinar-upj-pro-bono-rechtsberatung-fuer-non-profits-veranstaltung-mit-dem-haus-des-stiftens\/\">Find out more<\/a><\/div><\/div><\/div><div id=\"event-10480\" class=\"ectbe-inner-wrapper ectbe-simple-event\"><div id=\"ectbe-date\" class=\"ectbe-date-area\">\n\t\t\t\t\t\t<span class=\"ectbe-ev-mo\">Jun<\/span>\n\t\t\t\t\t\t<span class=\"ectbe-ev-day\">11<\/span>\n\t\t\t\t\t<\/div><div class=\"ectbe-content-box\"><div class=\"ectbe-date-area\">\n                                <span class=\"ectbe-ev-day\">11. <\/span>\n                                <span class=\"ectbe-ev-mo\">June<\/span>\n                                <span class=\"ectbe-ev-yr\">2024<\/span>\n                                <\/div><div class=\"ectbe-evt-title\"><a class=\"ectbe-evt-url\" href=\"https:\/\/probono-rechtsberatung.de\/en\/veranstaltung\/european-pro-bono-week-2024-germany\/\">European Pro Bono Week 2024 - Germany<\/a><\/div><div class=\"ectbe-evt-description\"><p>The program will focus on the importance of pro bono support for civil society and Pro Bono Germany's initiative to reform the Professional Code of Conduct for lawyers to remove barriers to pro bono.<\/p>\n<\/div><div class=\"ectbe-evt-more-box\"><a class=\"ectbe-evt-read-more\" href=\"https:\/\/probono-rechtsberatung.de\/en\/veranstaltung\/european-pro-bono-week-2024-germany\/\">Find out more<\/a><\/div><\/div><div class=\"ectbe-evt-img\"><img decoding=\"async\" src=\"https:\/\/probono-rechtsberatung.de\/wp-content\/uploads\/2022\/10\/banner_pbw_2022-1024x185.png\" alt=\"\" \/><\/div><\/div><div class=\"ectbe-month-header ectbe-simple-event\">February 2024<\/div><div id=\"event-9876\" class=\"ectbe-inner-wrapper ectbe-simple-event\"><div id=\"ectbe-date\" class=\"ectbe-date-area\">\n\t\t\t\t\t\t<span class=\"ectbe-ev-mo\">Feb<\/span>\n\t\t\t\t\t\t<span class=\"ectbe-ev-day\">27<\/span>\n\t\t\t\t\t<\/div><div class=\"ectbe-content-box\"><div class=\"ectbe-date-area\">\n                                <span class=\"ectbe-ev-day\">27. <\/span>\n                                <span class=\"ectbe-ev-mo\">February<\/span>\n                                <span class=\"ectbe-ev-yr\">2024<\/span>\n                                <\/div><div class=\"ectbe-evt-title\"><a class=\"ectbe-evt-url\" href=\"https:\/\/probono-rechtsberatung.de\/en\/veranstaltung\/info-seminar-upj-pro-bono-rechtsberatung-fuer-gemeinnuetzige-organisationen-in-berlin\/\">Info-Seminar: UPJ Pro Bono Rechtsberatung f\u00fcr gemeinn\u00fctzige Organisationen in Berlin<\/a><\/div><div class=\"ectbe-evt-venue\"><span class=\"ectbe-icon\"><i class=\"ectbe-icon-location\" aria-hidden=\"true\"><\/i><\/span>\n\t\t\t\t\t\t<span class=\"ectbe-venue-details ectbe-address\">Online,<br><span class=\"tribe-address\">\n\n\n\n\n\n\n<\/span>\n<\/span><\/div><div class=\"ectbe-evt-description\"><p>Einf\u00fchrungsseminar in die UPJ Pro Bono Rechtsberatung f\u00fcr gemeinn\u00fctzige Organisationen mit Sitz in Deutschland und Initiativen, die gemeinn\u00fctzigen Status anstreben (in Gr\u00fcndung)<br \/>\nProjektleiterin Benita Piechaczek erkl\u00e4rt den Prozess Schritt f\u00fcr Schritt und beantwortet Ihre Fragen<\/p>\n<\/div><div class=\"ectbe-evt-more-box\"><a class=\"ectbe-evt-read-more\" href=\"https:\/\/probono-rechtsberatung.de\/en\/veranstaltung\/info-seminar-upj-pro-bono-rechtsberatung-fuer-gemeinnuetzige-organisationen-in-berlin\/\">Find out more<\/a><\/div><\/div><\/div><div class=\"ectbe-month-header ectbe-simple-event\">November 2023<\/div><div id=\"event-9874\" class=\"ectbe-inner-wrapper ectbe-simple-event\"><div id=\"ectbe-date\" class=\"ectbe-date-area\">\n\t\t\t\t\t\t<span class=\"ectbe-ev-mo\">Nov<\/span>\n\t\t\t\t\t\t<span class=\"ectbe-ev-day\">21<\/span>\n\t\t\t\t\t<\/div><div class=\"ectbe-content-box\"><div class=\"ectbe-date-area\">\n                                <span class=\"ectbe-ev-day\">21. <\/span>\n                                <span class=\"ectbe-ev-mo\">November<\/span>\n                                <span class=\"ectbe-ev-yr\">2023<\/span>\n                                <\/div><div class=\"ectbe-evt-title\"><a class=\"ectbe-evt-url\" href=\"https:\/\/probono-rechtsberatung.de\/en\/veranstaltung\/pro-bono-day-deutschland-european-pro-bono-week-2023\/\">Pro Bono Day Deutschland - European Pro Bono Week 2023<\/a><\/div><div class=\"ectbe-evt-description\"><p>Die Pro Bono Woche w\u00fcrdigt traditionell die Rolle von Pro-bono-Anw\u00e4lt*innen in Europa bei der Unterst\u00fctzung der Zivilgesellschaft und der F\u00f6rderung des Zugangs zum Recht.<\/p>\n<\/div><div class=\"ectbe-evt-more-box\"><a class=\"ectbe-evt-read-more\" href=\"https:\/\/probono-rechtsberatung.de\/en\/veranstaltung\/pro-bono-day-deutschland-european-pro-bono-week-2023\/\">Find out more<\/a><\/div><\/div><div class=\"ectbe-evt-img\"><img decoding=\"async\" src=\"https:\/\/probono-rechtsberatung.de\/wp-content\/uploads\/2022\/10\/banner_pbw_2022-1024x185.png\" alt=\"\" \/><\/div><\/div><div class=\"ectbe-month-header ectbe-simple-event\">October 2023<\/div><div id=\"event-9873\" class=\"ectbe-inner-wrapper ectbe-simple-event\"><div id=\"ectbe-date\" class=\"ectbe-date-area\">\n\t\t\t\t\t\t<span class=\"ectbe-ev-mo\">Oct<\/span>\n\t\t\t\t\t\t<span class=\"ectbe-ev-day\">30<\/span>\n\t\t\t\t\t<\/div><div class=\"ectbe-content-box\"><div class=\"ectbe-date-area\">\n                                <span class=\"ectbe-ev-day\">30. <\/span>\n                                <span class=\"ectbe-ev-mo\">October<\/span>\n                                <span class=\"ectbe-ev-yr\">2023<\/span>\n                                <\/div><div class=\"ectbe-evt-title\"><a class=\"ectbe-evt-url\" href=\"https:\/\/probono-rechtsberatung.de\/en\/veranstaltung\/info-seminar-upj-pro-bono-rechtsberatung-fuer-gemeinnuetzige-organisationen-in-nrw\/\">Info-Seminar: UPJ Pro Bono Rechtsberatung f\u00fcr gemeinn\u00fctzige Organisationen in NRW<\/a><\/div><div class=\"ectbe-evt-venue\"><span class=\"ectbe-icon\"><i class=\"ectbe-icon-location\" aria-hidden=\"true\"><\/i><\/span>\n\t\t\t\t\t\t<span class=\"ectbe-venue-details ectbe-address\">Online,<br><span class=\"tribe-address\">\n\n\n\n\n\n\n<\/span>\n<\/span><\/div><div class=\"ectbe-evt-description\"><p>Einf\u00fchrungsseminar in die UPJ Pro Bono Rechtsberatung f\u00fcr gemeinn\u00fctzige Organisationen mit Sitz in Deutschland und Initiativen, die gemeinn\u00fctzigen Status anstreben (in Gr\u00fcndung)<br \/>\nProjektleiterin Benita Piechaczek erkl\u00e4rt den Prozess Schritt f\u00fcr Schritt und beantwortet Ihre Fragen<\/p>\n<\/div><div class=\"ectbe-evt-more-box\"><a class=\"ectbe-evt-read-more\" href=\"https:\/\/probono-rechtsberatung.de\/en\/veranstaltung\/info-seminar-upj-pro-bono-rechtsberatung-fuer-gemeinnuetzige-organisationen-in-nrw\/\">Find out more<\/a><\/div><\/div><\/div><div class=\"ectbe-month-header ectbe-simple-event\">July 2023<\/div><div id=\"event-9872\" class=\"ectbe-inner-wrapper ectbe-simple-event\"><div id=\"ectbe-date\" class=\"ectbe-date-area\">\n\t\t\t\t\t\t<span class=\"ectbe-ev-mo\">Jul<\/span>\n\t\t\t\t\t\t<span class=\"ectbe-ev-day\">11<\/span>\n\t\t\t\t\t<\/div><div class=\"ectbe-content-box\"><div class=\"ectbe-date-area\">\n                                <span class=\"ectbe-ev-day\">11. <\/span>\n                                <span class=\"ectbe-ev-mo\">July<\/span>\n                                <span class=\"ectbe-ev-yr\">2023<\/span>\n                                <\/div><div class=\"ectbe-evt-title\"><a class=\"ectbe-evt-url\" href=\"https:\/\/probono-rechtsberatung.de\/en\/veranstaltung\/info-seminar-upj-pro-bono-rechtsberatung-fuer-gemeinnuetzige-organisationen-in-sachsen\/\">Info-Seminar: UPJ Pro Bono Rechtsberatung f\u00fcr gemeinn\u00fctzige Organisationen in Sachsen<\/a><\/div><div class=\"ectbe-evt-venue\"><span class=\"ectbe-icon\"><i class=\"ectbe-icon-location\" aria-hidden=\"true\"><\/i><\/span>\n\t\t\t\t\t\t<span class=\"ectbe-venue-details ectbe-address\">Online,<br><span class=\"tribe-address\">\n\n\n\n\n\n\n<\/span>\n<\/span><\/div><div class=\"ectbe-evt-description\"><p>Einf\u00fchrungsseminar in die UPJ Pro Bono Rechtsberatung f\u00fcr gemeinn\u00fctzige Organisationen mit Sitz in Deutschland und Initiativen, die gemeinn\u00fctzigen Status anstreben (in Gr\u00fcndung)<br \/>\nProjektleiterin Benita Piechaczek erkl\u00e4rt den Prozess Schritt f\u00fcr Schritt und beantwortet Ihre Fragen<\/p>\n<\/div><div class=\"ectbe-evt-more-box\"><a class=\"ectbe-evt-read-more\" href=\"https:\/\/probono-rechtsberatung.de\/en\/veranstaltung\/info-seminar-upj-pro-bono-rechtsberatung-fuer-gemeinnuetzige-organisationen-in-sachsen\/\">Find out more<\/a><\/div><\/div><\/div><div class=\"ectbe-month-header ectbe-simple-event\">May 2023<\/div><div id=\"event-9871\" class=\"ectbe-inner-wrapper ectbe-simple-event\"><div id=\"ectbe-date\" class=\"ectbe-date-area\">\n\t\t\t\t\t\t<span class=\"ectbe-ev-mo\">May<\/span>\n\t\t\t\t\t\t<span class=\"ectbe-ev-day\">03<\/span>\n\t\t\t\t\t<\/div><div class=\"ectbe-content-box\"><div class=\"ectbe-date-area\">\n                                <span class=\"ectbe-ev-day\">03. <\/span>\n                                <span class=\"ectbe-ev-mo\">May<\/span>\n                                <span class=\"ectbe-ev-yr\">2023<\/span>\n                                <\/div><div class=\"ectbe-evt-title\"><a class=\"ectbe-evt-url\" href=\"https:\/\/probono-rechtsberatung.de\/en\/veranstaltung\/webinar-upj-pro-bono-rechtsberatung-fuer-non-profit-organisationen\/\">Webinar: UPJ Pro Bono Rechtsberatung f\u00fcr Non-Profit-Organisationen<\/a><\/div><div class=\"ectbe-evt-venue\"><span class=\"ectbe-icon\"><i class=\"ectbe-icon-location\" aria-hidden=\"true\"><\/i><\/span>\n\t\t\t\t\t\t<span class=\"ectbe-venue-details ectbe-address\">Online,<br><span class=\"tribe-address\">\n\n\n\n\n\n\n<\/span>\n<\/span><\/div><div class=\"ectbe-evt-description\"><p>Einf\u00fchrungsseminar in die UPJ Pro Bono Rechtsberatung f\u00fcr gemeinn\u00fctzige Organisationen mit Sitz in Deutschland und Initiativen, die gemeinn\u00fctzigen Status anstreben (in Gr\u00fcndung)<br \/>\nProjektleiterin Benita Piechaczek erkl\u00e4rt den Prozess Schritt f\u00fcr Schritt und beantwortet Ihre Fragen<\/p>\n<\/div><div class=\"ectbe-evt-more-box\"><a class=\"ectbe-evt-read-more\" href=\"https:\/\/probono-rechtsberatung.de\/en\/veranstaltung\/webinar-upj-pro-bono-rechtsberatung-fuer-non-profit-organisationen\/\">Find out more<\/a><\/div><\/div><\/div><div class=\"ectbe-month-header ectbe-simple-event\">April 2023<\/div><div id=\"event-9868\" class=\"ectbe-inner-wrapper ectbe-simple-event\"><div id=\"ectbe-date\" class=\"ectbe-date-area\">\n\t\t\t\t\t\t<span class=\"ectbe-ev-mo\">Apr<\/span>\n\t\t\t\t\t\t<span class=\"ectbe-ev-day\">24<\/span>\n\t\t\t\t\t<\/div><div class=\"ectbe-content-box\"><div class=\"ectbe-date-area\">\n                                <span class=\"ectbe-ev-day\">24. <\/span>\n                                <span class=\"ectbe-ev-mo\">April<\/span>\n                                <span class=\"ectbe-ev-yr\">2023<\/span>\n                                <\/div><div class=\"ectbe-evt-title\"><a class=\"ectbe-evt-url\" href=\"https:\/\/probono-rechtsberatung.de\/en\/veranstaltung\/info-seminar-upj-pro-bono-rechtsberatung-fuer-non-profit-organisationen-im-saarland\/\">Info-Seminar: UPJ Pro Bono Rechtsberatung f\u00fcr Non-Profit-Organisationen im Saarland<\/a><\/div><div class=\"ectbe-evt-venue\"><span class=\"ectbe-icon\"><i class=\"ectbe-icon-location\" aria-hidden=\"true\"><\/i><\/span>\n\t\t\t\t\t\t<span class=\"ectbe-venue-details ectbe-address\">Online,<br><span class=\"tribe-address\">\n\n\n\n\n\n\n<\/span>\n<\/span><\/div><div class=\"ectbe-evt-description\"><p>Einf\u00fchrungsseminar in die UPJ Pro Bono Rechtsberatung f\u00fcr gemeinn\u00fctzige Organisationen mit Sitz in Deutschland und Initiativen, die gemeinn\u00fctzigen Status anstreben (in Gr\u00fcndung)<br \/>\nProjektleiterin Benita Piechaczek erkl\u00e4rt den Prozess Schritt f\u00fcr Schritt und beantwortet Ihre Fragen<\/p>\n<\/div><div class=\"ectbe-evt-more-box\"><a class=\"ectbe-evt-read-more\" href=\"https:\/\/probono-rechtsberatung.de\/en\/veranstaltung\/info-seminar-upj-pro-bono-rechtsberatung-fuer-non-profit-organisationen-im-saarland\/\">Find out more<\/a><\/div><\/div><\/div><div class=\"ectbe-month-header ectbe-simple-event\">November 2022<\/div><div id=\"event-9865\" class=\"ectbe-inner-wrapper ectbe-simple-event\"><div id=\"ectbe-date\" class=\"ectbe-date-area\">\n\t\t\t\t\t\t<span class=\"ectbe-ev-mo\">Nov<\/span>\n\t\t\t\t\t\t<span class=\"ectbe-ev-day\">21<\/span>\n\t\t\t\t\t<\/div><div class=\"ectbe-content-box\"><div class=\"ectbe-date-area\">\n                                <span class=\"ectbe-ev-day\">21. <\/span>\n                                <span class=\"ectbe-ev-mo\">November<\/span>\n                                <span class=\"ectbe-ev-yr\">2022<\/span>\n                                <\/div><div class=\"ectbe-evt-title\"><a class=\"ectbe-evt-url\" href=\"https:\/\/probono-rechtsberatung.de\/en\/veranstaltung\/pro-bono-woche-2022-deutschland\/\">Pro Bono Woche 2022 \/ Deutschland<\/a><\/div><div class=\"ectbe-evt-description\"><p>Die vergangenen Jahre mit der Pandemie, dem Krieg in der Ukraine oder den Auswirkungen des Klimawandels haben uns alle getroffen, vor allem aber die Schw\u00e4chsten der Gesellschaft. Auch gemeinn\u00fctzige Organisationen und Sozialunternehmen sehen sich mit neuen und schnell ver\u00e4ndernden Herausforderungen in wirtschaftlicher, sozialer und \u00f6kologischer Hinsicht konfrontiert. Welche Rolle spielen dabei Anw\u00e4lt*innen, die sich f\u00fcr die Zivilgesellschaft engagieren. Wie k\u00f6nnen Sie mit anderen Akteuren zusammenarbeiten und wirkungsvolle L\u00f6sungen entwickeln?<\/p>\n<\/div><div class=\"ectbe-evt-more-box\"><a class=\"ectbe-evt-read-more\" href=\"https:\/\/probono-rechtsberatung.de\/en\/veranstaltung\/pro-bono-woche-2022-deutschland\/\">Find out more<\/a><\/div><\/div><div class=\"ectbe-evt-img\"><img decoding=\"async\" src=\"https:\/\/probono-rechtsberatung.de\/wp-content\/uploads\/2022\/10\/banner_pbw_2022-1024x185.png\" alt=\"\" \/><\/div><\/div><div class=\"ectbe-month-header ectbe-simple-event\">September 2022<\/div><div id=\"event-9864\" class=\"ectbe-inner-wrapper ectbe-simple-event\"><div id=\"ectbe-date\" class=\"ectbe-date-area\">\n\t\t\t\t\t\t<span class=\"ectbe-ev-mo\">Sep<\/span>\n\t\t\t\t\t\t<span class=\"ectbe-ev-day\">15<\/span>\n\t\t\t\t\t<\/div><div class=\"ectbe-content-box\"><div class=\"ectbe-date-area\">\n                                <span class=\"ectbe-ev-day\">15. <\/span>\n                                <span class=\"ectbe-ev-mo\">September<\/span>\n                                <span class=\"ectbe-ev-yr\">2022<\/span>\n                                <\/div><div class=\"ectbe-evt-title\"><a class=\"ectbe-evt-url\" href=\"https:\/\/probono-rechtsberatung.de\/en\/veranstaltung\/online-seminar-upj-pro-bono-rechtsberatung-fuer-non-profit-organisationen-4\/\">Online-Seminar: UPJ Pro Bono Rechtsberatung f\u00fcr Non-Profit-Organisationen<\/a><\/div><div class=\"ectbe-evt-description\"><p>Einf\u00fchrungsseminar in die UPJ Pro Bono Rechtsberatung f\u00fcr gemeinn\u00fctzige Organisationen mit Sitz in Deutschland und Initiativen, die gemeinn\u00fctzigen Status anstreben (in Gr\u00fcndung)<br \/>\nProjektleiterin Benita Piechaczek erkl\u00e4rt den Prozess Schritt f\u00fcr Schritt und beantwortet Ihre Fragen<\/p>\n<\/div><div class=\"ectbe-evt-more-box\"><a class=\"ectbe-evt-read-more\" href=\"https:\/\/probono-rechtsberatung.de\/en\/veranstaltung\/online-seminar-upj-pro-bono-rechtsberatung-fuer-non-profit-organisationen-4\/\">Find out more<\/a><\/div><\/div><\/div><div class=\"ectbe-month-header ectbe-simple-event\">August 2022<\/div><div id=\"event-9862\" class=\"ectbe-inner-wrapper ectbe-simple-event\"><div id=\"ectbe-date\" class=\"ectbe-date-area\">\n\t\t\t\t\t\t<span class=\"ectbe-ev-mo\">Aug<\/span>\n\t\t\t\t\t\t<span class=\"ectbe-ev-day\">24<\/span>\n\t\t\t\t\t<\/div><div class=\"ectbe-content-box\"><div class=\"ectbe-date-area\">\n                                <span class=\"ectbe-ev-day\">24. <\/span>\n                                <span class=\"ectbe-ev-mo\">August<\/span>\n                                <span class=\"ectbe-ev-yr\">2022<\/span>\n                                <\/div><div class=\"ectbe-evt-title\"><a class=\"ectbe-evt-url\" href=\"https:\/\/probono-rechtsberatung.de\/en\/veranstaltung\/online-seminar-ueberblick-zum-datenschutzrecht-der-richtige-umgang-mit-personenbezogenen-daten\/\">Online-Seminar: \u00dcberblick zum Datenschutzrecht \u2013 Der richtige Umgang mit personenbezogenen Daten<\/a><\/div><div class=\"ectbe-evt-description\"><p>F\u00fcr viele gemeinn\u00fctzige Organisationen ist das Thema Datenschutz ein gro\u00dfer Unsicherheitsfaktor. Sp\u00e4testens seit G\u00fcltigkeit der DSGVO ab Mai 2018 hat sich diese Situation noch einmal verst\u00e4rkt...<\/p>\n<\/div><div class=\"ectbe-evt-more-box\"><a class=\"ectbe-evt-read-more\" href=\"https:\/\/probono-rechtsberatung.de\/en\/veranstaltung\/online-seminar-ueberblick-zum-datenschutzrecht-der-richtige-umgang-mit-personenbezogenen-daten\/\">Find out more<\/a><\/div><\/div><\/div><div class=\"ectbe-month-header ectbe-simple-event\">July 2022<\/div><div id=\"event-9861\" class=\"ectbe-inner-wrapper ectbe-simple-event\"><div id=\"ectbe-date\" class=\"ectbe-date-area\">\n\t\t\t\t\t\t<span class=\"ectbe-ev-mo\">Jul<\/span>\n\t\t\t\t\t\t<span class=\"ectbe-ev-day\">05<\/span>\n\t\t\t\t\t<\/div><div class=\"ectbe-content-box\"><div class=\"ectbe-date-area\">\n                                <span class=\"ectbe-ev-day\">05. <\/span>\n                                <span class=\"ectbe-ev-mo\">July<\/span>\n                                <span class=\"ectbe-ev-yr\">2022<\/span>\n                                <\/div><div class=\"ectbe-evt-title\"><a class=\"ectbe-evt-url\" href=\"https:\/\/probono-rechtsberatung.de\/en\/veranstaltung\/online-seminar-internetrecht-rechtssichere-gestaltung-von-webseiten\/\">Online-Seminar: Internetrecht \u2013 Rechtssichere Gestaltung von Webseiten<\/a><\/div><div class=\"ectbe-evt-description\"><p>Wer im Internet auftreten m\u00f6chte, muss bestimmte Informationspflichten beachten und rechtliche Anforderungen an den Internetauftritt einhalten. Die Referentin erkl\u00e4rt, welche rechtlichen Stolpersteine beim Aufsetzen und Betrieb einer Website lauern...<\/p>\n<\/div><div class=\"ectbe-evt-more-box\"><a class=\"ectbe-evt-read-more\" href=\"https:\/\/probono-rechtsberatung.de\/en\/veranstaltung\/online-seminar-internetrecht-rechtssichere-gestaltung-von-webseiten\/\">Find out more<\/a><\/div><\/div><\/div><div class=\"ectbe-month-header ectbe-simple-event\">June 2022<\/div><div id=\"event-9859\" class=\"ectbe-inner-wrapper ectbe-simple-event\"><div id=\"ectbe-date\" class=\"ectbe-date-area\">\n\t\t\t\t\t\t<span class=\"ectbe-ev-mo\">Jun<\/span>\n\t\t\t\t\t\t<span class=\"ectbe-ev-day\">13<\/span>\n\t\t\t\t\t<\/div><div class=\"ectbe-content-box\"><div class=\"ectbe-date-area\">\n                                <span class=\"ectbe-ev-day\">13. <\/span>\n                                <span class=\"ectbe-ev-mo\">June<\/span>\n                                <span class=\"ectbe-ev-yr\">2022<\/span>\n                                <\/div><div class=\"ectbe-evt-title\"><a class=\"ectbe-evt-url\" href=\"https:\/\/probono-rechtsberatung.de\/en\/veranstaltung\/online-seminar-wann-ist-es-ein-arbeitsverhaeltnis-und-wann-eine-dienstleistung-rechtliche-fragen-und-antworten-zu-arbeitsrecht-und-vertragsgestaltung-2\/\">Online-Seminar: Wann ist es ein Arbeitsverh\u00e4ltnis und wann eine Dienstleistung? Rechtliche Fragen und Antworten zu Arbeitsrecht und Vertragsgestaltung<\/a><\/div><div class=\"ectbe-evt-description\"><p>Viele Vereine und Verb\u00e4nde stehen mit jeder neuen Projektf\u00f6rderung vor der Herausforderung, Vertr\u00e4ge mit Dienstleister*innen und Mitarbeiter*innen zu gestalten. Dabei gilt es f\u00fcr die gemeinn\u00fctzigen Organisationen, die Vorgaben der Zuwendungsgeber*innen zu erf\u00fcllen...<\/p>\n<\/div><div class=\"ectbe-evt-more-box\"><a class=\"ectbe-evt-read-more\" href=\"https:\/\/probono-rechtsberatung.de\/en\/veranstaltung\/online-seminar-wann-ist-es-ein-arbeitsverhaeltnis-und-wann-eine-dienstleistung-rechtliche-fragen-und-antworten-zu-arbeitsrecht-und-vertragsgestaltung-2\/\">Find out more<\/a><\/div><\/div><\/div><div class=\"ectbe-month-header ectbe-simple-event\">April 2022<\/div><div id=\"event-9857\" class=\"ectbe-inner-wrapper ectbe-simple-event\"><div id=\"ectbe-date\" class=\"ectbe-date-area\">\n\t\t\t\t\t\t<span class=\"ectbe-ev-mo\">Apr<\/span>\n\t\t\t\t\t\t<span class=\"ectbe-ev-day\">21<\/span>\n\t\t\t\t\t<\/div><div class=\"ectbe-content-box\"><div class=\"ectbe-date-area\">\n                                <span class=\"ectbe-ev-day\">21. <\/span>\n                                <span class=\"ectbe-ev-mo\">April<\/span>\n                                <span class=\"ectbe-ev-yr\">2022<\/span>\n                                <\/div><div class=\"ectbe-evt-title\"><a class=\"ectbe-evt-url\" href=\"https:\/\/probono-rechtsberatung.de\/en\/veranstaltung\/online-seminar-upj-pro-bono-rechtsberatung-fuer-non-profit-organisationen-3\/\">Online-Seminar: UPJ Pro Bono Rechtsberatung f\u00fcr Non-Profit-Organisationen<\/a><\/div><div class=\"ectbe-evt-description\"><p>Einf\u00fchrungsseminar in die UPJ Pro Bono Rechtsberatung f\u00fcr gemeinn\u00fctzige Organisationen mit Sitz in Deutschland und Initiativen, die gemeinn\u00fctzigen Status anstreben (in Gr\u00fcndung)<br \/>\nProjektleiterin Benita Piechaczek erkl\u00e4rt den Prozess Schritt f\u00fcr Schritt und beantwortet Ihre Fragen<\/p>\n<\/div><div class=\"ectbe-evt-more-box\"><a class=\"ectbe-evt-read-more\" href=\"https:\/\/probono-rechtsberatung.de\/en\/veranstaltung\/online-seminar-upj-pro-bono-rechtsberatung-fuer-non-profit-organisationen-3\/\">Find out more<\/a><\/div><\/div><\/div><div id=\"event-9853\" class=\"ectbe-inner-wrapper ectbe-simple-event\"><div id=\"ectbe-date\" class=\"ectbe-date-area\">\n\t\t\t\t\t\t<span class=\"ectbe-ev-mo\">Apr<\/span>\n\t\t\t\t\t\t<span class=\"ectbe-ev-day\">05<\/span>\n\t\t\t\t\t<\/div><div class=\"ectbe-content-box\"><div class=\"ectbe-date-area\">\n                                <span class=\"ectbe-ev-day\">05. <\/span>\n                                <span class=\"ectbe-ev-mo\">April<\/span>\n                                <span class=\"ectbe-ev-yr\">2022<\/span>\n                                <\/div><div class=\"ectbe-evt-title\"><a class=\"ectbe-evt-url\" href=\"https:\/\/probono-rechtsberatung.de\/en\/veranstaltung\/online-seminar-hate-speech-hasskriminalitaet-und-digitale-gewalt\/\">Online-Seminar: Hate Speech, Hasskriminalit\u00e4t und digitale Gewalt<\/a><\/div><div class=\"ectbe-evt-description\"><p>Mit Blick auf die fortschreitende Digitalisierung und die aktuelle weitl\u00e4ufigen Beschr\u00e4nkung des Meinungsaustausches auf die sozialen Medien, sehen sich gemeinn\u00fctzige Organisationen mit der Frage konfrontiert, wie m\u00f6glichen Anfeindungen im digitalen Raum begegnet werden kann. Referent: Rechtsanwalt Dr. Ralph Oliver Graef<\/p>\n<\/div><div class=\"ectbe-evt-more-box\"><a class=\"ectbe-evt-read-more\" href=\"https:\/\/probono-rechtsberatung.de\/en\/veranstaltung\/online-seminar-hate-speech-hasskriminalitaet-und-digitale-gewalt\/\">Find out more<\/a><\/div><\/div><\/div><div class=\"ectbe-month-header ectbe-simple-event\">November 2021<\/div><div id=\"event-9848\" class=\"ectbe-inner-wrapper ectbe-simple-event\"><div id=\"ectbe-date\" class=\"ectbe-date-area\">\n\t\t\t\t\t\t<span class=\"ectbe-ev-mo\">Nov<\/span>\n\t\t\t\t\t\t<span class=\"ectbe-ev-day\">22<\/span>\n\t\t\t\t\t<\/div><div class=\"ectbe-content-box\"><div class=\"ectbe-date-area\">\n                                <span class=\"ectbe-ev-day\">22. <\/span>\n                                <span class=\"ectbe-ev-mo\">November<\/span>\n                                <span class=\"ectbe-ev-yr\">2021<\/span>\n                                <\/div><div class=\"ectbe-evt-title\"><a class=\"ectbe-evt-url\" href=\"https:\/\/probono-rechtsberatung.de\/en\/veranstaltung\/pro-bono-woche-2021-deutschland\/\">Pro Bono Woche 2021 \/ Deutschland<\/a><\/div><div class=\"ectbe-evt-description\"><p>Mit der Klimakrise, zunehmenden gesellschaftlichen Verwerfungen und der Digitalisierung erleben wir einen grundlegenden Transformationsprozess in Wirtschaft und Gesellschaft. Mit Ihnen, Jurist*innen, Vertreter*innen von Anwaltskanzleien, zivilgesellschaftlichen Organisationen und der Fach\u00f6ffentlichkeit diskutieren wir in der Pro Bono Woche, welchen Beitrag die Pro Bono Rechtsberatung dazu leisten kann.<\/p>\n<\/div><div class=\"ectbe-evt-more-box\"><a class=\"ectbe-evt-read-more\" href=\"https:\/\/probono-rechtsberatung.de\/en\/veranstaltung\/pro-bono-woche-2021-deutschland\/\">Find out more<\/a><\/div><\/div><\/div><div id=\"event-9846\" class=\"ectbe-inner-wrapper ectbe-simple-event\"><div id=\"ectbe-date\" class=\"ectbe-date-area\">\n\t\t\t\t\t\t<span class=\"ectbe-ev-mo\">Nov<\/span>\n\t\t\t\t\t\t<span class=\"ectbe-ev-day\">02<\/span>\n\t\t\t\t\t<\/div><div class=\"ectbe-content-box\"><div class=\"ectbe-date-area\">\n                                <span class=\"ectbe-ev-day\">02. <\/span>\n                                <span class=\"ectbe-ev-mo\">November<\/span>\n                                <span class=\"ectbe-ev-yr\">2021<\/span>\n                                <\/div><div class=\"ectbe-evt-title\"><a class=\"ectbe-evt-url\" href=\"https:\/\/probono-rechtsberatung.de\/en\/veranstaltung\/online-seminar-wann-ist-es-ein-arbeitsverhaeltnis-und-wann-eine-dienstleistung-rechtliche-fragen-und-antworten-zu-arbeitsrecht-und-vertragsgestaltung\/\">Online-Seminar: Wann ist es ein Arbeitsverh\u00e4ltnis und wann eine Dienstleistung? Rechtliche Fragen und Antworten zu Arbeitsrecht und Vertragsgestaltung<\/a><\/div><div class=\"ectbe-evt-description\"><p>Jugendverb\u00e4nde und freie Tr\u00e4ger von Jugendeinrichtungen stehen mit jeder neuen Projektf\u00f6rderung vor der Herausforderung, Vertr\u00e4ge mit Dienstleister*innen und Mitarbeiter*innen zu gestalten. Dabei gilt es f\u00fcr die gemeinn\u00fctzigen Organisationen, die Vorgaben der Zuwendungsgeber*innen zu erf\u00fcllen...<br \/>\nZielgruppe: Freie Tr\u00e4ger der Jugendhilfe, Projekt-\/Bereichsleitungen, Gesch\u00e4ftsf\u00fchrungen, Mitarbeiter*innen<\/p>\n<\/div><div class=\"ectbe-evt-more-box\"><a class=\"ectbe-evt-read-more\" href=\"https:\/\/probono-rechtsberatung.de\/en\/veranstaltung\/online-seminar-wann-ist-es-ein-arbeitsverhaeltnis-und-wann-eine-dienstleistung-rechtliche-fragen-und-antworten-zu-arbeitsrecht-und-vertragsgestaltung\/\">Find out more<\/a><\/div><\/div><\/div><div class=\"ectbe-month-header ectbe-simple-event\">October 2021<\/div><div id=\"event-9844\" class=\"ectbe-inner-wrapper ectbe-simple-event\"><div id=\"ectbe-date\" class=\"ectbe-date-area\">\n\t\t\t\t\t\t<span class=\"ectbe-ev-mo\">Oct<\/span>\n\t\t\t\t\t\t<span class=\"ectbe-ev-day\">12<\/span>\n\t\t\t\t\t<\/div><div class=\"ectbe-content-box\"><div class=\"ectbe-date-area\">\n                                <span class=\"ectbe-ev-day\">12. <\/span>\n                                <span class=\"ectbe-ev-mo\">October<\/span>\n                                <span class=\"ectbe-ev-yr\">2021<\/span>\n                                <\/div><div class=\"ectbe-evt-title\"><a class=\"ectbe-evt-url\" href=\"https:\/\/probono-rechtsberatung.de\/en\/veranstaltung\/online-seminar-upj-pro-bono-rechtsberatung-fuer-non-profit-organisationen-2\/\">Online-Seminar: UPJ Pro Bono Rechtsberatung f\u00fcr Non-Profit-Organisationen<\/a><\/div><div class=\"ectbe-evt-description\"><p>Einf\u00fchrungsseminar in die UPJ Pro Bono Rechtsberatung f\u00fcr gemeinn\u00fctzige Organisationen mit Sitz in Deutschland und Initiativen, die gemeinn\u00fctzigen Status anstreben (in Gr\u00fcndung)<br \/>\nProjektleiterin Benita Piechaczek erkl\u00e4rt den Prozess Schritt f\u00fcr Schritt und beantwortet Ihre Fragen<\/p>\n<\/div><div class=\"ectbe-evt-more-box\"><a class=\"ectbe-evt-read-more\" href=\"https:\/\/probono-rechtsberatung.de\/en\/veranstaltung\/online-seminar-upj-pro-bono-rechtsberatung-fuer-non-profit-organisationen-2\/\">Find out more<\/a><\/div><\/div><\/div><div id=\"event-9842\" class=\"ectbe-inner-wrapper ectbe-simple-event\"><div id=\"ectbe-date\" class=\"ectbe-date-area\">\n\t\t\t\t\t\t<span class=\"ectbe-ev-mo\">Oct<\/span>\n\t\t\t\t\t\t<span class=\"ectbe-ev-day\">07<\/span>\n\t\t\t\t\t<\/div><div class=\"ectbe-content-box\"><div class=\"ectbe-date-area\">\n                                <span class=\"ectbe-ev-day\">07. <\/span>\n                                <span class=\"ectbe-ev-mo\">October<\/span>\n                                <span class=\"ectbe-ev-yr\">2021<\/span>\n                                <\/div><div class=\"ectbe-evt-title\"><a class=\"ectbe-evt-url\" href=\"https:\/\/probono-rechtsberatung.de\/en\/veranstaltung\/online-seminar-nach-der-flutkatastrophe-rechtliche-fragen-und-antworten-zu-versicherung-und-deckung\/\">Online-Seminar: Nach der Flutkatastrophe \u2013 Rechtliche Fragen und Antworten zu Versicherung und Deckung<\/a><\/div><div class=\"ectbe-evt-description\"><p>Die Aufr\u00e4umarbeiten nach der Flut Mitte Juli schreiten weiter fort. Doch in den betroffenen Gebieten geht es nun auch um die Schadenermittlung und Schadenregulierung. Die Rechtsanw\u00e4ltinnen erl\u00e4utern Fragen rund um den Themenbereich Versicherung.<\/p>\n<\/div><div class=\"ectbe-evt-more-box\"><a class=\"ectbe-evt-read-more\" href=\"https:\/\/probono-rechtsberatung.de\/en\/veranstaltung\/online-seminar-nach-der-flutkatastrophe-rechtliche-fragen-und-antworten-zu-versicherung-und-deckung\/\">Find out more<\/a><\/div><\/div><\/div><div class=\"ectbe-month-header ectbe-simple-event\">April 2021<\/div><div id=\"event-9841\" class=\"ectbe-inner-wrapper ectbe-simple-event\"><div id=\"ectbe-date\" class=\"ectbe-date-area\">\n\t\t\t\t\t\t<span class=\"ectbe-ev-mo\">Apr<\/span>\n\t\t\t\t\t\t<span class=\"ectbe-ev-day\">22<\/span>\n\t\t\t\t\t<\/div><div class=\"ectbe-content-box\"><div class=\"ectbe-date-area\">\n                                <span class=\"ectbe-ev-day\">22. <\/span>\n                                <span class=\"ectbe-ev-mo\">April<\/span>\n                                <span class=\"ectbe-ev-yr\">2021<\/span>\n                                <\/div><div class=\"ectbe-evt-title\"><a class=\"ectbe-evt-url\" href=\"https:\/\/probono-rechtsberatung.de\/en\/veranstaltung\/online-seminar-upj-pro-bono-rechtsberatung-fuer-non-profit-organisationen\/\">Online-Seminar: UPJ Pro Bono Rechtsberatung f\u00fcr Non-Profit-Organisationen<\/a><\/div><div class=\"ectbe-evt-description\"><p>Non-Profit-Organisationen stehen im Laufe ihrer inhaltlichen und organisationsbezogenen Arbeit oft vor spezifischen Rechtsfragen: Ausgr\u00fcndungen, Umwandlung der Rechtsform, \u00dcberarbeitung der Satzung, die Erstellung von Arbeitsvertr\u00e4gen, haftungsrechtliche Fragestellungen oder der Umgang mit [&hellip;]<\/p>\n<\/div><div class=\"ectbe-evt-more-box\"><a class=\"ectbe-evt-read-more\" href=\"https:\/\/probono-rechtsberatung.de\/en\/veranstaltung\/online-seminar-upj-pro-bono-rechtsberatung-fuer-non-profit-organisationen\/\">Find out more<\/a><\/div><\/div><\/div><div class=\"ectbe-month-header ectbe-simple-event\">November 2020<\/div><div id=\"event-9878\" class=\"ectbe-inner-wrapper ectbe-simple-event\"><div id=\"ectbe-date\" class=\"ectbe-date-area\">\n\t\t\t\t\t\t<span class=\"ectbe-ev-mo\">Nov<\/span>\n\t\t\t\t\t\t<span class=\"ectbe-ev-day\">23<\/span>\n\t\t\t\t\t<\/div><div class=\"ectbe-content-box\"><div class=\"ectbe-date-area\">\n                                <span class=\"ectbe-ev-day\">23. <\/span>\n                                <span class=\"ectbe-ev-mo\">November<\/span>\n                                <span class=\"ectbe-ev-yr\">2020<\/span>\n                                <\/div><div class=\"ectbe-evt-title\"><a class=\"ectbe-evt-url\" href=\"https:\/\/probono-rechtsberatung.de\/en\/veranstaltung\/pro-bono-woche-2020-deutschland\/\">Pro Bono Woche 2020 \/ Deutschland<\/a><\/div><div class=\"ectbe-evt-description\"><p>Eine Veranstaltungswoche rund um die unentgeltliche Rechtsberatung (pro bono) f\u00fcr den guten Zweck.<br \/>\nDie Corona-Pandemie, der Klimawandel oder die Fl\u00fcchtlingsproblematik stellen unsere Gesellschaft vor gro\u00dfe Herausforderungen und f\u00fchren zu rechtlichen Unsicherheiten. Krisen- und Risikomanagement werden zur Normalit\u00e4t auch f\u00fcr Non-Profit-Organisationen (NPO)...<\/p>\n<\/div><div class=\"ectbe-evt-more-box\"><a class=\"ectbe-evt-read-more\" href=\"https:\/\/probono-rechtsberatung.de\/en\/veranstaltung\/pro-bono-woche-2020-deutschland\/\">Find out more<\/a><\/div><\/div><\/div><div class=\"ectbe-month-header ectbe-simple-event\">October 2020<\/div><div id=\"event-9879\" class=\"ectbe-inner-wrapper ectbe-simple-event\"><div id=\"ectbe-date\" class=\"ectbe-date-area\">\n\t\t\t\t\t\t<span class=\"ectbe-ev-mo\">Oct<\/span>\n\t\t\t\t\t\t<span class=\"ectbe-ev-day\">28<\/span>\n\t\t\t\t\t<\/div><div class=\"ectbe-content-box\"><div class=\"ectbe-date-area\">\n                                <span class=\"ectbe-ev-day\">28. <\/span>\n                                <span class=\"ectbe-ev-mo\">October<\/span>\n                                <span class=\"ectbe-ev-yr\">2020<\/span>\n                                <\/div><div class=\"ectbe-evt-title\"><a class=\"ectbe-evt-url\" href=\"https:\/\/probono-rechtsberatung.de\/en\/veranstaltung\/webinar-von-it-sicherheit-bis-datenschutz\/\">Webinar \u201eVon IT-Sicherheit bis Datenschutz\u201c<\/a><\/div><div class=\"ectbe-evt-description\"><p>Gemeinn\u00fctzige Organisationen und Sozialunternehmen stehen bei der IT-Sicherheit und dem Datenschutz vor gro\u00dfen Herausforderungen. Sp\u00e4testens seit dem Inkrafttreten der DSGVO im Fr\u00fchjahr 2018 hat sich diese Situation noch einmal verst\u00e4rkt. [&hellip;]<\/p>\n<\/div><div class=\"ectbe-evt-more-box\"><a class=\"ectbe-evt-read-more\" href=\"https:\/\/probono-rechtsberatung.de\/en\/veranstaltung\/webinar-von-it-sicherheit-bis-datenschutz\/\">Find out more<\/a><\/div><\/div><\/div><div id=\"event-9880\" class=\"ectbe-inner-wrapper ectbe-simple-event\"><div id=\"ectbe-date\" class=\"ectbe-date-area\">\n\t\t\t\t\t\t<span class=\"ectbe-ev-mo\">Oct<\/span>\n\t\t\t\t\t\t<span class=\"ectbe-ev-day\">13<\/span>\n\t\t\t\t\t<\/div><div class=\"ectbe-content-box\"><div class=\"ectbe-date-area\">\n                                <span class=\"ectbe-ev-day\">13. <\/span>\n                                <span class=\"ectbe-ev-mo\">October<\/span>\n                                <span class=\"ectbe-ev-yr\">2020<\/span>\n                                <\/div><div class=\"ectbe-evt-title\"><a class=\"ectbe-evt-url\" href=\"https:\/\/probono-rechtsberatung.de\/en\/veranstaltung\/webinar-pro-bono-rechtsberatung-fuer-non-profits\/\">Webinar \u201ePro Bono Rechtsberatung f\u00fcr Non-Profits\u201c<\/a><\/div><div class=\"ectbe-evt-description\"><p>Non-Profit-Organisationen stehen im Laufe ihrer inhaltlichen und organisationsbezogenen Arbeit oft vor spezifischen Rechtsfragen: Ausgr\u00fcndungen, Umwandlung der Rechtsform, \u00dcberarbeitung der Satzung, die Erstellung von Arbeitsvertr\u00e4gen, haftungsrechtliche Fragestellungen oder der Umgang mit [&hellip;]<\/p>\n<\/div><div class=\"ectbe-evt-more-box\"><a class=\"ectbe-evt-read-more\" href=\"https:\/\/probono-rechtsberatung.de\/en\/veranstaltung\/webinar-pro-bono-rechtsberatung-fuer-non-profits\/\">Find out more<\/a><\/div><\/div><\/div><div class=\"ectbe-month-header ectbe-simple-event\">May 2020<\/div><div id=\"event-9881\" class=\"ectbe-inner-wrapper ectbe-simple-event\"><div id=\"ectbe-date\" class=\"ectbe-date-area\">\n\t\t\t\t\t\t<span class=\"ectbe-ev-mo\">May<\/span>\n\t\t\t\t\t\t<span class=\"ectbe-ev-day\">28<\/span>\n\t\t\t\t\t<\/div><div class=\"ectbe-content-box\"><div class=\"ectbe-date-area\">\n                                <span class=\"ectbe-ev-day\">28. <\/span>\n                                <span class=\"ectbe-ev-mo\">May<\/span>\n                                <span class=\"ectbe-ev-yr\">2020<\/span>\n                                <\/div><div class=\"ectbe-evt-title\"><a class=\"ectbe-evt-url\" href=\"https:\/\/probono-rechtsberatung.de\/en\/veranstaltung\/dsgv-konforme-datenverarbeitung\/\">DSGV-konforme Datenverarbeitung<\/a><\/div><div class=\"ectbe-evt-description\"><p>F\u00fcr viele gemeinn\u00fctzige Organisationen und Sozialunternehmen ist das Thema Datenschutz ein gro\u00dfer Unsicherheitsfaktor. Sp\u00e4testens seit dem Inkrafttreten der DSGVO im Fr\u00fchjahr 2018 hat sich diese Situation noch einmal verst\u00e4rkt. Viele [&hellip;]<\/p>\n<\/div><div class=\"ectbe-evt-more-box\"><a class=\"ectbe-evt-read-more\" href=\"https:\/\/probono-rechtsberatung.de\/en\/veranstaltung\/dsgv-konforme-datenverarbeitung\/\">Find out more<\/a><\/div><\/div><\/div><div class=\"ectbe-month-header ectbe-simple-event\">April 2020<\/div><div id=\"event-9882\" class=\"ectbe-inner-wrapper ectbe-simple-event\"><div id=\"ectbe-date\" class=\"ectbe-date-area\">\n\t\t\t\t\t\t<span class=\"ectbe-ev-mo\">Apr<\/span>\n\t\t\t\t\t\t<span class=\"ectbe-ev-day\">29<\/span>\n\t\t\t\t\t<\/div><div class=\"ectbe-content-box\"><div class=\"ectbe-date-area\">\n                                <span class=\"ectbe-ev-day\">29. <\/span>\n                                <span class=\"ectbe-ev-mo\">April<\/span>\n                                <span class=\"ectbe-ev-yr\">2020<\/span>\n                                <\/div><div class=\"ectbe-evt-title\"><a class=\"ectbe-evt-url\" href=\"https:\/\/probono-rechtsberatung.de\/en\/veranstaltung\/corona-spezial-insolvenz-und-vorstandshaftung\/\">Corona-Spezial: Insolvenz und Vorstandshaftung<\/a><\/div><div class=\"ectbe-evt-description\"><p>Durch die Corona-Pandemie und nicht zuletzt die getroffenen Ma\u00dfnahmen zur Eind\u00e4mmung der Pandemie, geraten aktuell viele gemeinn\u00fctzige Organisationen und Sozialunternehmen unter wirtschaftlichen Druck und manche in finanzielle Schieflage. Im schlimmsten [&hellip;]<\/p>\n<\/div><div class=\"ectbe-evt-more-box\"><a class=\"ectbe-evt-read-more\" href=\"https:\/\/probono-rechtsberatung.de\/en\/veranstaltung\/corona-spezial-insolvenz-und-vorstandshaftung\/\">Find out more<\/a><\/div><\/div><\/div><\/div><style type=\"text\/css\">.elementor-9834 .elementor-element.elementor-element-8aaf818 .ectbe-list-wrapper{--e-ectbe-date-area-background:#222222;}.elementor-9834 .elementor-element.elementor-element-8aaf818 .ectbe-list-wrapper{--ectbe-featd-evt-color:#212529;}.elementor-9834 .elementor-element.elementor-element-8aaf818 .ectbe-list-wrapper{--e-ectbe-date-area-color:#212529;}.elementor-9834 .elementor-element.elementor-element-8aaf818 .ectbe-list-wrapper{--e-ectbe-evt-title-color:#F38B3D;}.elementor-9834 .elementor-element.elementor-element-8aaf818 .ectbe-list-wrapper{--e-ectbe-evt-description-color:#212529;}.elementor-9834 .elementor-element.elementor-element-8aaf818 .ectbe-list-wrapper{--e-ectbe-evt-venue-color:#212529;}.elementor-9834 .elementor-element.elementor-element-8aaf818 .ectbe-list-wrapper{--e-ectbe-evt-read-more-color:#212529;}.elementor-9834 .elementor-element.elementor-element-8aaf818 .ectbe-evt-title .ectbe-evt-url{}.elementor-9834 .elementor-element.elementor-element-8aaf818 .ectbe-evt-description{font-size:16px;}.elementor-9834 .elementor-element.elementor-element-8aaf818 .ectbe-evt-venue span{font-size:16px;}.elementor-9834 elementor-510 .elementor-element.elementor-element-8aaf818 .ectbe-evt-read-more{font-size:14px;}<\/style>\t\t\t\t<\/div>\n\t\t\t\t<\/div>\n\t\t\t\t\t<\/div>\n\t\t<\/div>\n\t\t\t\t\t<\/div>\n\t\t<\/section>\n\t\t\t\t<section class=\"elementor-section elementor-top-section elementor-element elementor-element-989fd5d elementor-section-boxed elementor-section-height-default elementor-section-height-default\" data-id=\"989fd5d\" data-element_type=\"section\" data-e-type=\"section\">\n\t\t\t\t\t\t<div class=\"elementor-container elementor-column-gap-default\">\n\t\t\t\t\t<div class=\"elementor-column elementor-col-100 elementor-top-column elementor-element elementor-element-55c6ae3\" data-id=\"55c6ae3\" data-element_type=\"column\" data-e-type=\"column\">\n\t\t\t<div class=\"elementor-widget-wrap elementor-element-populated\">\n\t\t\t\t\t\t<div class=\"elementor-element elementor-element-be685c6 elementor-widget elementor-widget-spacer\" data-id=\"be685c6\" data-element_type=\"widget\" data-e-type=\"widget\" data-widget_type=\"spacer.default\">\n\t\t\t\t<div class=\"elementor-widget-container\">\n\t\t\t\t\t\t\t<div class=\"elementor-spacer\">\n\t\t\t<div class=\"elementor-spacer-inner\"><\/div>\n\t\t<\/div>\n\t\t\t\t\t\t<\/div>\n\t\t\t\t<\/div>\n\t\t\t\t\t<\/div>\n\t\t<\/div>\n\t\t\t\t\t<\/div>\n\t\t<\/section>\n\t\t\t\t<\/div>\n\t\t","protected":false},"excerpt":{"rendered":"<p>Events UPJ organizes various webinars and panel meetings. These are usually in German and are therefore also announced here (below) in German. For questions about events and pro bono legal [&hellip;]<\/p>\n","protected":false},"author":1,"featured_media":0,"parent":0,"menu_order":0,"comment_status":"closed","ping_status":"closed","template":"","meta":{"_acf_changed":false,"footnotes":""},"class_list":["post-9834","page","type-page","status-publish","hentry"],"acf":[],"yoast_head":"<!-- This site is optimized with the Yoast SEO plugin v27.5 - https:\/\/yoast.com\/product\/yoast-seo-wordpress\/ -->\n<title>Events &#8226; Pro Bono Rechtsberatung<\/title>\n<meta name=\"description\" content=\"UPJ vermittelt Pro-bono-Engagement von Anw\u00e4lt*innen und Kanzleien an gemeinn\u00fctzige Organisationen, die die finanziellen Mittel f\u00fcr eine Rechtsberatung nicht aufbringen k\u00f6nnen.\" \/>\n<meta name=\"robots\" content=\"index, follow, max-snippet:-1, max-image-preview:large, max-video-preview:-1\" \/>\n<link rel=\"canonical\" href=\"https:\/\/probono-rechtsberatung.de\/en\/events\/\" \/>\n<meta property=\"og:locale\" content=\"en_US\" \/>\n<meta property=\"og:type\" content=\"article\" \/>\n<meta property=\"og:title\" content=\"Events &#8226; Pro Bono Rechtsberatung\" \/>\n<meta property=\"og:description\" content=\"UPJ vermittelt Pro-bono-Engagement von Anw\u00e4lt*innen und Kanzleien an gemeinn\u00fctzige Organisationen, die die finanziellen Mittel f\u00fcr eine Rechtsberatung nicht aufbringen k\u00f6nnen.\" \/>\n<meta property=\"og:url\" content=\"https:\/\/probono-rechtsberatung.de\/en\/events\/\" \/>\n<meta property=\"og:site_name\" content=\"Pro Bono Rechtsberatung\" \/>\n<meta property=\"article:modified_time\" content=\"2024-04-04T09:20:56+00:00\" \/>\n<meta property=\"og:image\" content=\"https:\/\/probono-rechtsberatung.de\/wp-content\/uploads\/2022\/03\/pbr_events.jpg\" \/>\n<meta name=\"twitter:card\" content=\"summary_large_image\" \/>\n<meta name=\"twitter:label1\" content=\"Est. reading time\" \/>\n\t<meta name=\"twitter:data1\" content=\"8 minutes\" \/>\n<script type=\"application\/ld+json\" class=\"yoast-schema-graph\">{\"@context\":\"https:\\\/\\\/schema.org\",\"@graph\":[{\"@type\":\"WebPage\",\"@id\":\"https:\\\/\\\/probono-rechtsberatung.de\\\/en\\\/events\\\/\",\"url\":\"https:\\\/\\\/probono-rechtsberatung.de\\\/en\\\/events\\\/\",\"name\":\"Events &#8226; Pro Bono Rechtsberatung\",\"isPartOf\":{\"@id\":\"https:\\\/\\\/probono-rechtsberatung.de\\\/en\\\/#website\"},\"datePublished\":\"2021-11-28T17:58:26+00:00\",\"dateModified\":\"2024-04-04T09:20:56+00:00\",\"description\":\"UPJ vermittelt Pro-bono-Engagement von Anw\u00e4lt*innen und Kanzleien an gemeinn\u00fctzige Organisationen, die die finanziellen Mittel f\u00fcr eine Rechtsberatung nicht aufbringen k\u00f6nnen.\",\"breadcrumb\":{\"@id\":\"https:\\\/\\\/probono-rechtsberatung.de\\\/en\\\/events\\\/#breadcrumb\"},\"inLanguage\":\"en-US\",\"potentialAction\":[{\"@type\":\"ReadAction\",\"target\":[\"https:\\\/\\\/probono-rechtsberatung.de\\\/en\\\/events\\\/\"]}]},{\"@type\":\"BreadcrumbList\",\"@id\":\"https:\\\/\\\/probono-rechtsberatung.de\\\/en\\\/events\\\/#breadcrumb\",\"itemListElement\":[{\"@type\":\"ListItem\",\"position\":1,\"name\":\"Startseite\",\"item\":\"https:\\\/\\\/probono-rechtsberatung.de\\\/en\\\/\"},{\"@type\":\"ListItem\",\"position\":2,\"name\":\"Events\"}]},{\"@type\":\"WebSite\",\"@id\":\"https:\\\/\\\/probono-rechtsberatung.de\\\/en\\\/#website\",\"url\":\"https:\\\/\\\/probono-rechtsberatung.de\\\/en\\\/\",\"name\":\"Pro Bono Rechtsberatung\",\"description\":\"f\u00fcr Non-Profit-Organisationen\",\"publisher\":{\"@id\":\"https:\\\/\\\/probono-rechtsberatung.de\\\/en\\\/#organization\"},\"potentialAction\":[{\"@type\":\"SearchAction\",\"target\":{\"@type\":\"EntryPoint\",\"urlTemplate\":\"https:\\\/\\\/probono-rechtsberatung.de\\\/en\\\/?s={search_term_string}\"},\"query-input\":{\"@type\":\"PropertyValueSpecification\",\"valueRequired\":true,\"valueName\":\"search_term_string\"}}],\"inLanguage\":\"en-US\"},{\"@type\":\"Organization\",\"@id\":\"https:\\\/\\\/probono-rechtsberatung.de\\\/en\\\/#organization\",\"name\":\"Pro Bono Rechtsberatung\",\"url\":\"https:\\\/\\\/probono-rechtsberatung.de\\\/en\\\/\",\"logo\":{\"@type\":\"ImageObject\",\"inLanguage\":\"en-US\",\"@id\":\"https:\\\/\\\/probono-rechtsberatung.de\\\/en\\\/#\\\/schema\\\/logo\\\/image\\\/\",\"url\":\"https:\\\/\\\/probono-rechtsberatung.de\\\/wp-content\\\/uploads\\\/2021\\\/11\\\/upj-pro_bono_weblogo-01.svg\",\"contentUrl\":\"https:\\\/\\\/probono-rechtsberatung.de\\\/wp-content\\\/uploads\\\/2021\\\/11\\\/upj-pro_bono_weblogo-01.svg\",\"width\":1010,\"height\":164,\"caption\":\"Pro Bono Rechtsberatung\"},\"image\":{\"@id\":\"https:\\\/\\\/probono-rechtsberatung.de\\\/en\\\/#\\\/schema\\\/logo\\\/image\\\/\"}}]}<\/script>\n<!-- \/ Yoast SEO plugin. -->","yoast_head_json":{"title":"Events &#8226; Pro Bono Rechtsberatung","description":"UPJ vermittelt Pro-bono-Engagement von Anw\u00e4lt*innen und Kanzleien an gemeinn\u00fctzige Organisationen, die die finanziellen Mittel f\u00fcr eine Rechtsberatung nicht aufbringen k\u00f6nnen.","robots":{"index":"index","follow":"follow","max-snippet":"max-snippet:-1","max-image-preview":"max-image-preview:large","max-video-preview":"max-video-preview:-1"},"canonical":"https:\/\/probono-rechtsberatung.de\/en\/events\/","og_locale":"en_US","og_type":"article","og_title":"Events &#8226; Pro Bono Rechtsberatung","og_description":"UPJ vermittelt Pro-bono-Engagement von Anw\u00e4lt*innen und Kanzleien an gemeinn\u00fctzige Organisationen, die die finanziellen Mittel f\u00fcr eine Rechtsberatung nicht aufbringen k\u00f6nnen.","og_url":"https:\/\/probono-rechtsberatung.de\/en\/events\/","og_site_name":"Pro Bono Rechtsberatung","article_modified_time":"2024-04-04T09:20:56+00:00","og_image":[{"url":"https:\/\/probono-rechtsberatung.de\/wp-content\/uploads\/2022\/03\/pbr_events.jpg","type":"","width":"","height":""}],"twitter_card":"summary_large_image","twitter_misc":{"Est. reading time":"8 minutes"},"schema":{"@context":"https:\/\/schema.org","@graph":[{"@type":"WebPage","@id":"https:\/\/probono-rechtsberatung.de\/en\/events\/","url":"https:\/\/probono-rechtsberatung.de\/en\/events\/","name":"Events &#8226; Pro Bono Rechtsberatung","isPartOf":{"@id":"https:\/\/probono-rechtsberatung.de\/en\/#website"},"datePublished":"2021-11-28T17:58:26+00:00","dateModified":"2024-04-04T09:20:56+00:00","description":"UPJ vermittelt Pro-bono-Engagement von Anw\u00e4lt*innen und Kanzleien an gemeinn\u00fctzige Organisationen, die die finanziellen Mittel f\u00fcr eine Rechtsberatung nicht aufbringen k\u00f6nnen.","breadcrumb":{"@id":"https:\/\/probono-rechtsberatung.de\/en\/events\/#breadcrumb"},"inLanguage":"en-US","potentialAction":[{"@type":"ReadAction","target":["https:\/\/probono-rechtsberatung.de\/en\/events\/"]}]},{"@type":"BreadcrumbList","@id":"https:\/\/probono-rechtsberatung.de\/en\/events\/#breadcrumb","itemListElement":[{"@type":"ListItem","position":1,"name":"Startseite","item":"https:\/\/probono-rechtsberatung.de\/en\/"},{"@type":"ListItem","position":2,"name":"Events"}]},{"@type":"WebSite","@id":"https:\/\/probono-rechtsberatung.de\/en\/#website","url":"https:\/\/probono-rechtsberatung.de\/en\/","name":"Pro Bono Rechtsberatung","description":"f\u00fcr Non-Profit-Organisationen","publisher":{"@id":"https:\/\/probono-rechtsberatung.de\/en\/#organization"},"potentialAction":[{"@type":"SearchAction","target":{"@type":"EntryPoint","urlTemplate":"https:\/\/probono-rechtsberatung.de\/en\/?s={search_term_string}"},"query-input":{"@type":"PropertyValueSpecification","valueRequired":true,"valueName":"search_term_string"}}],"inLanguage":"en-US"},{"@type":"Organization","@id":"https:\/\/probono-rechtsberatung.de\/en\/#organization","name":"Pro Bono Rechtsberatung","url":"https:\/\/probono-rechtsberatung.de\/en\/","logo":{"@type":"ImageObject","inLanguage":"en-US","@id":"https:\/\/probono-rechtsberatung.de\/en\/#\/schema\/logo\/image\/","url":"https:\/\/probono-rechtsberatung.de\/wp-content\/uploads\/2021\/11\/upj-pro_bono_weblogo-01.svg","contentUrl":"https:\/\/probono-rechtsberatung.de\/wp-content\/uploads\/2021\/11\/upj-pro_bono_weblogo-01.svg","width":1010,"height":164,"caption":"Pro Bono Rechtsberatung"},"image":{"@id":"https:\/\/probono-rechtsberatung.de\/en\/#\/schema\/logo\/image\/"}}]}},"_links":{"self":[{"href":"https:\/\/probono-rechtsberatung.de\/en\/wp-json\/wp\/v2\/pages\/9834","targetHints":{"allow":["GET"]}}],"collection":[{"href":"https:\/\/probono-rechtsberatung.de\/en\/wp-json\/wp\/v2\/pages"}],"about":[{"href":"https:\/\/probono-rechtsberatung.de\/en\/wp-json\/wp\/v2\/types\/page"}],"author":[{"embeddable":true,"href":"https:\/\/probono-rechtsberatung.de\/en\/wp-json\/wp\/v2\/users\/1"}],"replies":[{"embeddable":true,"href":"https:\/\/probono-rechtsberatung.de\/en\/wp-json\/wp\/v2\/comments?post=9834"}],"version-history":[{"count":0,"href":"https:\/\/probono-rechtsberatung.de\/en\/wp-json\/wp\/v2\/pages\/9834\/revisions"}],"wp:attachment":[{"href":"https:\/\/probono-rechtsberatung.de\/en\/wp-json\/wp\/v2\/media?parent=9834"}],"curies":[{"name":"wp","href":"https:\/\/api.w.org\/{rel}","templated":true}]}}